{"id":6719,"date":"2017-06-22T08:46:00","date_gmt":"2017-06-22T06:46:00","guid":{"rendered":"http:\/\/www.vcp.de\/pfadfinden\/?page_id=6719"},"modified":"2024-07-04T18:30:23","modified_gmt":"2024-07-04T16:30:23","slug":"wir-sind-aktiv","status":"publish","type":"page","link":"https:\/\/vcp.de\/pfadfinden\/gegen-hetze\/wir-sind-aktiv\/","title":{"rendered":"Wir sind aktiv"},"content":{"rendered":"<ul class=\"wp-block-latest-posts__list has-dates alignleft wp-block-latest-posts\"><li><div class=\"wp-block-latest-posts__featured-image alignleft\"><a href=\"https:\/\/vcp.de\/pfadfinden\/allgemein\/niewiederistjetzt-gedenken-der-opfer-des-holocaust-und-warnung-vor-dem-vergessen\/\" aria-label=\"#niewiederistjetzt &#8211; Gedenken der Opfer des Holocaust und Warnung vor dem Vergessen!\"><img loading=\"lazy\" decoding=\"async\" width=\"150\" height=\"150\" src=\"https:\/\/vcp.de\/pfadfinden\/wp-content\/uploads\/2025\/01\/20220803-151143_VCP-Bahl-2-150x150.jpg\" class=\"attachment-thumbnail size-thumbnail wp-post-image\" alt=\"\" style=\"\" \/><\/a><\/div><a class=\"wp-block-latest-posts__post-title\" href=\"https:\/\/vcp.de\/pfadfinden\/allgemein\/niewiederistjetzt-gedenken-der-opfer-des-holocaust-und-warnung-vor-dem-vergessen\/\">#niewiederistjetzt &#8211; Gedenken der Opfer des Holocaust und Warnung vor dem Vergessen!<\/a><time datetime=\"2025-01-31T14:07:53+01:00\" class=\"wp-block-latest-posts__post-date\">31. Januar 2025<\/time><div class=\"wp-block-latest-posts__post-excerpt\">Es ist 80 Jahre her, dass der Holocaust mit der Befreiung der KZs durch die Alliierten endete. Deshalb gedenken wir in dieser Woche den unz\u00e4hligen Opfern des Nationalsozialismus. Mit gro\u00dfer\u2026\u00a0<a class=\"wp-block-latest-posts__read-more\" href=\"https:\/\/vcp.de\/pfadfinden\/allgemein\/niewiederistjetzt-gedenken-der-opfer-des-holocaust-und-warnung-vor-dem-vergessen\/\" rel=\"noopener noreferrer\"><span class=\"screen-reader-text\">#niewiederistjetzt &#8211; Gedenken der Opfer des Holocaust und Warnung vor dem Vergessen! <\/span>weiterlesen<\/a><\/div><\/li>\n<li><a class=\"wp-block-latest-posts__post-title\" href=\"https:\/\/vcp.de\/pfadfinden\/auf-die-plaetze-gegen-hetze\/politische-rhetorik\/\">Politische Rhetorik<\/a><time datetime=\"2024-08-16T09:52:25+02:00\" class=\"wp-block-latest-posts__post-date\">16. August 2024<\/time><div class=\"wp-block-latest-posts__post-excerpt\">Hier stellen wir Euch ein paar Rhetorische Stilmittel vor (es gibt auch noch eine Vielzahl weiterer!), die in politischen Diskussionen gerne mal zum Einsatz kommen. In der Politik, insbesondere im\u2026\u00a0<a class=\"wp-block-latest-posts__read-more\" href=\"https:\/\/vcp.de\/pfadfinden\/auf-die-plaetze-gegen-hetze\/politische-rhetorik\/\" rel=\"noopener noreferrer\"><span class=\"screen-reader-text\">Politische Rhetorik <\/span>weiterlesen<\/a><\/div><\/li>\n<li><div class=\"wp-block-latest-posts__featured-image alignleft\"><a href=\"https:\/\/vcp.de\/pfadfinden\/auf-die-plaetze-gegen-hetze\/auf-die-plaetze-gegen-hetze-landtagswahl-edition-2024\/\" aria-label=\"Auf die Pl\u00e4tze gegen Hetze &#8211; Landtagswahl Edition 2024\"><img loading=\"lazy\" decoding=\"async\" width=\"150\" height=\"150\" src=\"https:\/\/vcp.de\/pfadfinden\/wp-content\/uploads\/2024\/08\/AdPgH-Edition-Titel-150x150.png\" class=\"attachment-thumbnail size-thumbnail wp-post-image\" alt=\"\" style=\"\" srcset=\"https:\/\/vcp.de\/pfadfinden\/wp-content\/uploads\/2024\/08\/AdPgH-Edition-Titel-150x150.png 150w, https:\/\/vcp.de\/pfadfinden\/wp-content\/uploads\/2024\/08\/AdPgH-Edition-Titel-45x45.png 45w\" sizes=\"auto, (max-width: 150px) 100vw, 150px\" \/><\/a><\/div><a class=\"wp-block-latest-posts__post-title\" href=\"https:\/\/vcp.de\/pfadfinden\/auf-die-plaetze-gegen-hetze\/auf-die-plaetze-gegen-hetze-landtagswahl-edition-2024\/\">Auf die Pl\u00e4tze gegen Hetze &#8211; Landtagswahl Edition 2024<\/a><time datetime=\"2024-08-15T13:48:18+02:00\" class=\"wp-block-latest-posts__post-date\">15. August 2024<\/time><div class=\"wp-block-latest-posts__post-excerpt\">Das Jahr 2024 stand im Zeichen der Europawahl, zu der in ganz Europa rechte und populistische Parteien deutliche Zuw\u00e4chse erringen konnten. Im Schatten dieser Wahl stehen jedoch auch noch drei\u2026\u00a0<a class=\"wp-block-latest-posts__read-more\" href=\"https:\/\/vcp.de\/pfadfinden\/auf-die-plaetze-gegen-hetze\/auf-die-plaetze-gegen-hetze-landtagswahl-edition-2024\/\" rel=\"noopener noreferrer\"><span class=\"screen-reader-text\">Auf die Pl\u00e4tze gegen Hetze &#8211; Landtagswahl Edition 2024 <\/span>weiterlesen<\/a><\/div><\/li>\n<li><div class=\"wp-block-latest-posts__featured-image alignleft\"><a href=\"https:\/\/vcp.de\/pfadfinden\/auf-die-plaetze-gegen-hetze\/auf-die-plaetze-gegen-hetze-3\/\" aria-label=\"Auf die Pl\u00e4tze gegen Hetze\"><img loading=\"lazy\" decoding=\"async\" width=\"150\" height=\"150\" src=\"https:\/\/vcp.de\/pfadfinden\/wp-content\/uploads\/2024\/04\/Titelbild_Banner_Andreas-Klaeger-150x150.jpg\" class=\"attachment-thumbnail size-thumbnail wp-post-image\" alt=\"\" style=\"\" srcset=\"https:\/\/vcp.de\/pfadfinden\/wp-content\/uploads\/2024\/04\/Titelbild_Banner_Andreas-Klaeger-150x150.jpg 150w, https:\/\/vcp.de\/pfadfinden\/wp-content\/uploads\/2024\/04\/Titelbild_Banner_Andreas-Klaeger-45x45.jpg 45w\" sizes=\"auto, (max-width: 150px) 100vw, 150px\" \/><\/a><\/div><a class=\"wp-block-latest-posts__post-title\" href=\"https:\/\/vcp.de\/pfadfinden\/auf-die-plaetze-gegen-hetze\/auf-die-plaetze-gegen-hetze-3\/\">Auf die Pl\u00e4tze gegen Hetze<\/a><time datetime=\"2024-04-02T12:35:55+02:00\" class=\"wp-block-latest-posts__post-date\">2. April 2024<\/time><div class=\"wp-block-latest-posts__post-excerpt\">von Lena Radmer Viele von euch haben Schilder gebastelt mit Aufschriften wie \u201eNie wieder ist jetzt!\u201c, \u201eMenschenrechte statt rechte Menschen\u201c und \u201ePfadis gegen rechts\u201c. Ihr seid auf die Stra\u00dfen gegangen\u2026\u00a0<a class=\"wp-block-latest-posts__read-more\" href=\"https:\/\/vcp.de\/pfadfinden\/auf-die-plaetze-gegen-hetze\/auf-die-plaetze-gegen-hetze-3\/\" rel=\"noopener noreferrer\"><span class=\"screen-reader-text\">Auf die Pl\u00e4tze gegen Hetze <\/span>weiterlesen<\/a><\/div><\/li>\n<li><div class=\"wp-block-latest-posts__featured-image alignleft\"><a href=\"https:\/\/vcp.de\/pfadfinden\/auf-die-plaetze-gegen-hetze\/kreuze-ohne-haken-ein-auf-die-plaetze-gegen-hetze-projekt\/\" aria-label=\"Kreuze ohne Haken &#8211; ein Auf-die-Pl\u00e4tze-gegen-Hetze Projekt\"><img loading=\"lazy\" decoding=\"async\" width=\"150\" height=\"150\" src=\"https:\/\/vcp.de\/pfadfinden\/wp-content\/uploads\/2024\/02\/DSC0332641-150x150.jpg\" class=\"attachment-thumbnail size-thumbnail wp-post-image\" alt=\"\" style=\"\" srcset=\"https:\/\/vcp.de\/pfadfinden\/wp-content\/uploads\/2024\/02\/DSC0332641-150x150.jpg 150w, https:\/\/vcp.de\/pfadfinden\/wp-content\/uploads\/2024\/02\/DSC0332641-45x45.jpg 45w\" sizes=\"auto, (max-width: 150px) 100vw, 150px\" \/><\/a><\/div><a class=\"wp-block-latest-posts__post-title\" href=\"https:\/\/vcp.de\/pfadfinden\/auf-die-plaetze-gegen-hetze\/kreuze-ohne-haken-ein-auf-die-plaetze-gegen-hetze-projekt\/\">Kreuze ohne Haken &#8211; ein Auf-die-Pl\u00e4tze-gegen-Hetze Projekt<\/a><time datetime=\"2024-02-13T20:28:18+01:00\" class=\"wp-block-latest-posts__post-date\">13. Februar 2024<\/time><div class=\"wp-block-latest-posts__post-excerpt\">Das Projekt \u201eKreuze ohne Haken\u201c wurde bereits vor einiger Zeit durch den Verein \u201eBeherzt\u201c aus unserem Landkreis Uelzen ins Leben gerufen, um Rechtsradikalen und V\u00f6lkischen, die sich in den letzten\u2026\u00a0<a class=\"wp-block-latest-posts__read-more\" href=\"https:\/\/vcp.de\/pfadfinden\/auf-die-plaetze-gegen-hetze\/kreuze-ohne-haken-ein-auf-die-plaetze-gegen-hetze-projekt\/\" rel=\"noopener noreferrer\"><span class=\"screen-reader-text\">Kreuze ohne Haken &#8211; ein Auf-die-Pl\u00e4tze-gegen-Hetze Projekt <\/span>weiterlesen<\/a><\/div><\/li>\n<li><div class=\"wp-block-latest-posts__featured-image alignleft\"><a href=\"https:\/\/vcp.de\/pfadfinden\/allgemein\/ausschreibung-projektteam-auf-die-plaetze-gegen-hetze\/\" aria-label=\"Ausschreibung: Projektteam \u201eAuf die Pl\u00e4tze gegen Hetze\u201c\"><img loading=\"lazy\" decoding=\"async\" width=\"150\" height=\"150\" src=\"https:\/\/vcp.de\/pfadfinden\/wp-content\/uploads\/2018\/09\/c1677f7b-c55b-46b8-a93e-91b71114c22f-150x150.jpg\" class=\"attachment-thumbnail size-thumbnail wp-post-image\" alt=\"\" style=\"\" srcset=\"https:\/\/vcp.de\/pfadfinden\/wp-content\/uploads\/2018\/09\/c1677f7b-c55b-46b8-a93e-91b71114c22f-150x150.jpg 150w, https:\/\/vcp.de\/pfadfinden\/wp-content\/uploads\/2018\/09\/c1677f7b-c55b-46b8-a93e-91b71114c22f-45x45.jpg 45w\" sizes=\"auto, (max-width: 150px) 100vw, 150px\" \/><\/a><\/div><a class=\"wp-block-latest-posts__post-title\" href=\"https:\/\/vcp.de\/pfadfinden\/allgemein\/ausschreibung-projektteam-auf-die-plaetze-gegen-hetze\/\">Ausschreibung: Projektteam \u201eAuf die Pl\u00e4tze gegen Hetze\u201c<\/a><time datetime=\"2024-01-31T20:29:52+01:00\" class=\"wp-block-latest-posts__post-date\">31. Januar 2024<\/time><div class=\"wp-block-latest-posts__post-excerpt\">Wir suchen ein engagiertes und kommunikationsstarkes Projektteam, welches eine Neuauflage der erfolgreichen Aktion \u201eAuf die Pl\u00e4tze gegen Hetze\u201c kuratiert.<\/div><\/li>\n<li><div class=\"wp-block-latest-posts__featured-image alignleft\"><a href=\"https:\/\/vcp.de\/pfadfinden\/auf-die-plaetze-gegen-hetze\/buechlein-auf-die-plaetze-gegen-hetze-in-drei-sprachen-bestellbar\/\" aria-label=\"B\u00fcchlein \u201eAuf die Pl\u00e4tze gegen Hetze\u201c in drei Sprachen bestellbar\"><img loading=\"lazy\" decoding=\"async\" width=\"150\" height=\"150\" src=\"https:\/\/vcp.de\/pfadfinden\/wp-content\/uploads\/2021\/10\/MicrosoftTeams-image-55-150x150.jpg\" class=\"attachment-thumbnail size-thumbnail wp-post-image\" alt=\"\" style=\"\" srcset=\"https:\/\/vcp.de\/pfadfinden\/wp-content\/uploads\/2021\/10\/MicrosoftTeams-image-55-150x150.jpg 150w, https:\/\/vcp.de\/pfadfinden\/wp-content\/uploads\/2021\/10\/MicrosoftTeams-image-55-45x45.jpg 45w\" sizes=\"auto, (max-width: 150px) 100vw, 150px\" \/><\/a><\/div><a class=\"wp-block-latest-posts__post-title\" href=\"https:\/\/vcp.de\/pfadfinden\/auf-die-plaetze-gegen-hetze\/buechlein-auf-die-plaetze-gegen-hetze-in-drei-sprachen-bestellbar\/\">B\u00fcchlein \u201eAuf die Pl\u00e4tze gegen Hetze\u201c in drei Sprachen bestellbar<\/a><time datetime=\"2021-10-13T13:18:43+02:00\" class=\"wp-block-latest-posts__post-date\">13. Oktober 2021<\/time><div class=\"wp-block-latest-posts__post-excerpt\">von Luisa Jung Als Kinder- und Jugendverband setzen wir uns inhaltlich mit rechtsextremer Politik und diskriminierenden Ideologien auseinander. Au\u00dferdem werden wir aktiv und positionieren uns \u00f6ffentlich gegen Hetze. Daf\u00fcr wurde\u2026\u00a0<a class=\"wp-block-latest-posts__read-more\" href=\"https:\/\/vcp.de\/pfadfinden\/auf-die-plaetze-gegen-hetze\/buechlein-auf-die-plaetze-gegen-hetze-in-drei-sprachen-bestellbar\/\" rel=\"noopener noreferrer\"><span class=\"screen-reader-text\">B\u00fcchlein \u201eAuf die Pl\u00e4tze gegen Hetze\u201c in drei Sprachen bestellbar <\/span>weiterlesen<\/a><\/div><\/li>\n<li><div class=\"wp-block-latest-posts__featured-image alignleft\"><a href=\"https:\/\/vcp.de\/pfadfinden\/allgemein\/position-beziehen-zivilcourage-zeigen\/\" aria-label=\"Position beziehen &amp; Zivilcourage zeigen!\"><img loading=\"lazy\" decoding=\"async\" width=\"150\" height=\"150\" src=\"https:\/\/vcp.de\/pfadfinden\/wp-content\/uploads\/2021\/09\/Kartoffel_adPgH-150x150.png\" class=\"attachment-thumbnail size-thumbnail wp-post-image\" alt=\"\" style=\"\" srcset=\"https:\/\/vcp.de\/pfadfinden\/wp-content\/uploads\/2021\/09\/Kartoffel_adPgH-150x150.png 150w, https:\/\/vcp.de\/pfadfinden\/wp-content\/uploads\/2021\/09\/Kartoffel_adPgH-45x45.png 45w\" sizes=\"auto, (max-width: 150px) 100vw, 150px\" \/><\/a><\/div><a class=\"wp-block-latest-posts__post-title\" href=\"https:\/\/vcp.de\/pfadfinden\/allgemein\/position-beziehen-zivilcourage-zeigen\/\">Position beziehen &amp; Zivilcourage zeigen!<\/a><time datetime=\"2021-09-28T10:40:29+02:00\" class=\"wp-block-latest-posts__post-date\">28. September 2021<\/time><div class=\"wp-block-latest-posts__post-excerpt\">Ziel: Pfadfinder*innen, Ranger und Ro\u00adver entwickeln Strategien, die sie gegen rechtsextreme und rechtspopulistische \u00c4u\u00dferungen und Handlungen einsetzen k\u00f6nnen und probieren sie im Rollen\u00adspiel aus (dieser Vorschlag kann f\u00fcr beide Stufen\u2026\u00a0<a class=\"wp-block-latest-posts__read-more\" href=\"https:\/\/vcp.de\/pfadfinden\/allgemein\/position-beziehen-zivilcourage-zeigen\/\" rel=\"noopener noreferrer\"><span class=\"screen-reader-text\">Position beziehen &amp; Zivilcourage zeigen! <\/span>weiterlesen<\/a><\/div><\/li>\n<li><div class=\"wp-block-latest-posts__featured-image alignleft\"><a href=\"https:\/\/vcp.de\/pfadfinden\/allgemein\/populismus-begegnen\/\" aria-label=\"Populismus begegnen\"><img loading=\"lazy\" decoding=\"async\" width=\"150\" height=\"150\" src=\"https:\/\/vcp.de\/pfadfinden\/wp-content\/uploads\/2021\/09\/18kartoeffoeloes-150x150.jpg\" class=\"attachment-thumbnail size-thumbnail wp-post-image\" alt=\"\" style=\"\" srcset=\"https:\/\/vcp.de\/pfadfinden\/wp-content\/uploads\/2021\/09\/18kartoeffoeloes-150x150.jpg 150w, https:\/\/vcp.de\/pfadfinden\/wp-content\/uploads\/2021\/09\/18kartoeffoeloes-45x45.jpg 45w\" sizes=\"auto, (max-width: 150px) 100vw, 150px\" \/><\/a><\/div><a class=\"wp-block-latest-posts__post-title\" href=\"https:\/\/vcp.de\/pfadfinden\/allgemein\/populismus-begegnen\/\">Populismus begegnen<\/a><time datetime=\"2021-09-18T13:09:00+02:00\" class=\"wp-block-latest-posts__post-date\">18. September 2021<\/time><div class=\"wp-block-latest-posts__post-excerpt\">Ziel: Die Ranger*Rover lernen Strategien kennen, wie sie populistischen Aussagen begegnen k\u00f6nnen und \u00fcben diese ein. Einstieg: Bullshit-Bingo Quelle: https:\/\/j-gcl.org\/wp-content\/uploads\/2018\/11\/Paket_Rhetorik-in-Rechtspopulismus.pdf Alle Teilnehmenden erhalten eine Bullshit_Bingo bzw. laden sich diese selbst\u2026\u00a0<a class=\"wp-block-latest-posts__read-more\" href=\"https:\/\/vcp.de\/pfadfinden\/allgemein\/populismus-begegnen\/\" rel=\"noopener noreferrer\"><span class=\"screen-reader-text\">Populismus begegnen <\/span>weiterlesen<\/a><\/div><\/li>\n<li><div class=\"wp-block-latest-posts__featured-image alignleft\"><a href=\"https:\/\/vcp.de\/pfadfinden\/allgemein\/utopia-und-rechts-populimus\/\" aria-label=\"Utopia und (Rechts-)Populismus\"><img loading=\"lazy\" decoding=\"async\" width=\"150\" height=\"150\" src=\"https:\/\/vcp.de\/pfadfinden\/wp-content\/uploads\/2021\/09\/14diskussion-150x150.jpg\" class=\"attachment-thumbnail size-thumbnail wp-post-image\" alt=\"\" style=\"\" srcset=\"https:\/\/vcp.de\/pfadfinden\/wp-content\/uploads\/2021\/09\/14diskussion-150x150.jpg 150w, https:\/\/vcp.de\/pfadfinden\/wp-content\/uploads\/2021\/09\/14diskussion-45x45.jpg 45w\" sizes=\"auto, (max-width: 150px) 100vw, 150px\" \/><\/a><\/div><a class=\"wp-block-latest-posts__post-title\" href=\"https:\/\/vcp.de\/pfadfinden\/allgemein\/utopia-und-rechts-populimus\/\">Utopia und (Rechts-)Populismus<\/a><time datetime=\"2021-09-18T12:48:15+02:00\" class=\"wp-block-latest-posts__post-date\">18. September 2021<\/time><div class=\"wp-block-latest-posts__post-excerpt\">Ziel: Die Ranger und Rover setzen sich zun\u00e4chst mit den Emotionen auseinander, die (rechts-)populistische Aussagen beim Lesen bzw. Betrachten hervorrufen und lernen anhand eines erweiternden Utopia-Szenarios schlie\u00dflich die Prinzipien von\u2026\u00a0<a class=\"wp-block-latest-posts__read-more\" href=\"https:\/\/vcp.de\/pfadfinden\/allgemein\/utopia-und-rechts-populimus\/\" rel=\"noopener noreferrer\"><span class=\"screen-reader-text\">Utopia und (Rechts-)Populismus <\/span>weiterlesen<\/a><\/div><\/li>\n<li><div class=\"wp-block-latest-posts__featured-image alignleft\"><a href=\"https:\/\/vcp.de\/pfadfinden\/allgemein\/utopia-und-begriffe-des-rechtsextremismus\/\" aria-label=\"Utopia und Begriffe des Rechtsextremismus\"><img loading=\"lazy\" decoding=\"async\" width=\"150\" height=\"150\" src=\"https:\/\/vcp.de\/pfadfinden\/wp-content\/uploads\/2021\/09\/15-vote-150x150.jpg\" class=\"attachment-thumbnail size-thumbnail wp-post-image\" alt=\"\" style=\"\" srcset=\"https:\/\/vcp.de\/pfadfinden\/wp-content\/uploads\/2021\/09\/15-vote-150x150.jpg 150w, https:\/\/vcp.de\/pfadfinden\/wp-content\/uploads\/2021\/09\/15-vote-45x45.jpg 45w\" sizes=\"auto, (max-width: 150px) 100vw, 150px\" \/><\/a><\/div><a class=\"wp-block-latest-posts__post-title\" href=\"https:\/\/vcp.de\/pfadfinden\/allgemein\/utopia-und-begriffe-des-rechtsextremismus\/\">Utopia und Begriffe des Rechtsextremismus<\/a><time datetime=\"2021-09-10T15:08:44+02:00\" class=\"wp-block-latest-posts__post-date\">10. September 2021<\/time><div class=\"wp-block-latest-posts__post-excerpt\">Ziel: Ranger und Rover bzw. Pfadfinder*innen lernen Begriffe zum Thema Rechtsextremismus und ihre Bedeutung kennen. Sie erkennen, dass Rechtsextremismus in Konflikt mit den Menschenrechten steht. Hinweis f\u00fcr die Pfadfinder*innenphase:Die Pfadfinder*innen\u2026\u00a0<a class=\"wp-block-latest-posts__read-more\" href=\"https:\/\/vcp.de\/pfadfinden\/allgemein\/utopia-und-begriffe-des-rechtsextremismus\/\" rel=\"noopener noreferrer\"><span class=\"screen-reader-text\">Utopia und Begriffe des Rechtsextremismus <\/span>weiterlesen<\/a><\/div><\/li>\n<li><div class=\"wp-block-latest-posts__featured-image alignleft\"><a href=\"https:\/\/vcp.de\/pfadfinden\/allgemein\/engagiert-euch-gegen-hetze\/\" aria-label=\"Engagiert euch! &#8211; Gegen Hetze!\"><img loading=\"lazy\" decoding=\"async\" width=\"150\" height=\"150\" src=\"https:\/\/vcp.de\/pfadfinden\/wp-content\/uploads\/2021\/09\/19kartoeffeli-150x150.jpg\" class=\"attachment-thumbnail size-thumbnail wp-post-image\" alt=\"\" style=\"\" srcset=\"https:\/\/vcp.de\/pfadfinden\/wp-content\/uploads\/2021\/09\/19kartoeffeli-150x150.jpg 150w, https:\/\/vcp.de\/pfadfinden\/wp-content\/uploads\/2021\/09\/19kartoeffeli-45x45.jpg 45w\" sizes=\"auto, (max-width: 150px) 100vw, 150px\" \/><\/a><\/div><a class=\"wp-block-latest-posts__post-title\" href=\"https:\/\/vcp.de\/pfadfinden\/allgemein\/engagiert-euch-gegen-hetze\/\">Engagiert euch! &#8211; Gegen Hetze!<\/a><time datetime=\"2021-09-01T14:26:10+02:00\" class=\"wp-block-latest-posts__post-date\">1. September 2021<\/time><div class=\"wp-block-latest-posts__post-excerpt\">2015 darf sich nicht wiederholen! Seid ihr auch immer wieder aufs Neue \u00fcber solche\u00a0 Aussagen schockiert? S\u00e4tze, die sich gegen Menschen mit (vermeintlich) anderer Nationalit\u00e4t, Religion, Hautfarbe oder Ansichten richten?\u2026\u00a0<a class=\"wp-block-latest-posts__read-more\" href=\"https:\/\/vcp.de\/pfadfinden\/allgemein\/engagiert-euch-gegen-hetze\/\" rel=\"noopener noreferrer\"><span class=\"screen-reader-text\">Engagiert euch! &#8211; Gegen Hetze! <\/span>weiterlesen<\/a><\/div><\/li>\n<li><div class=\"wp-block-latest-posts__featured-image alignleft\"><a href=\"https:\/\/vcp.de\/pfadfinden\/allgemein\/utopia-und-die-menschenrechte\/\" aria-label=\"Utopia und die Menschenrechte\"><img loading=\"lazy\" decoding=\"async\" width=\"150\" height=\"150\" src=\"https:\/\/vcp.de\/pfadfinden\/wp-content\/uploads\/2021\/08\/02-150x150.jpg\" class=\"attachment-thumbnail size-thumbnail wp-post-image\" alt=\"\" style=\"\" srcset=\"https:\/\/vcp.de\/pfadfinden\/wp-content\/uploads\/2021\/08\/02-150x150.jpg 150w, https:\/\/vcp.de\/pfadfinden\/wp-content\/uploads\/2021\/08\/02-300x300.jpg 300w, https:\/\/vcp.de\/pfadfinden\/wp-content\/uploads\/2021\/08\/02-1024x1020.jpg 1024w, https:\/\/vcp.de\/pfadfinden\/wp-content\/uploads\/2021\/08\/02-768x765.jpg 768w, https:\/\/vcp.de\/pfadfinden\/wp-content\/uploads\/2021\/08\/02-45x45.jpg 45w, https:\/\/vcp.de\/pfadfinden\/wp-content\/uploads\/2021\/08\/02.jpg 1186w\" sizes=\"auto, (max-width: 150px) 100vw, 150px\" \/><\/a><\/div><a class=\"wp-block-latest-posts__post-title\" href=\"https:\/\/vcp.de\/pfadfinden\/allgemein\/utopia-und-die-menschenrechte\/\">Utopia und die Menschenrechte<\/a><time datetime=\"2021-08-30T12:19:00+02:00\" class=\"wp-block-latest-posts__post-date\">30. August 2021<\/time><div class=\"wp-block-latest-posts__post-excerpt\">In eurer Ranger-\/Roverrunde trefft ihr euch (weiterhin) digital? Hier findet ihr die Gruppenstunde &#8222;Utopia und die Menschenrechte&#8220; aus der Handreichung &#8222;Auf die Pl\u00e4tze gegen Hetze!&#8220; VCP-Kampagne gegen Rechtsextremismus und Rechtspopulismus\u2026\u00a0<a class=\"wp-block-latest-posts__read-more\" href=\"https:\/\/vcp.de\/pfadfinden\/allgemein\/utopia-und-die-menschenrechte\/\" rel=\"noopener noreferrer\"><span class=\"screen-reader-text\">Utopia und die Menschenrechte <\/span>weiterlesen<\/a><\/div><\/li>\n<li><div class=\"wp-block-latest-posts__featured-image alignleft\"><a href=\"https:\/\/vcp.de\/pfadfinden\/allgemein\/laut-gegen-rechts\/\" aria-label=\"Laut gegen Rechts!\"><img loading=\"lazy\" decoding=\"async\" width=\"150\" height=\"150\" src=\"https:\/\/vcp.de\/pfadfinden\/wp-content\/uploads\/2021\/03\/02-150x150.jpg\" class=\"attachment-thumbnail size-thumbnail wp-post-image\" alt=\"\" style=\"\" srcset=\"https:\/\/vcp.de\/pfadfinden\/wp-content\/uploads\/2021\/03\/02-150x150.jpg 150w, https:\/\/vcp.de\/pfadfinden\/wp-content\/uploads\/2021\/03\/02-300x300.jpg 300w, https:\/\/vcp.de\/pfadfinden\/wp-content\/uploads\/2021\/03\/02-1024x1020.jpg 1024w, https:\/\/vcp.de\/pfadfinden\/wp-content\/uploads\/2021\/03\/02-768x765.jpg 768w, https:\/\/vcp.de\/pfadfinden\/wp-content\/uploads\/2021\/03\/02-45x45.jpg 45w, https:\/\/vcp.de\/pfadfinden\/wp-content\/uploads\/2021\/03\/02.jpg 1186w\" sizes=\"auto, (max-width: 150px) 100vw, 150px\" \/><\/a><\/div><a class=\"wp-block-latest-posts__post-title\" href=\"https:\/\/vcp.de\/pfadfinden\/allgemein\/laut-gegen-rechts\/\">Laut gegen Rechts!<\/a><time datetime=\"2021-03-11T14:10:27+01:00\" class=\"wp-block-latest-posts__post-date\">11. M\u00e4rz 2021<\/time><div class=\"wp-block-latest-posts__post-excerpt\">Mitstreiter*innen f\u00fcr die Projektgruppe &#8222;Auf die Pl\u00e4tze gegen Hetze&#8220; gesucht! Auf der Bundesversammlung 2020 positionierte sich der VCP mit dem Antrag &#8222;Nie wieder Krieg! Nie wieder Faschismus&#8220; erneut gegen Hass,\u2026\u00a0<a class=\"wp-block-latest-posts__read-more\" href=\"https:\/\/vcp.de\/pfadfinden\/allgemein\/laut-gegen-rechts\/\" rel=\"noopener noreferrer\"><span class=\"screen-reader-text\">Laut gegen Rechts! <\/span>weiterlesen<\/a><\/div><\/li>\n<li><div class=\"wp-block-latest-posts__featured-image alignleft\"><a href=\"https:\/\/vcp.de\/pfadfinden\/allgemein\/nicht-die-butter-vom-brot-nehmen-lassen\/\" aria-label=\"Nicht die Butter vom Brot nehmen lassen!\"><img loading=\"lazy\" decoding=\"async\" width=\"150\" height=\"150\" src=\"https:\/\/vcp.de\/pfadfinden\/wp-content\/uploads\/2021\/03\/19kart\u00f6ffeli-150x150.jpg\" class=\"attachment-thumbnail size-thumbnail wp-post-image\" alt=\"\" style=\"\" srcset=\"https:\/\/vcp.de\/pfadfinden\/wp-content\/uploads\/2021\/03\/19kart\u00f6ffeli-150x150.jpg 150w, https:\/\/vcp.de\/pfadfinden\/wp-content\/uploads\/2021\/03\/19kart\u00f6ffeli-45x45.jpg 45w\" sizes=\"auto, (max-width: 150px) 100vw, 150px\" \/><\/a><\/div><a class=\"wp-block-latest-posts__post-title\" href=\"https:\/\/vcp.de\/pfadfinden\/allgemein\/nicht-die-butter-vom-brot-nehmen-lassen\/\">Nicht die Butter vom Brot nehmen lassen!<\/a><time datetime=\"2021-03-11T10:52:28+01:00\" class=\"wp-block-latest-posts__post-date\">11. M\u00e4rz 2021<\/time><div class=\"wp-block-latest-posts__post-excerpt\">Argumentationstraining gegen rechte Parolen und Verschw\u00f6rungsmythen Freitag, 19. M\u00e4rz 2021 von 16.00 \u2013 19.00 Uhr Samstag, 20. M\u00e4rz 2021 von 10.00 \u2013 13.00 Uhr Pfadfinder*innen treten f\u00fcr Toleranz und Gerechtigkeit\u2026\u00a0<a class=\"wp-block-latest-posts__read-more\" href=\"https:\/\/vcp.de\/pfadfinden\/allgemein\/nicht-die-butter-vom-brot-nehmen-lassen\/\" rel=\"noopener noreferrer\"><span class=\"screen-reader-text\">Nicht die Butter vom Brot nehmen lassen! <\/span>weiterlesen<\/a><\/div><\/li>\n<li><div class=\"wp-block-latest-posts__featured-image alignleft\"><a href=\"https:\/\/vcp.de\/pfadfinden\/auf-die-plaetze-gegen-hetze\/pfadfinderinnen-fuer-vielfalt-und-barrierefreiheit-gegen-hass-hetze-und-rassismus\/\" aria-label=\"Pfadfinder*innen f\u00fcr Vielfalt und Barrierefreiheit \u2013 gegen Hass, Hetze und Rassismus\"><img loading=\"lazy\" decoding=\"async\" width=\"150\" height=\"150\" src=\"https:\/\/vcp.de\/pfadfinden\/wp-content\/uploads\/2020\/11\/BV-Gruppenfoto-150x150.png\" class=\"attachment-thumbnail size-thumbnail wp-post-image\" alt=\"Viele, kleine Bildschirmfotos vor blauem Hintergrund\" style=\"\" srcset=\"https:\/\/vcp.de\/pfadfinden\/wp-content\/uploads\/2020\/11\/BV-Gruppenfoto-150x150.png 150w, https:\/\/vcp.de\/pfadfinden\/wp-content\/uploads\/2020\/11\/BV-Gruppenfoto-45x45.png 45w\" sizes=\"auto, (max-width: 150px) 100vw, 150px\" \/><\/a><\/div><a class=\"wp-block-latest-posts__post-title\" href=\"https:\/\/vcp.de\/pfadfinden\/auf-die-plaetze-gegen-hetze\/pfadfinderinnen-fuer-vielfalt-und-barrierefreiheit-gegen-hass-hetze-und-rassismus\/\">Pfadfinder*innen f\u00fcr Vielfalt und Barrierefreiheit \u2013 gegen Hass, Hetze und Rassismus<\/a><time datetime=\"2020-11-30T10:28:05+01:00\" class=\"wp-block-latest-posts__post-date\">30. November 2020<\/time><div class=\"wp-block-latest-posts__post-excerpt\">Starke Positionierungen der Bundesversammlung des VCP Am Wochenende tagte die 51. Bundesversammlung des Verbandes Christlicher Pfadfinderinnen und Pfadfinder (VCP) e.V. Trotz digitalem Format war die Versammlung diskussions- und entscheidungsfreudig: Eine\u2026\u00a0<a class=\"wp-block-latest-posts__read-more\" href=\"https:\/\/vcp.de\/pfadfinden\/auf-die-plaetze-gegen-hetze\/pfadfinderinnen-fuer-vielfalt-und-barrierefreiheit-gegen-hass-hetze-und-rassismus\/\" rel=\"noopener noreferrer\"><span class=\"screen-reader-text\">Pfadfinder*innen f\u00fcr Vielfalt und Barrierefreiheit \u2013 gegen Hass, Hetze und Rassismus <\/span>weiterlesen<\/a><\/div><\/li>\n<li><div class=\"wp-block-latest-posts__featured-image alignleft\"><a href=\"https:\/\/vcp.de\/pfadfinden\/allgemein\/fach-und-jubilaumstagung-sowie-festakt-zu-30-jahre-ida\/\" aria-label=\"Fach- und Jubil\u00e4umstagung sowie Festakt zu 30 Jahre IDA\"><img loading=\"lazy\" decoding=\"async\" width=\"150\" height=\"150\" src=\"https:\/\/vcp.de\/pfadfinden\/wp-content\/uploads\/2020\/11\/IDA-bild-150x150.png\" class=\"attachment-thumbnail size-thumbnail wp-post-image\" alt=\"\" style=\"\" srcset=\"https:\/\/vcp.de\/pfadfinden\/wp-content\/uploads\/2020\/11\/IDA-bild-150x150.png 150w, https:\/\/vcp.de\/pfadfinden\/wp-content\/uploads\/2020\/11\/IDA-bild-45x45.png 45w\" sizes=\"auto, (max-width: 150px) 100vw, 150px\" \/><\/a><\/div><a class=\"wp-block-latest-posts__post-title\" href=\"https:\/\/vcp.de\/pfadfinden\/allgemein\/fach-und-jubilaumstagung-sowie-festakt-zu-30-jahre-ida\/\">Fach- und Jubil\u00e4umstagung sowie Festakt zu 30 Jahre IDA<\/a><time datetime=\"2020-11-18T18:16:46+01:00\" class=\"wp-block-latest-posts__post-date\">18. November 2020<\/time><div class=\"wp-block-latest-posts__post-excerpt\">Am vergangenen Freitag und Samstag, dem 13. und 14. November, fand eine digitale Fach- und Jubil\u00e4umstagung mit Festakt anl\u00e4sslich des 30-j\u00e4hrigen Bestehens des Informations- und Dokumentationszentrums f\u00fcr Antirassismusarbeit e.V. (IDA),\u2026\u00a0<a class=\"wp-block-latest-posts__read-more\" href=\"https:\/\/vcp.de\/pfadfinden\/allgemein\/fach-und-jubilaumstagung-sowie-festakt-zu-30-jahre-ida\/\" rel=\"noopener noreferrer\"><span class=\"screen-reader-text\">Fach- und Jubil\u00e4umstagung sowie Festakt zu 30 Jahre IDA <\/span>weiterlesen<\/a><\/div><\/li>\n<li><div class=\"wp-block-latest-posts__featured-image alignleft\"><a href=\"https:\/\/vcp.de\/pfadfinden\/auf-die-plaetze-gegen-hetze\/verschwoerungstheorien\/\" aria-label=\"Verschw\u00f6rungstheorien\"><img loading=\"lazy\" decoding=\"async\" width=\"150\" height=\"150\" src=\"https:\/\/vcp.de\/pfadfinden\/wp-content\/uploads\/2020\/06\/verschwoerungstheorien-150x150.png\" class=\"attachment-thumbnail size-thumbnail wp-post-image\" alt=\"\" style=\"\" srcset=\"https:\/\/vcp.de\/pfadfinden\/wp-content\/uploads\/2020\/06\/verschwoerungstheorien-150x150.png 150w, https:\/\/vcp.de\/pfadfinden\/wp-content\/uploads\/2020\/06\/verschwoerungstheorien-45x45.png 45w\" sizes=\"auto, (max-width: 150px) 100vw, 150px\" \/><\/a><\/div><a class=\"wp-block-latest-posts__post-title\" href=\"https:\/\/vcp.de\/pfadfinden\/auf-die-plaetze-gegen-hetze\/verschwoerungstheorien\/\">Verschw\u00f6rungstheorien<\/a><time datetime=\"2020-07-04T07:57:19+02:00\" class=\"wp-block-latest-posts__post-date\">4. Juli 2020<\/time><div class=\"wp-block-latest-posts__post-excerpt\">Wie gehe ich damit um? von Lena Simosek In sozialen Netzwerken kursieren vermehrt Verschw\u00f6rungstheorien um die Corona-Pandemie, werden weiterverbreitet und fallen dabei auf fruchtbaren Boden. Auch, weil mehr oder weniger\u2026\u00a0<a class=\"wp-block-latest-posts__read-more\" href=\"https:\/\/vcp.de\/pfadfinden\/auf-die-plaetze-gegen-hetze\/verschwoerungstheorien\/\" rel=\"noopener noreferrer\"><span class=\"screen-reader-text\">Verschw\u00f6rungstheorien <\/span>weiterlesen<\/a><\/div><\/li>\n<li><div class=\"wp-block-latest-posts__featured-image alignleft\"><a href=\"https:\/\/vcp.de\/pfadfinden\/auf-die-plaetze-gegen-hetze\/sippe-viking-gegen-hetze\/\" aria-label=\"Sippe Viking gegen Hetze\"><img loading=\"lazy\" decoding=\"async\" width=\"150\" height=\"150\" src=\"https:\/\/vcp.de\/pfadfinden\/wp-content\/uploads\/2020\/03\/Gruppenbild-150x150.jpg\" class=\"attachment-thumbnail size-thumbnail wp-post-image\" alt=\"\" style=\"\" srcset=\"https:\/\/vcp.de\/pfadfinden\/wp-content\/uploads\/2020\/03\/Gruppenbild-150x150.jpg 150w, https:\/\/vcp.de\/pfadfinden\/wp-content\/uploads\/2020\/03\/Gruppenbild-45x45.jpg 45w\" sizes=\"auto, (max-width: 150px) 100vw, 150px\" \/><\/a><\/div><a class=\"wp-block-latest-posts__post-title\" href=\"https:\/\/vcp.de\/pfadfinden\/auf-die-plaetze-gegen-hetze\/sippe-viking-gegen-hetze\/\">Sippe Viking gegen Hetze<\/a><time datetime=\"2020-03-12T15:44:16+01:00\" class=\"wp-block-latest-posts__post-date\">12. M\u00e4rz 2020<\/time><div class=\"wp-block-latest-posts__post-excerpt\">Hallo zusammen, wir von der Sippe Viking aus der Siedlung Passat, haben uns ebenfalls an der Kampagne \u201eAuf die Pl\u00e4tze gegen Hetze\u201c beteiligt. Was uns allen da durch klar geworden\u2026\u00a0<a class=\"wp-block-latest-posts__read-more\" href=\"https:\/\/vcp.de\/pfadfinden\/auf-die-plaetze-gegen-hetze\/sippe-viking-gegen-hetze\/\" rel=\"noopener noreferrer\"><span class=\"screen-reader-text\">Sippe Viking gegen Hetze <\/span>weiterlesen<\/a><\/div><\/li>\n<li><div class=\"wp-block-latest-posts__featured-image alignleft\"><a href=\"https:\/\/vcp.de\/pfadfinden\/allgemein\/madagaskaradler-gegen-hetze\/\" aria-label=\"Madagaskaradler gegen Hetze\"><img loading=\"lazy\" decoding=\"async\" width=\"150\" height=\"150\" src=\"https:\/\/vcp.de\/pfadfinden\/wp-content\/uploads\/2020\/02\/Madagaskaradler_AdPgH1-150x150.jpeg\" class=\"attachment-thumbnail size-thumbnail wp-post-image\" alt=\"\" style=\"\" srcset=\"https:\/\/vcp.de\/pfadfinden\/wp-content\/uploads\/2020\/02\/Madagaskaradler_AdPgH1-150x150.jpeg 150w, https:\/\/vcp.de\/pfadfinden\/wp-content\/uploads\/2020\/02\/Madagaskaradler_AdPgH1-45x45.jpeg 45w\" sizes=\"auto, (max-width: 150px) 100vw, 150px\" \/><\/a><\/div><a class=\"wp-block-latest-posts__post-title\" href=\"https:\/\/vcp.de\/pfadfinden\/allgemein\/madagaskaradler-gegen-hetze\/\">Madagaskaradler gegen Hetze<\/a><time datetime=\"2020-02-27T14:03:24+01:00\" class=\"wp-block-latest-posts__post-date\">27. Februar 2020<\/time><div class=\"wp-block-latest-posts__post-excerpt\">Hallo! Wir sind die Madagaskaradler vom VCP Stamm Elbe aus Hamburg. In den letzten Wochen besch\u00e4ftigten wir uns in den Gruppenstunden mit den Themen \u201erechte Hetze\u201c und \u201eRechtspopulismus\u201c. Als Einstieg\u2026\u00a0<a class=\"wp-block-latest-posts__read-more\" href=\"https:\/\/vcp.de\/pfadfinden\/allgemein\/madagaskaradler-gegen-hetze\/\" rel=\"noopener noreferrer\"><span class=\"screen-reader-text\">Madagaskaradler gegen Hetze <\/span>weiterlesen<\/a><\/div><\/li>\n<li><div class=\"wp-block-latest-posts__featured-image alignleft\"><a href=\"https:\/\/vcp.de\/pfadfinden\/allgemein\/kassel-steht-auf-gegen-rechts-zusammen-sind-wir-stark\/\" aria-label=\"Kassel steht auf gegen Rechts: #Zusammen sind wir stark\"><img loading=\"lazy\" decoding=\"async\" width=\"150\" height=\"150\" src=\"https:\/\/vcp.de\/pfadfinden\/wp-content\/uploads\/2019\/06\/zusammen-Kundgebung-150x150.jpg\" class=\"attachment-thumbnail size-thumbnail wp-post-image\" alt=\"\" style=\"\" srcset=\"https:\/\/vcp.de\/pfadfinden\/wp-content\/uploads\/2019\/06\/zusammen-Kundgebung-150x150.jpg 150w, https:\/\/vcp.de\/pfadfinden\/wp-content\/uploads\/2019\/06\/zusammen-Kundgebung-45x45.jpg 45w\" sizes=\"auto, (max-width: 150px) 100vw, 150px\" \/><\/a><\/div><a class=\"wp-block-latest-posts__post-title\" href=\"https:\/\/vcp.de\/pfadfinden\/allgemein\/kassel-steht-auf-gegen-rechts-zusammen-sind-wir-stark\/\">Kassel steht auf gegen Rechts: #Zusammen sind wir stark<\/a><time datetime=\"2019-06-28T15:22:38+02:00\" class=\"wp-block-latest-posts__post-date\">28. Juni 2019<\/time><div class=\"wp-block-latest-posts__post-excerpt\">Unter dem Motto #Zusammen sind wir stark sind am Donnerstag Tausende Menschen in Kassel bei einer Kundgebung anl\u00e4sslich des Mordes an Regierungspr\u00e4sident Dr. Walter L\u00fcbcke zusammengekommen, um ein Zeichen gegen\u2026\u00a0<a class=\"wp-block-latest-posts__read-more\" href=\"https:\/\/vcp.de\/pfadfinden\/allgemein\/kassel-steht-auf-gegen-rechts-zusammen-sind-wir-stark\/\" rel=\"noopener noreferrer\"><span class=\"screen-reader-text\">Kassel steht auf gegen Rechts: #Zusammen sind wir stark <\/span>weiterlesen<\/a><\/div><\/li>\n<li><div class=\"wp-block-latest-posts__featured-image alignleft\"><a href=\"https:\/\/vcp.de\/pfadfinden\/allgemein\/in-vielfalt-geeint-europa-erklaert\/\" aria-label=\"In Vielfalt geeint &#8211; Europa erkl\u00e4rt!\"><img loading=\"lazy\" decoding=\"async\" width=\"150\" height=\"150\" src=\"https:\/\/vcp.de\/pfadfinden\/wp-content\/uploads\/2019\/05\/VCP_Beitragsbild_EuropaErkl\u00e4rt-1-150x150.png\" class=\"attachment-thumbnail size-thumbnail wp-post-image\" alt=\"\" style=\"\" srcset=\"https:\/\/vcp.de\/pfadfinden\/wp-content\/uploads\/2019\/05\/VCP_Beitragsbild_EuropaErkl\u00e4rt-1-150x150.png 150w, https:\/\/vcp.de\/pfadfinden\/wp-content\/uploads\/2019\/05\/VCP_Beitragsbild_EuropaErkl\u00e4rt-1-45x45.png 45w\" sizes=\"auto, (max-width: 150px) 100vw, 150px\" \/><\/a><\/div><a class=\"wp-block-latest-posts__post-title\" href=\"https:\/\/vcp.de\/pfadfinden\/allgemein\/in-vielfalt-geeint-europa-erklaert\/\">In Vielfalt geeint &#8211; Europa erkl\u00e4rt!<\/a><time datetime=\"2019-05-24T13:00:03+02:00\" class=\"wp-block-latest-posts__post-date\">24. Mai 2019<\/time><div class=\"wp-block-latest-posts__post-excerpt\">von Friedemann Rulf und Clara Drammeh Am Sonntag wurden in Deutschland und vielen anderen L\u00e4ndern der Europ\u00e4ischen Union (EU) die Abgeordneten f\u00fcr das Europ\u00e4ische Parlament gew\u00e4hlt. Die EU ist manchmal\u2026\u00a0<a class=\"wp-block-latest-posts__read-more\" href=\"https:\/\/vcp.de\/pfadfinden\/allgemein\/in-vielfalt-geeint-europa-erklaert\/\" rel=\"noopener noreferrer\"><span class=\"screen-reader-text\">In Vielfalt geeint &#8211; Europa erkl\u00e4rt! <\/span>weiterlesen<\/a><\/div><\/li>\n<li><div class=\"wp-block-latest-posts__featured-image alignleft\"><a href=\"https:\/\/vcp.de\/pfadfinden\/auf-die-plaetze-gegen-hetze\/angst-im-dunkeln\/\" aria-label=\"Angst im Dunkeln\"><img loading=\"lazy\" decoding=\"async\" width=\"150\" height=\"150\" src=\"https:\/\/vcp.de\/pfadfinden\/wp-content\/uploads\/2018\/12\/anp1804_angst_im_dunkeln_pfila69_Andreas-kl\u00e4ger69-150x150.jpg\" class=\"attachment-thumbnail size-thumbnail wp-post-image\" alt=\"\" style=\"\" srcset=\"https:\/\/vcp.de\/pfadfinden\/wp-content\/uploads\/2018\/12\/anp1804_angst_im_dunkeln_pfila69_Andreas-kl\u00e4ger69-150x150.jpg 150w, https:\/\/vcp.de\/pfadfinden\/wp-content\/uploads\/2018\/12\/anp1804_angst_im_dunkeln_pfila69_Andreas-kl\u00e4ger69-45x45.jpg 45w\" sizes=\"auto, (max-width: 150px) 100vw, 150px\" \/><\/a><\/div><a class=\"wp-block-latest-posts__post-title\" href=\"https:\/\/vcp.de\/pfadfinden\/auf-die-plaetze-gegen-hetze\/angst-im-dunkeln\/\">Angst im Dunkeln<\/a><time datetime=\"2018-12-19T13:07:59+01:00\" class=\"wp-block-latest-posts__post-date\">19. Dezember 2018<\/time><div class=\"wp-block-latest-posts__post-excerpt\">von Rebecca Haugwitz Als ich gerade zum VCP kam, veranstaltete mein Land noch regelm\u00e4\u00dfig Osterlager. Da es zu Ostern meist noch sehr kalt und der Boden hartgefroren war, fiel der\u2026\u00a0<a class=\"wp-block-latest-posts__read-more\" href=\"https:\/\/vcp.de\/pfadfinden\/auf-die-plaetze-gegen-hetze\/angst-im-dunkeln\/\" rel=\"noopener noreferrer\"><span class=\"screen-reader-text\">Angst im Dunkeln <\/span>weiterlesen<\/a><\/div><\/li>\n<li><div class=\"wp-block-latest-posts__featured-image alignleft\"><a href=\"https:\/\/vcp.de\/pfadfinden\/auf-die-plaetze-gegen-hetze\/setz-ein-zeichen-gegen-rechte-hetze-mit-dem-kartoffelbadge\/\" aria-label=\"Setz ein Zeichen gegen rechte Hetze &#8211; mit dem &#8222;Kartoffelbadge&#8220;\"><img loading=\"lazy\" decoding=\"async\" width=\"150\" height=\"150\" src=\"https:\/\/vcp.de\/pfadfinden\/wp-content\/uploads\/2018\/09\/c1677f7b-c55b-46b8-a93e-91b71114c22f-150x150.jpg\" class=\"attachment-thumbnail size-thumbnail wp-post-image\" alt=\"\" style=\"\" srcset=\"https:\/\/vcp.de\/pfadfinden\/wp-content\/uploads\/2018\/09\/c1677f7b-c55b-46b8-a93e-91b71114c22f-150x150.jpg 150w, https:\/\/vcp.de\/pfadfinden\/wp-content\/uploads\/2018\/09\/c1677f7b-c55b-46b8-a93e-91b71114c22f-45x45.jpg 45w\" sizes=\"auto, (max-width: 150px) 100vw, 150px\" \/><\/a><\/div><a class=\"wp-block-latest-posts__post-title\" href=\"https:\/\/vcp.de\/pfadfinden\/auf-die-plaetze-gegen-hetze\/setz-ein-zeichen-gegen-rechte-hetze-mit-dem-kartoffelbadge\/\">Setz ein Zeichen gegen rechte Hetze &#8211; mit dem &#8222;Kartoffelbadge&#8220;<\/a><time datetime=\"2018-09-05T19:35:00+02:00\" class=\"wp-block-latest-posts__post-date\">5. September 2018<\/time><div class=\"wp-block-latest-posts__post-excerpt\">Die Pfadi-Kartoffel gegen Hetze &nbsp; Ihr wollt ein Zeichen setzen gegen rechte Hetze? Dann bestellt unseren &#8222;Kartoffelbadge&#8220; zur Kampagne &#8222;Auf die Pl\u00e4tze gegen Hetze&#8220;! Schreibt einfach eine E-Mail an gegen-hetze@vcp.de.\u2026\u00a0<a class=\"wp-block-latest-posts__read-more\" href=\"https:\/\/vcp.de\/pfadfinden\/auf-die-plaetze-gegen-hetze\/setz-ein-zeichen-gegen-rechte-hetze-mit-dem-kartoffelbadge\/\" rel=\"noopener noreferrer\"><span class=\"screen-reader-text\">Setz ein Zeichen gegen rechte Hetze &#8211; mit dem &#8222;Kartoffelbadge&#8220; <\/span>weiterlesen<\/a><\/div><\/li>\n<li><div class=\"wp-block-latest-posts__featured-image alignleft\"><a href=\"https:\/\/vcp.de\/pfadfinden\/auf-die-plaetze-gegen-hetze\/pfadfinden-ist-politisch-2\/\" aria-label=\"Pfadfinden ist politisch!\"><img loading=\"lazy\" decoding=\"async\" width=\"150\" height=\"150\" src=\"https:\/\/vcp.de\/pfadfinden\/wp-content\/uploads\/2017\/06\/Badge.2_rte_zeichen-noch-gro\u0308\u00dfer_5mm-150x150.jpg\" class=\"attachment-thumbnail size-thumbnail wp-post-image\" alt=\"\" style=\"\" srcset=\"https:\/\/vcp.de\/pfadfinden\/wp-content\/uploads\/2017\/06\/Badge.2_rte_zeichen-noch-gro\u0308\u00dfer_5mm-150x150.jpg 150w, https:\/\/vcp.de\/pfadfinden\/wp-content\/uploads\/2017\/06\/Badge.2_rte_zeichen-noch-gro\u0308\u00dfer_5mm-300x300.jpg 300w, https:\/\/vcp.de\/pfadfinden\/wp-content\/uploads\/2017\/06\/Badge.2_rte_zeichen-noch-gro\u0308\u00dfer_5mm-45x45.jpg 45w, https:\/\/vcp.de\/pfadfinden\/wp-content\/uploads\/2017\/06\/Badge.2_rte_zeichen-noch-gro\u0308\u00dfer_5mm.jpg 393w\" sizes=\"auto, (max-width: 150px) 100vw, 150px\" \/><\/a><\/div><a class=\"wp-block-latest-posts__post-title\" href=\"https:\/\/vcp.de\/pfadfinden\/auf-die-plaetze-gegen-hetze\/pfadfinden-ist-politisch-2\/\">Pfadfinden ist politisch!<\/a><time datetime=\"2018-09-03T10:41:47+02:00\" class=\"wp-block-latest-posts__post-date\">3. September 2018<\/time><div class=\"wp-block-latest-posts__post-excerpt\">Pfadfinden ist eben mehr als wandern, zelten und singen. Oder doch nicht? Diese Frage besch\u00e4ftigt den Verband immer wieder, sei es in seinen Gremien oder online in den sozialen Netzwerken.\u2026\u00a0<a class=\"wp-block-latest-posts__read-more\" href=\"https:\/\/vcp.de\/pfadfinden\/auf-die-plaetze-gegen-hetze\/pfadfinden-ist-politisch-2\/\" rel=\"noopener noreferrer\"><span class=\"screen-reader-text\">Pfadfinden ist politisch! <\/span>weiterlesen<\/a><\/div><\/li>\n<li><div class=\"wp-block-latest-posts__featured-image alignleft\"><a href=\"https:\/\/vcp.de\/pfadfinden\/allgemein\/vcp-und-dpsg-gemeinsam-gegen-hetze\/\" aria-label=\"VCP und dpsg &#8211; gemeinsam gegen Hetze\"><img loading=\"lazy\" decoding=\"async\" width=\"150\" height=\"150\" src=\"https:\/\/vcp.de\/pfadfinden\/wp-content\/uploads\/2018\/08\/Fest_Gruppenfoto_Blog-150x150.jpg\" class=\"attachment-thumbnail size-thumbnail wp-post-image\" alt=\"\" style=\"\" srcset=\"https:\/\/vcp.de\/pfadfinden\/wp-content\/uploads\/2018\/08\/Fest_Gruppenfoto_Blog-150x150.jpg 150w, https:\/\/vcp.de\/pfadfinden\/wp-content\/uploads\/2018\/08\/Fest_Gruppenfoto_Blog-45x45.jpg 45w\" sizes=\"auto, (max-width: 150px) 100vw, 150px\" \/><\/a><\/div><a class=\"wp-block-latest-posts__post-title\" href=\"https:\/\/vcp.de\/pfadfinden\/allgemein\/vcp-und-dpsg-gemeinsam-gegen-hetze\/\">VCP und dpsg &#8211; gemeinsam gegen Hetze<\/a><time datetime=\"2018-08-31T13:11:59+02:00\" class=\"wp-block-latest-posts__post-date\">31. August 2018<\/time><div class=\"wp-block-latest-posts__post-excerpt\">Ein Beitrag von Andreas Holzbeck, dpsg Wer sich jetzt denkt \u2013 h\u00e4h &#8211; ein dpsg Stamm bei einer VCP-Aktion, dem kann ich nur antworten: Klar! Aber vielleicht von Anfang an:\u2026\u00a0<a class=\"wp-block-latest-posts__read-more\" href=\"https:\/\/vcp.de\/pfadfinden\/allgemein\/vcp-und-dpsg-gemeinsam-gegen-hetze\/\" rel=\"noopener noreferrer\"><span class=\"screen-reader-text\">VCP und dpsg &#8211; gemeinsam gegen Hetze <\/span>weiterlesen<\/a><\/div><\/li>\n<li><div class=\"wp-block-latest-posts__featured-image alignleft\"><a href=\"https:\/\/vcp.de\/pfadfinden\/allgemein\/jugendpolitisches-netzwerktreffen-des-vcp\/\" aria-label=\"Jugendpolitisches Netzwerktreffen des VCP\"><img loading=\"lazy\" decoding=\"async\" width=\"150\" height=\"150\" src=\"https:\/\/vcp.de\/pfadfinden\/wp-content\/uploads\/2018\/08\/Beitragsbild_Zeichnung-seminar_Jugendpolitisches-Netzwerktreffen_2018_Kronberg_FB-150x150.jpg\" class=\"attachment-thumbnail size-thumbnail wp-post-image\" alt=\"\" style=\"\" srcset=\"https:\/\/vcp.de\/pfadfinden\/wp-content\/uploads\/2018\/08\/Beitragsbild_Zeichnung-seminar_Jugendpolitisches-Netzwerktreffen_2018_Kronberg_FB-150x150.jpg 150w, https:\/\/vcp.de\/pfadfinden\/wp-content\/uploads\/2018\/08\/Beitragsbild_Zeichnung-seminar_Jugendpolitisches-Netzwerktreffen_2018_Kronberg_FB-45x45.jpg 45w\" sizes=\"auto, (max-width: 150px) 100vw, 150px\" \/><\/a><\/div><a class=\"wp-block-latest-posts__post-title\" href=\"https:\/\/vcp.de\/pfadfinden\/allgemein\/jugendpolitisches-netzwerktreffen-des-vcp\/\">Jugendpolitisches Netzwerktreffen des VCP<\/a><time datetime=\"2018-08-30T11:52:50+02:00\" class=\"wp-block-latest-posts__post-date\">30. August 2018<\/time><div class=\"wp-block-latest-posts__post-excerpt\">Kommunalwahlen f\u00fcr Minderj\u00e4hrige; Jugend und Politik: Engagement ja, Partei nein; Junge Menschen sind umweltbewusst- handeln aber nicht danach; 30 Millionen Kinder auf der Flucht; 150.000 Jugendliche haben keine Lehrstelle; Vermehrt\u2026\u00a0<a class=\"wp-block-latest-posts__read-more\" href=\"https:\/\/vcp.de\/pfadfinden\/allgemein\/jugendpolitisches-netzwerktreffen-des-vcp\/\" rel=\"noopener noreferrer\"><span class=\"screen-reader-text\">Jugendpolitisches Netzwerktreffen des VCP <\/span>weiterlesen<\/a><\/div><\/li>\n<li><div class=\"wp-block-latest-posts__featured-image alignleft\"><a href=\"https:\/\/vcp.de\/pfadfinden\/allgemein\/ausgehetzt\/\" aria-label=\"#ausgehetzt\"><img loading=\"lazy\" decoding=\"async\" width=\"150\" height=\"150\" src=\"https:\/\/vcp.de\/pfadfinden\/wp-content\/uploads\/2018\/08\/IMG_4771-150x150.jpg\" class=\"attachment-thumbnail size-thumbnail wp-post-image\" alt=\"\" style=\"\" srcset=\"https:\/\/vcp.de\/pfadfinden\/wp-content\/uploads\/2018\/08\/IMG_4771-150x150.jpg 150w, https:\/\/vcp.de\/pfadfinden\/wp-content\/uploads\/2018\/08\/IMG_4771-45x45.jpg 45w\" sizes=\"auto, (max-width: 150px) 100vw, 150px\" \/><\/a><\/div><a class=\"wp-block-latest-posts__post-title\" href=\"https:\/\/vcp.de\/pfadfinden\/allgemein\/ausgehetzt\/\">#ausgehetzt<\/a><time datetime=\"2018-08-14T09:41:32+02:00\" class=\"wp-block-latest-posts__post-date\">14. August 2018<\/time><div class=\"wp-block-latest-posts__post-excerpt\">von Carla Singer Der 22.07.2018 war ein denkw\u00fcrdiger und beeindruckender Tag \u2013 zumindest, wenn man wie ich Bayerin ist. An diesem Tag fand in M\u00fcnchen die #ausgehetzt-Demo statt, an der\u2026\u00a0<a class=\"wp-block-latest-posts__read-more\" href=\"https:\/\/vcp.de\/pfadfinden\/allgemein\/ausgehetzt\/\" rel=\"noopener noreferrer\"><span class=\"screen-reader-text\">#ausgehetzt <\/span>weiterlesen<\/a><\/div><\/li>\n<li><div class=\"wp-block-latest-posts__featured-image alignleft\"><a href=\"https:\/\/vcp.de\/pfadfinden\/allgemein\/weitere-staemme-aktiv-gegen-hetze\/\" aria-label=\"Weitere St\u00e4mme aktiv gegen Hetze!\"><img loading=\"lazy\" decoding=\"async\" width=\"150\" height=\"150\" src=\"https:\/\/vcp.de\/pfadfinden\/wp-content\/uploads\/2017\/09\/Kartoffel_Bula-150x150.jpg\" class=\"attachment-thumbnail size-thumbnail wp-post-image\" alt=\"\" style=\"\" srcset=\"https:\/\/vcp.de\/pfadfinden\/wp-content\/uploads\/2017\/09\/Kartoffel_Bula-150x150.jpg 150w, https:\/\/vcp.de\/pfadfinden\/wp-content\/uploads\/2017\/09\/Kartoffel_Bula-45x45.jpg 45w\" sizes=\"auto, (max-width: 150px) 100vw, 150px\" \/><\/a><\/div><a class=\"wp-block-latest-posts__post-title\" href=\"https:\/\/vcp.de\/pfadfinden\/allgemein\/weitere-staemme-aktiv-gegen-hetze\/\">Weitere St\u00e4mme aktiv gegen Hetze!<\/a><time datetime=\"2018-04-07T05:50:14+02:00\" class=\"wp-block-latest-posts__post-date\">7. April 2018<\/time><div class=\"wp-block-latest-posts__post-excerpt\">Wir freuen uns sehr, dass uns immer wieder Nachrichten von St\u00e4mmen erreichen, die sich mithilfe der Arbeitshilfe zur Kampagne \u201eAuf die Pl\u00e4tze gegen Hetze!\u201c mit den Themen Rassismus und Populismus\u2026\u00a0<a class=\"wp-block-latest-posts__read-more\" href=\"https:\/\/vcp.de\/pfadfinden\/allgemein\/weitere-staemme-aktiv-gegen-hetze\/\" rel=\"noopener noreferrer\"><span class=\"screen-reader-text\">Weitere St\u00e4mme aktiv gegen Hetze! <\/span>weiterlesen<\/a><\/div><\/li>\n<li><div class=\"wp-block-latest-posts__featured-image alignleft\"><a href=\"https:\/\/vcp.de\/pfadfinden\/allgemein\/der-vcp-aktiv-gegen-hetze\/\" aria-label=\"Der VCP aktiv gegen Hetze!\"><img loading=\"lazy\" decoding=\"async\" width=\"150\" height=\"150\" src=\"https:\/\/vcp.de\/pfadfinden\/wp-content\/uploads\/2018\/01\/Polarf\u00fcchse_Gruppenbild-2-150x150.jpg\" class=\"attachment-thumbnail size-thumbnail wp-post-image\" alt=\"\" style=\"\" srcset=\"https:\/\/vcp.de\/pfadfinden\/wp-content\/uploads\/2018\/01\/Polarf\u00fcchse_Gruppenbild-2-150x150.jpg 150w, https:\/\/vcp.de\/pfadfinden\/wp-content\/uploads\/2018\/01\/Polarf\u00fcchse_Gruppenbild-2-45x45.jpg 45w\" sizes=\"auto, (max-width: 150px) 100vw, 150px\" \/><\/a><\/div><a class=\"wp-block-latest-posts__post-title\" href=\"https:\/\/vcp.de\/pfadfinden\/allgemein\/der-vcp-aktiv-gegen-hetze\/\">Der VCP aktiv gegen Hetze!<\/a><time datetime=\"2018-01-22T12:13:53+01:00\" class=\"wp-block-latest-posts__post-date\">22. Januar 2018<\/time><div class=\"wp-block-latest-posts__post-excerpt\">Viele St\u00e4mme und Gruppen beteiligen sich zur Kampagne \u201eAuf die Pl\u00e4tze gegen Hetze!\u201c und stehen so f\u00fcr Demokratie und Toleranz ein. Die Sippe \u201ePolarf\u00fcchse\u201c des Stammes \u201eAlbert Schweitzer\u201c in hat\u2026\u00a0<a class=\"wp-block-latest-posts__read-more\" href=\"https:\/\/vcp.de\/pfadfinden\/allgemein\/der-vcp-aktiv-gegen-hetze\/\" rel=\"noopener noreferrer\"><span class=\"screen-reader-text\">Der VCP aktiv gegen Hetze! <\/span>weiterlesen<\/a><\/div><\/li>\n<li><div class=\"wp-block-latest-posts__featured-image alignleft\"><a href=\"https:\/\/vcp.de\/pfadfinden\/auf-die-plaetze-gegen-hetze\/willkommen-ein-beitrag-zur-kampagne-auf-die-plaetze-gegen-hetze\/\" aria-label=\"Willkommen! &#8211; Ein Beitrag zur Kampagne &#8222;Auf die Pl\u00e4tze gegen Hetze&#8220;\"><img loading=\"lazy\" decoding=\"async\" width=\"150\" height=\"150\" src=\"https:\/\/vcp.de\/pfadfinden\/wp-content\/uploads\/2017\/12\/Pfadfinder_Gruppenstunde-150x150.jpg\" class=\"attachment-thumbnail size-thumbnail wp-post-image\" alt=\"\" style=\"\" srcset=\"https:\/\/vcp.de\/pfadfinden\/wp-content\/uploads\/2017\/12\/Pfadfinder_Gruppenstunde-150x150.jpg 150w, https:\/\/vcp.de\/pfadfinden\/wp-content\/uploads\/2017\/12\/Pfadfinder_Gruppenstunde-45x45.jpg 45w\" sizes=\"auto, (max-width: 150px) 100vw, 150px\" \/><\/a><\/div><a class=\"wp-block-latest-posts__post-title\" href=\"https:\/\/vcp.de\/pfadfinden\/auf-die-plaetze-gegen-hetze\/willkommen-ein-beitrag-zur-kampagne-auf-die-plaetze-gegen-hetze\/\">Willkommen! &#8211; Ein Beitrag zur Kampagne &#8222;Auf die Pl\u00e4tze gegen Hetze&#8220;<\/a><time datetime=\"2017-12-06T12:06:27+01:00\" class=\"wp-block-latest-posts__post-date\">6. Dezember 2017<\/time><div class=\"wp-block-latest-posts__post-excerpt\">Auch die Gruppe &#8222;Backenh\u00f6rnchen&#8220; aus dem Stamm &#8222;Graf Otto von Orlam\u00fcnde&#8220; aus Himmelkron beteiligte sich an der Kampagne &#8222;Auf die Pl\u00e4tze gegen Hetze&#8220;. Mehrere Woche besch\u00e4ftigen sich die Pfadfinder*innen in\u2026\u00a0<a class=\"wp-block-latest-posts__read-more\" href=\"https:\/\/vcp.de\/pfadfinden\/auf-die-plaetze-gegen-hetze\/willkommen-ein-beitrag-zur-kampagne-auf-die-plaetze-gegen-hetze\/\" rel=\"noopener noreferrer\"><span class=\"screen-reader-text\">Willkommen! &#8211; Ein Beitrag zur Kampagne &#8222;Auf die Pl\u00e4tze gegen Hetze&#8220; <\/span>weiterlesen<\/a><\/div><\/li>\n<li><div class=\"wp-block-latest-posts__featured-image alignleft\"><a href=\"https:\/\/vcp.de\/pfadfinden\/auf-die-plaetze-gegen-hetze\/auf-die-plaetze-gegen-hetze-2\/\" aria-label=\"Auf die Pl\u00e4tze gegen Hetze!\"><img loading=\"lazy\" decoding=\"async\" width=\"150\" height=\"150\" src=\"https:\/\/vcp.de\/pfadfinden\/wp-content\/uploads\/2017\/12\/20171116_174812-150x150.jpg\" class=\"attachment-thumbnail size-thumbnail wp-post-image\" alt=\"\" style=\"\" srcset=\"https:\/\/vcp.de\/pfadfinden\/wp-content\/uploads\/2017\/12\/20171116_174812-150x150.jpg 150w, https:\/\/vcp.de\/pfadfinden\/wp-content\/uploads\/2017\/12\/20171116_174812-45x45.jpg 45w\" sizes=\"auto, (max-width: 150px) 100vw, 150px\" \/><\/a><\/div><a class=\"wp-block-latest-posts__post-title\" href=\"https:\/\/vcp.de\/pfadfinden\/auf-die-plaetze-gegen-hetze\/auf-die-plaetze-gegen-hetze-2\/\">Auf die Pl\u00e4tze gegen Hetze!<\/a><time datetime=\"2017-12-05T17:36:43+01:00\" class=\"wp-block-latest-posts__post-date\">5. Dezember 2017<\/time><div class=\"wp-block-latest-posts__post-excerpt\">Eine Gruppenstundenidee ausprobiert von Fabian Neubrand und Becci Haugwitz. &nbsp; Seit dem Bundeslager gibt es die Gruppenstundenhilfe zur Kampagne \u201eAuf die Pl\u00e4tze gegen Hetze!\u201c Viele Menschen (und vor allem Politiker*innen)\u2026\u00a0<a class=\"wp-block-latest-posts__read-more\" href=\"https:\/\/vcp.de\/pfadfinden\/auf-die-plaetze-gegen-hetze\/auf-die-plaetze-gegen-hetze-2\/\" rel=\"noopener noreferrer\"><span class=\"screen-reader-text\">Auf die Pl\u00e4tze gegen Hetze! <\/span>weiterlesen<\/a><\/div><\/li>\n<li><div class=\"wp-block-latest-posts__featured-image alignleft\"><a href=\"https:\/\/vcp.de\/pfadfinden\/auf-die-plaetze-gegen-hetze\/weil-wir-alle-verschieden-und-doch-gleich-sind\/\" aria-label=\"Weil wir alle verschieden und doch gleich sind\"><img loading=\"lazy\" decoding=\"async\" width=\"150\" height=\"150\" src=\"https:\/\/vcp.de\/pfadfinden\/wp-content\/uploads\/2017\/12\/20171116_174812-150x150.jpg\" class=\"attachment-thumbnail size-thumbnail wp-post-image\" alt=\"\" style=\"\" srcset=\"https:\/\/vcp.de\/pfadfinden\/wp-content\/uploads\/2017\/12\/20171116_174812-150x150.jpg 150w, https:\/\/vcp.de\/pfadfinden\/wp-content\/uploads\/2017\/12\/20171116_174812-45x45.jpg 45w\" sizes=\"auto, (max-width: 150px) 100vw, 150px\" \/><\/a><\/div><a class=\"wp-block-latest-posts__post-title\" href=\"https:\/\/vcp.de\/pfadfinden\/auf-die-plaetze-gegen-hetze\/weil-wir-alle-verschieden-und-doch-gleich-sind\/\">Weil wir alle verschieden und doch gleich sind<\/a><time datetime=\"2017-12-05T15:04:06+01:00\" class=\"wp-block-latest-posts__post-date\">5. Dezember 2017<\/time><div class=\"wp-block-latest-posts__post-excerpt\">Hallo ihr Interessierten, wir sind Kilian (10), Judy (7), Erika (8), Lavinia (8), unser Gast Arpi (8), Kira (7) und unsere Sippenf\u00fchrer*innen Sarah (17) &amp; Jecco (19). Zusammen sind wir\u2026\u00a0<a class=\"wp-block-latest-posts__read-more\" href=\"https:\/\/vcp.de\/pfadfinden\/auf-die-plaetze-gegen-hetze\/weil-wir-alle-verschieden-und-doch-gleich-sind\/\" rel=\"noopener noreferrer\"><span class=\"screen-reader-text\">Weil wir alle verschieden und doch gleich sind <\/span>weiterlesen<\/a><\/div><\/li>\n<li><a class=\"wp-block-latest-posts__post-title\" href=\"https:\/\/vcp.de\/pfadfinden\/allgemein\/rechtsextremismus-alphabet\/\">Rechtsextremismus-Alphabet<\/a><time datetime=\"2017-12-05T14:48:31+01:00\" class=\"wp-block-latest-posts__post-date\">5. Dezember 2017<\/time><div class=\"wp-block-latest-posts__post-excerpt\">Die Jungpfadfinderinnen der Sippe der Pandas aus dem Stamm Gottfried in Ebersberg hat sich in ihren Gruppenstunden mit dem Thema Rechtsextremismus besch\u00e4ftigt. Hierzu haben sie das &#8222;Rechtsextremismus-ABC&#8220; ausprobiert. Eine Methode\u2026\u00a0<a class=\"wp-block-latest-posts__read-more\" href=\"https:\/\/vcp.de\/pfadfinden\/allgemein\/rechtsextremismus-alphabet\/\" rel=\"noopener noreferrer\"><span class=\"screen-reader-text\">Rechtsextremismus-Alphabet <\/span>weiterlesen<\/a><\/div><\/li>\n<li><div class=\"wp-block-latest-posts__featured-image alignleft\"><a href=\"https:\/\/vcp.de\/pfadfinden\/allgemein\/obstsalat-mit-kartoffeln-gegen-hetze\/\" aria-label=\"Obstsalat mit Kartoffeln gegen Hetze\"><img loading=\"lazy\" decoding=\"async\" width=\"150\" height=\"150\" src=\"https:\/\/vcp.de\/pfadfinden\/wp-content\/uploads\/2017\/12\/IMG_0272batchedkl-150x150.jpg\" class=\"attachment-thumbnail size-thumbnail wp-post-image\" alt=\"\" style=\"\" srcset=\"https:\/\/vcp.de\/pfadfinden\/wp-content\/uploads\/2017\/12\/IMG_0272batchedkl-150x150.jpg 150w, https:\/\/vcp.de\/pfadfinden\/wp-content\/uploads\/2017\/12\/IMG_0272batchedkl-45x45.jpg 45w\" sizes=\"auto, (max-width: 150px) 100vw, 150px\" \/><\/a><\/div><a class=\"wp-block-latest-posts__post-title\" href=\"https:\/\/vcp.de\/pfadfinden\/allgemein\/obstsalat-mit-kartoffeln-gegen-hetze\/\">Obstsalat mit Kartoffeln gegen Hetze<\/a><time datetime=\"2017-12-05T14:28:13+01:00\" class=\"wp-block-latest-posts__post-date\">5. Dezember 2017<\/time><div class=\"wp-block-latest-posts__post-excerpt\">geschrieben von Anka (VCP Schleswig-Hostein) W\u00e4hrend des Kirchentages haben wir das erste Mal vom B\u00fcchlein \u201eAuf die Pl\u00e4tze gegen Hetze\u201c geh\u00f6rt. Sofort haben wir uns eines besorgt und haben Vorleserunden\u2026\u00a0<a class=\"wp-block-latest-posts__read-more\" href=\"https:\/\/vcp.de\/pfadfinden\/allgemein\/obstsalat-mit-kartoffeln-gegen-hetze\/\" rel=\"noopener noreferrer\"><span class=\"screen-reader-text\">Obstsalat mit Kartoffeln gegen Hetze <\/span>weiterlesen<\/a><\/div><\/li>\n<li><div class=\"wp-block-latest-posts__featured-image alignleft\"><a href=\"https:\/\/vcp.de\/pfadfinden\/auf-die-plaetze-gegen-hetze\/friedliches-miteinander-beitrag-zur-kampagne-auf-die-plaetze-gegen-hetze\/\" aria-label=\"Friedliches Miteinander &#8211; Beitrag zur Kampagne &#8222;Auf die Pl\u00e4tze gegen Hetze!&#8220;\"><img loading=\"lazy\" decoding=\"async\" width=\"150\" height=\"150\" src=\"https:\/\/vcp.de\/pfadfinden\/wp-content\/uploads\/2017\/10\/Auf-die-Pl\u00e4tze_Stamm-Barsb\u00fcttel-150x150.jpg\" class=\"attachment-thumbnail size-thumbnail wp-post-image\" alt=\"\" style=\"\" srcset=\"https:\/\/vcp.de\/pfadfinden\/wp-content\/uploads\/2017\/10\/Auf-die-Pl\u00e4tze_Stamm-Barsb\u00fcttel-150x150.jpg 150w, https:\/\/vcp.de\/pfadfinden\/wp-content\/uploads\/2017\/10\/Auf-die-Pl\u00e4tze_Stamm-Barsb\u00fcttel-45x45.jpg 45w\" sizes=\"auto, (max-width: 150px) 100vw, 150px\" \/><\/a><\/div><a class=\"wp-block-latest-posts__post-title\" href=\"https:\/\/vcp.de\/pfadfinden\/auf-die-plaetze-gegen-hetze\/friedliches-miteinander-beitrag-zur-kampagne-auf-die-plaetze-gegen-hetze\/\">Friedliches Miteinander &#8211; Beitrag zur Kampagne &#8222;Auf die Pl\u00e4tze gegen Hetze!&#8220;<\/a><time datetime=\"2017-10-23T16:42:41+02:00\" class=\"wp-block-latest-posts__post-date\">23. Oktober 2017<\/time><div class=\"wp-block-latest-posts__post-excerpt\">&nbsp; Die Leitungsrunde des VCP Stamm Martin-Luther-King\u00a0Barsb\u00fcttel hat ein Projekt zum Thema &#8222;Friedliches Miteinander&#8220; gemacht. Sie haben einen kleinen Kartoffelprotest organisiert und f\u00fcr ihre W\u00fcnsche f\u00fcr ein friedliches Miteinander demonstriert.\u2026\u00a0<a class=\"wp-block-latest-posts__read-more\" href=\"https:\/\/vcp.de\/pfadfinden\/auf-die-plaetze-gegen-hetze\/friedliches-miteinander-beitrag-zur-kampagne-auf-die-plaetze-gegen-hetze\/\" rel=\"noopener noreferrer\"><span class=\"screen-reader-text\">Friedliches Miteinander &#8211; Beitrag zur Kampagne &#8222;Auf die Pl\u00e4tze gegen Hetze!&#8220; <\/span>weiterlesen<\/a><\/div><\/li>\n<li><div class=\"wp-block-latest-posts__featured-image alignleft\"><a href=\"https:\/\/vcp.de\/pfadfinden\/auf-die-plaetze-gegen-hetze\/pfadfinden-ist-politisch\/\" aria-label=\"Pfadfinden ist politisch!\"><img loading=\"lazy\" decoding=\"async\" width=\"150\" height=\"150\" src=\"https:\/\/vcp.de\/pfadfinden\/wp-content\/uploads\/2017\/10\/IMG_20170909_152503-150x150.jpg\" class=\"attachment-thumbnail size-thumbnail wp-post-image\" alt=\"\" style=\"\" srcset=\"https:\/\/vcp.de\/pfadfinden\/wp-content\/uploads\/2017\/10\/IMG_20170909_152503-150x150.jpg 150w, https:\/\/vcp.de\/pfadfinden\/wp-content\/uploads\/2017\/10\/IMG_20170909_152503-45x45.jpg 45w\" sizes=\"auto, (max-width: 150px) 100vw, 150px\" \/><\/a><\/div><a class=\"wp-block-latest-posts__post-title\" href=\"https:\/\/vcp.de\/pfadfinden\/auf-die-plaetze-gegen-hetze\/pfadfinden-ist-politisch\/\">Pfadfinden ist politisch!<\/a><time datetime=\"2017-10-18T12:28:13+02:00\" class=\"wp-block-latest-posts__post-date\">18. Oktober 2017<\/time><div class=\"wp-block-latest-posts__post-excerpt\">Max Zeterberg: Hallo Georg! Du hast vor kurzem gemeinsam mit anderen Pfadis an einer Demonstration teilgenommen. Worum ging es dabei? Georg Dirlack: Um genau zu sein handelte es sich um\u2026\u00a0<a class=\"wp-block-latest-posts__read-more\" href=\"https:\/\/vcp.de\/pfadfinden\/auf-die-plaetze-gegen-hetze\/pfadfinden-ist-politisch\/\" rel=\"noopener noreferrer\"><span class=\"screen-reader-text\">Pfadfinden ist politisch! <\/span>weiterlesen<\/a><\/div><\/li>\n<li><div class=\"wp-block-latest-posts__featured-image alignleft\"><a href=\"https:\/\/vcp.de\/pfadfinden\/auf-die-plaetze-gegen-hetze\/wie-wir-mit-dem-wahlergebnis-umgehen-sollten\/\" aria-label=\"Wie wir mit dem Wahlergebnis umgehen sollten\"><img loading=\"lazy\" decoding=\"async\" width=\"150\" height=\"150\" src=\"https:\/\/vcp.de\/pfadfinden\/wp-content\/uploads\/2017\/09\/Kartoffel_Bula-150x150.jpg\" class=\"attachment-thumbnail size-thumbnail wp-post-image\" alt=\"\" style=\"\" srcset=\"https:\/\/vcp.de\/pfadfinden\/wp-content\/uploads\/2017\/09\/Kartoffel_Bula-150x150.jpg 150w, https:\/\/vcp.de\/pfadfinden\/wp-content\/uploads\/2017\/09\/Kartoffel_Bula-45x45.jpg 45w\" sizes=\"auto, (max-width: 150px) 100vw, 150px\" \/><\/a><\/div><a class=\"wp-block-latest-posts__post-title\" href=\"https:\/\/vcp.de\/pfadfinden\/auf-die-plaetze-gegen-hetze\/wie-wir-mit-dem-wahlergebnis-umgehen-sollten\/\">Wie wir mit dem Wahlergebnis umgehen sollten<\/a><time datetime=\"2017-09-28T19:35:05+02:00\" class=\"wp-block-latest-posts__post-date\">28. September 2017<\/time><div class=\"wp-block-latest-posts__post-excerpt\">Am vergangenen Sonntag wurde ein neuer Bundestag gew\u00e4hlt. Erstmals zieht nun auch die \u201eAlternative f\u00fcr Deutschland\u201c (AfD) in den Bundestag ein. Unter den 94 Abgeordneten der AfD sind auch Politiker*innen,\u2026\u00a0<a class=\"wp-block-latest-posts__read-more\" href=\"https:\/\/vcp.de\/pfadfinden\/auf-die-plaetze-gegen-hetze\/wie-wir-mit-dem-wahlergebnis-umgehen-sollten\/\" rel=\"noopener noreferrer\"><span class=\"screen-reader-text\">Wie wir mit dem Wahlergebnis umgehen sollten <\/span>weiterlesen<\/a><\/div><\/li>\n<li><div class=\"wp-block-latest-posts__featured-image alignleft\"><a href=\"https:\/\/vcp.de\/pfadfinden\/aus-dem-verband\/fuer-ranger-und-rover-analyse-und-kritik-des-wahlprogramms-der-afd\/\" aria-label=\"F\u00fcr Ranger und Rover: \u201eAnalyse und Kritik des Wahlprogramms der AfD\u201c\"><img loading=\"lazy\" decoding=\"async\" width=\"150\" height=\"150\" src=\"https:\/\/vcp.de\/pfadfinden\/wp-content\/uploads\/2017\/09\/DSC08356-150x150.jpg\" class=\"attachment-thumbnail size-thumbnail wp-post-image\" alt=\"\" style=\"\" srcset=\"https:\/\/vcp.de\/pfadfinden\/wp-content\/uploads\/2017\/09\/DSC08356-150x150.jpg 150w, https:\/\/vcp.de\/pfadfinden\/wp-content\/uploads\/2017\/09\/DSC08356-45x45.jpg 45w\" sizes=\"auto, (max-width: 150px) 100vw, 150px\" \/><\/a><\/div><a class=\"wp-block-latest-posts__post-title\" href=\"https:\/\/vcp.de\/pfadfinden\/aus-dem-verband\/fuer-ranger-und-rover-analyse-und-kritik-des-wahlprogramms-der-afd\/\">F\u00fcr Ranger und Rover: \u201eAnalyse und Kritik des Wahlprogramms der AfD\u201c<\/a><time datetime=\"2017-09-12T12:40:33+02:00\" class=\"wp-block-latest-posts__post-date\">12. September 2017<\/time><div class=\"wp-block-latest-posts__post-excerpt\">&nbsp; In unserem anderen Beitrag Richtig (pfadfinderisch) w\u00e4hlen! haben wir bereits vorgeschlagen, Wahlprogramme aus einem pfadfinderischen Blickwinkel zu diskutieren. In Bezug auf die selbsternannte Alternative f\u00fcr Deutschland (AfD) ist dieses\u2026\u00a0<a class=\"wp-block-latest-posts__read-more\" href=\"https:\/\/vcp.de\/pfadfinden\/aus-dem-verband\/fuer-ranger-und-rover-analyse-und-kritik-des-wahlprogramms-der-afd\/\" rel=\"noopener noreferrer\"><span class=\"screen-reader-text\">F\u00fcr Ranger und Rover: \u201eAnalyse und Kritik des Wahlprogramms der AfD\u201c <\/span>weiterlesen<\/a><\/div><\/li>\n<li><div class=\"wp-block-latest-posts__featured-image alignleft\"><a href=\"https:\/\/vcp.de\/pfadfinden\/aus-dem-verband\/gruppenstunden-ideen-zur-bundestagswahl\/\" aria-label=\"Gruppenstunden-Ideen zur Bundestagswahl\"><img loading=\"lazy\" decoding=\"async\" width=\"150\" height=\"150\" src=\"https:\/\/vcp.de\/pfadfinden\/wp-content\/uploads\/2017\/09\/20170801-IMGP9439-150x150.jpg\" class=\"attachment-thumbnail size-thumbnail wp-post-image\" alt=\"\" style=\"\" srcset=\"https:\/\/vcp.de\/pfadfinden\/wp-content\/uploads\/2017\/09\/20170801-IMGP9439-150x150.jpg 150w, https:\/\/vcp.de\/pfadfinden\/wp-content\/uploads\/2017\/09\/20170801-IMGP9439-45x45.jpg 45w\" sizes=\"auto, (max-width: 150px) 100vw, 150px\" \/><\/a><\/div><a class=\"wp-block-latest-posts__post-title\" href=\"https:\/\/vcp.de\/pfadfinden\/aus-dem-verband\/gruppenstunden-ideen-zur-bundestagswahl\/\">Gruppenstunden-Ideen zur Bundestagswahl<\/a><time datetime=\"2017-09-12T12:35:01+02:00\" class=\"wp-block-latest-posts__post-date\">12. September 2017<\/time><div class=\"wp-block-latest-posts__post-excerpt\">&nbsp; Am 24. September ist Bundestagswahl. Wer schon 18 Jahre alt ist, darf dann ihre*seine Stimme im Wahllokal oder im Voraus per Briefwahl abgeben. F\u00fcr alle, die j\u00fcnger sind gibt\u2026\u00a0<a class=\"wp-block-latest-posts__read-more\" href=\"https:\/\/vcp.de\/pfadfinden\/aus-dem-verband\/gruppenstunden-ideen-zur-bundestagswahl\/\" rel=\"noopener noreferrer\"><span class=\"screen-reader-text\">Gruppenstunden-Ideen zur Bundestagswahl <\/span>weiterlesen<\/a><\/div><\/li>\n<li><div class=\"wp-block-latest-posts__featured-image alignleft\"><a href=\"https:\/\/vcp.de\/pfadfinden\/auf-die-plaetze-gegen-hetze\/auf-die-plaetze-gegen-hetze-als-teil-der-weltausstellung-reformation\/\" aria-label=\"Auf die Pl\u00e4tze gegen Hetze als Teil der Weltausstellung Reformation\"><img loading=\"lazy\" decoding=\"async\" width=\"150\" height=\"150\" src=\"https:\/\/vcp.de\/pfadfinden\/wp-content\/uploads\/2017\/08\/Banner-150x150.jpg\" class=\"attachment-thumbnail size-thumbnail wp-post-image\" alt=\"\" style=\"\" srcset=\"https:\/\/vcp.de\/pfadfinden\/wp-content\/uploads\/2017\/08\/Banner-150x150.jpg 150w, https:\/\/vcp.de\/pfadfinden\/wp-content\/uploads\/2017\/08\/Banner-45x45.jpg 45w\" sizes=\"auto, (max-width: 150px) 100vw, 150px\" \/><\/a><\/div><a class=\"wp-block-latest-posts__post-title\" href=\"https:\/\/vcp.de\/pfadfinden\/auf-die-plaetze-gegen-hetze\/auf-die-plaetze-gegen-hetze-als-teil-der-weltausstellung-reformation\/\">Auf die Pl\u00e4tze gegen Hetze als Teil der Weltausstellung Reformation<\/a><time datetime=\"2017-08-30T09:40:15+02:00\" class=\"wp-block-latest-posts__post-date\">30. August 2017<\/time><div class=\"wp-block-latest-posts__post-excerpt\">von Rebecca Haugwitz Im Rahmen des Bundeslagers Weitblick 2017 boten verschiedene Akademien eine Vielzahl unterschiedlichster Workshops an: Das Angebot reichte von Traumf\u00e4nger basteln \u00fcber Manik\u00fcre und Samenbomben herstellen bis hin\u2026\u00a0<a class=\"wp-block-latest-posts__read-more\" href=\"https:\/\/vcp.de\/pfadfinden\/auf-die-plaetze-gegen-hetze\/auf-die-plaetze-gegen-hetze-als-teil-der-weltausstellung-reformation\/\" rel=\"noopener noreferrer\"><span class=\"screen-reader-text\">Auf die Pl\u00e4tze gegen Hetze als Teil der Weltausstellung Reformation <\/span>weiterlesen<\/a><\/div><\/li>\n<li><div class=\"wp-block-latest-posts__featured-image alignleft\"><a href=\"https:\/\/vcp.de\/pfadfinden\/auf-die-plaetze-gegen-hetze\/auf-die-plaetze-gegen-hetze\/\" aria-label=\"Auf die Pl\u00e4tze gegen Hetze!\"><img loading=\"lazy\" decoding=\"async\" width=\"150\" height=\"150\" src=\"https:\/\/vcp.de\/pfadfinden\/wp-content\/uploads\/2017\/08\/17_VCP_HR_Auf-die-Plaetze-gegen-Hetze_WEB-150x150.jpg\" class=\"attachment-thumbnail size-thumbnail wp-post-image\" alt=\"\" style=\"\" srcset=\"https:\/\/vcp.de\/pfadfinden\/wp-content\/uploads\/2017\/08\/17_VCP_HR_Auf-die-Plaetze-gegen-Hetze_WEB-150x150.jpg 150w, https:\/\/vcp.de\/pfadfinden\/wp-content\/uploads\/2017\/08\/17_VCP_HR_Auf-die-Plaetze-gegen-Hetze_WEB-45x45.jpg 45w\" sizes=\"auto, (max-width: 150px) 100vw, 150px\" \/><\/a><\/div><a class=\"wp-block-latest-posts__post-title\" href=\"https:\/\/vcp.de\/pfadfinden\/auf-die-plaetze-gegen-hetze\/auf-die-plaetze-gegen-hetze\/\">Auf die Pl\u00e4tze gegen Hetze!<\/a><time datetime=\"2017-08-23T09:24:46+02:00\" class=\"wp-block-latest-posts__post-date\">23. August 2017<\/time><div class=\"wp-block-latest-posts__post-excerpt\">Die Handreichung zur Kampagne \u201eAuf die Pl\u00e4tze gegen Hetze\u201c ist erschienen! Die Handreichung bietet f\u00fcnf ausgearbeitete Gruppenstunden f\u00fcr Pfadfinder*innen sowie Ranger und Rover. Sie bieten allen Teilnehmer*innen die M\u00f6glichkeit sich\u2026\u00a0<a class=\"wp-block-latest-posts__read-more\" href=\"https:\/\/vcp.de\/pfadfinden\/auf-die-plaetze-gegen-hetze\/auf-die-plaetze-gegen-hetze\/\" rel=\"noopener noreferrer\"><span class=\"screen-reader-text\">Auf die Pl\u00e4tze gegen Hetze! <\/span>weiterlesen<\/a><\/div><\/li>\n<li><div class=\"wp-block-latest-posts__featured-image alignleft\"><a href=\"https:\/\/vcp.de\/pfadfinden\/auf-die-plaetze-gegen-hetze\/auf-die-plaetze-gegen-hetze-auch-auf-dem-bundeslager\/\" aria-label=\"Auf die Pl\u00e4tze gegen Hetze! &#8211; Auch auf dem Bundeslager!\"><img loading=\"lazy\" decoding=\"async\" width=\"150\" height=\"150\" src=\"https:\/\/vcp.de\/pfadfinden\/wp-content\/uploads\/2017\/06\/Badge.2_rte_zeichen-noch-gro\u0308\u00dfer_5mm-150x150.jpg\" class=\"attachment-thumbnail size-thumbnail wp-post-image\" alt=\"\" style=\"\" srcset=\"https:\/\/vcp.de\/pfadfinden\/wp-content\/uploads\/2017\/06\/Badge.2_rte_zeichen-noch-gro\u0308\u00dfer_5mm-150x150.jpg 150w, https:\/\/vcp.de\/pfadfinden\/wp-content\/uploads\/2017\/06\/Badge.2_rte_zeichen-noch-gro\u0308\u00dfer_5mm-300x300.jpg 300w, https:\/\/vcp.de\/pfadfinden\/wp-content\/uploads\/2017\/06\/Badge.2_rte_zeichen-noch-gro\u0308\u00dfer_5mm-45x45.jpg 45w, https:\/\/vcp.de\/pfadfinden\/wp-content\/uploads\/2017\/06\/Badge.2_rte_zeichen-noch-gro\u0308\u00dfer_5mm.jpg 393w\" sizes=\"auto, (max-width: 150px) 100vw, 150px\" \/><\/a><\/div><a class=\"wp-block-latest-posts__post-title\" href=\"https:\/\/vcp.de\/pfadfinden\/auf-die-plaetze-gegen-hetze\/auf-die-plaetze-gegen-hetze-auch-auf-dem-bundeslager\/\">Auf die Pl\u00e4tze gegen Hetze! &#8211; Auch auf dem Bundeslager!<\/a><time datetime=\"2017-07-26T15:26:05+02:00\" class=\"wp-block-latest-posts__post-date\">26. Juli 2017<\/time><div class=\"wp-block-latest-posts__post-excerpt\">Angebote der Akademie \u201eAuf die Pl\u00e4tze gegen Hetze!\u201cAuch auf dem Bundeslager macht der VCP deutlich: Wir sind aktiv und positionieren uns \u00f6ffentlich gegen Hetze!In der Akademie \u201eAuf die Pl\u00e4tze gegen\u2026\u00a0<a class=\"wp-block-latest-posts__read-more\" href=\"https:\/\/vcp.de\/pfadfinden\/auf-die-plaetze-gegen-hetze\/auf-die-plaetze-gegen-hetze-auch-auf-dem-bundeslager\/\" rel=\"noopener noreferrer\"><span class=\"screen-reader-text\">Auf die Pl\u00e4tze gegen Hetze! &#8211; Auch auf dem Bundeslager! <\/span>weiterlesen<\/a><\/div><\/li>\n<li><div class=\"wp-block-latest-posts__featured-image alignleft\"><a href=\"https:\/\/vcp.de\/pfadfinden\/allgemein\/vcp-bundesversammlung-positioniert-sich-gegen-hetze\/\" aria-label=\"VCP-Bundesversammlung positioniert sich gegen Hetze!\"><img loading=\"lazy\" decoding=\"async\" width=\"150\" height=\"150\" src=\"https:\/\/vcp.de\/pfadfinden\/wp-content\/uploads\/2017\/07\/35236069711_f0b32dce24_o-150x150.jpg\" class=\"attachment-thumbnail size-thumbnail wp-post-image\" alt=\"\" style=\"\" srcset=\"https:\/\/vcp.de\/pfadfinden\/wp-content\/uploads\/2017\/07\/35236069711_f0b32dce24_o-150x150.jpg 150w, https:\/\/vcp.de\/pfadfinden\/wp-content\/uploads\/2017\/07\/35236069711_f0b32dce24_o-45x45.jpg 45w\" sizes=\"auto, (max-width: 150px) 100vw, 150px\" \/><\/a><\/div><a class=\"wp-block-latest-posts__post-title\" href=\"https:\/\/vcp.de\/pfadfinden\/allgemein\/vcp-bundesversammlung-positioniert-sich-gegen-hetze\/\">VCP-Bundesversammlung positioniert sich gegen Hetze!<\/a><time datetime=\"2017-07-05T14:32:00+02:00\" class=\"wp-block-latest-posts__post-date\">5. Juli 2017<\/time><div class=\"wp-block-latest-posts__post-excerpt\">von Max Zeterberg 47. VCP-Bundesversammlung: Wir sind gegen Hetze! Die Bundesversammlung des VCP positionierte sich im Jahr 2016 mit dem Beschluss \u201eAuf gute Nachbarschaft\u201c deutlich gegen Rechtspopulismus und Rechtsextremismus. Dieses\u2026\u00a0<a class=\"wp-block-latest-posts__read-more\" href=\"https:\/\/vcp.de\/pfadfinden\/allgemein\/vcp-bundesversammlung-positioniert-sich-gegen-hetze\/\" rel=\"noopener noreferrer\"><span class=\"screen-reader-text\">VCP-Bundesversammlung positioniert sich gegen Hetze! <\/span>weiterlesen<\/a><\/div><\/li>\n<li><div class=\"wp-block-latest-posts__featured-image alignleft\"><a href=\"https:\/\/vcp.de\/pfadfinden\/auf-die-plaetze-gegen-hetze\/beteiligt-euch-an-der-kampagne-auf-die-plaetze-gegen-hetze\/\" aria-label=\"Beteiligt euch an der Kampagne \u201eAuf die Pl\u00e4tze gegen Hetze!\u201c\"><img loading=\"lazy\" decoding=\"async\" width=\"150\" height=\"150\" src=\"https:\/\/vcp.de\/pfadfinden\/wp-content\/uploads\/2017\/06\/Badge.2_rte_zeichen-noch-gro\u0308\u00dfer_5mm-150x150.jpg\" class=\"attachment-thumbnail size-thumbnail wp-post-image\" alt=\"\" style=\"\" srcset=\"https:\/\/vcp.de\/pfadfinden\/wp-content\/uploads\/2017\/06\/Badge.2_rte_zeichen-noch-gro\u0308\u00dfer_5mm-150x150.jpg 150w, https:\/\/vcp.de\/pfadfinden\/wp-content\/uploads\/2017\/06\/Badge.2_rte_zeichen-noch-gro\u0308\u00dfer_5mm-300x300.jpg 300w, https:\/\/vcp.de\/pfadfinden\/wp-content\/uploads\/2017\/06\/Badge.2_rte_zeichen-noch-gro\u0308\u00dfer_5mm-45x45.jpg 45w, https:\/\/vcp.de\/pfadfinden\/wp-content\/uploads\/2017\/06\/Badge.2_rte_zeichen-noch-gro\u0308\u00dfer_5mm.jpg 393w\" sizes=\"auto, (max-width: 150px) 100vw, 150px\" \/><\/a><\/div><a class=\"wp-block-latest-posts__post-title\" href=\"https:\/\/vcp.de\/pfadfinden\/auf-die-plaetze-gegen-hetze\/beteiligt-euch-an-der-kampagne-auf-die-plaetze-gegen-hetze\/\">Beteiligt euch an der Kampagne \u201eAuf die Pl\u00e4tze gegen Hetze!\u201c<\/a><time datetime=\"2017-07-05T10:48:23+02:00\" class=\"wp-block-latest-posts__post-date\">5. Juli 2017<\/time><div class=\"wp-block-latest-posts__post-excerpt\">Auf der Bundesversammlung 2016 beschloss der VCP sich aktiv gegen Rechtsextremismus und Rechtspopulismus zu positionieren. Bei dem Beschluss soll es aber nicht bleiben, denn der VCP kann mehr! Als Kinder-\u2026\u00a0<a class=\"wp-block-latest-posts__read-more\" href=\"https:\/\/vcp.de\/pfadfinden\/auf-die-plaetze-gegen-hetze\/beteiligt-euch-an-der-kampagne-auf-die-plaetze-gegen-hetze\/\" rel=\"noopener noreferrer\"><span class=\"screen-reader-text\">Beteiligt euch an der Kampagne \u201eAuf die Pl\u00e4tze gegen Hetze!\u201c <\/span>weiterlesen<\/a><\/div><\/li>\n<li><div class=\"wp-block-latest-posts__featured-image alignleft\"><a href=\"https:\/\/vcp.de\/pfadfinden\/auf-die-plaetze-gegen-hetze\/statements-zur-aktion-auf-die-plaetze-gegen-hetze\/\" aria-label=\"Statements zur Aktion &#8222;Auf die Pl\u00e4tze gegen Hetze&#8220;\"><img loading=\"lazy\" decoding=\"async\" width=\"150\" height=\"150\" src=\"https:\/\/vcp.de\/pfadfinden\/wp-content\/uploads\/2017\/06\/Bildschirmfoto-vom-2017-06-21-11-54-14-150x150.png\" class=\"attachment-thumbnail size-thumbnail wp-post-image\" alt=\"\" style=\"\" srcset=\"https:\/\/vcp.de\/pfadfinden\/wp-content\/uploads\/2017\/06\/Bildschirmfoto-vom-2017-06-21-11-54-14-150x150.png 150w, https:\/\/vcp.de\/pfadfinden\/wp-content\/uploads\/2017\/06\/Bildschirmfoto-vom-2017-06-21-11-54-14-45x45.png 45w\" sizes=\"auto, (max-width: 150px) 100vw, 150px\" \/><\/a><\/div><a class=\"wp-block-latest-posts__post-title\" href=\"https:\/\/vcp.de\/pfadfinden\/auf-die-plaetze-gegen-hetze\/statements-zur-aktion-auf-die-plaetze-gegen-hetze\/\">Statements zur Aktion &#8222;Auf die Pl\u00e4tze gegen Hetze&#8220;<\/a><time datetime=\"2017-06-17T17:30:06+02:00\" class=\"wp-block-latest-posts__post-date\">17. Juni 2017<\/time><div class=\"wp-block-latest-posts__post-excerpt\">Wir haben einige Statements zur Aktion &#8222;Auf die Pl\u00e4tze gegen Hetze&#8220; auf der #vcpbv17 gesammelt. Sie sehen gerade einen Platzhalterinhalt von Vimeo. Um auf den eigentlichen Inhalt zuzugreifen, klicken Sie\u2026\u00a0<a class=\"wp-block-latest-posts__read-more\" href=\"https:\/\/vcp.de\/pfadfinden\/auf-die-plaetze-gegen-hetze\/statements-zur-aktion-auf-die-plaetze-gegen-hetze\/\" rel=\"noopener noreferrer\"><span class=\"screen-reader-text\">Statements zur Aktion &#8222;Auf die Pl\u00e4tze gegen Hetze&#8220; <\/span>weiterlesen<\/a><\/div><\/li>\n<li><div class=\"wp-block-latest-posts__featured-image alignleft\"><a href=\"https:\/\/vcp.de\/pfadfinden\/aus-dem-verband\/was-macht-der-vcp-gegen-rechts-podiumsdiskussion-beim-kirchentag\/\" aria-label=\"Was macht der VCP gegen Rechts? Podiumsdiskussion beim Kirchentag\"><img loading=\"lazy\" decoding=\"async\" width=\"150\" height=\"150\" src=\"https:\/\/vcp.de\/pfadfinden\/wp-content\/uploads\/2017\/06\/18673075_10155905379467119_1759936234102931527_o-150x150.jpg\" class=\"attachment-thumbnail size-thumbnail wp-post-image\" alt=\"\" style=\"\" srcset=\"https:\/\/vcp.de\/pfadfinden\/wp-content\/uploads\/2017\/06\/18673075_10155905379467119_1759936234102931527_o-150x150.jpg 150w, https:\/\/vcp.de\/pfadfinden\/wp-content\/uploads\/2017\/06\/18673075_10155905379467119_1759936234102931527_o-45x45.jpg 45w\" sizes=\"auto, (max-width: 150px) 100vw, 150px\" \/><\/a><\/div><a class=\"wp-block-latest-posts__post-title\" href=\"https:\/\/vcp.de\/pfadfinden\/aus-dem-verband\/was-macht-der-vcp-gegen-rechts-podiumsdiskussion-beim-kirchentag\/\">Was macht der VCP gegen Rechts? Podiumsdiskussion beim Kirchentag<\/a><time datetime=\"2017-06-02T11:16:08+02:00\" class=\"wp-block-latest-posts__post-date\">2. Juni 2017<\/time><div class=\"wp-block-latest-posts__post-excerpt\">Von Mareike Schwartz Darf ich mit meiner Gruppe in Kluft auf eine Demo gegen Rechts? Wie gehen wir mit der AfD um? Und was ist mit rechten Menschen in den\u2026\u00a0<a class=\"wp-block-latest-posts__read-more\" href=\"https:\/\/vcp.de\/pfadfinden\/aus-dem-verband\/was-macht-der-vcp-gegen-rechts-podiumsdiskussion-beim-kirchentag\/\" rel=\"noopener noreferrer\"><span class=\"screen-reader-text\">Was macht der VCP gegen Rechts? Podiumsdiskussion beim Kirchentag <\/span>weiterlesen<\/a><\/div><\/li>\n<li><div class=\"wp-block-latest-posts__featured-image alignleft\"><a href=\"https:\/\/vcp.de\/pfadfinden\/aus-dem-verband\/die-kampagne-auf-die-plaetze-gegen-hetze-ist-gestartet\/\" aria-label=\"Die Kampagne \u201eAuf die Pl\u00e4tze gegen Hetze\u201c ist gestartet\"><img loading=\"lazy\" decoding=\"async\" width=\"150\" height=\"150\" src=\"https:\/\/vcp.de\/pfadfinden\/wp-content\/uploads\/2017\/05\/DSC01503-150x150.jpg\" class=\"attachment-thumbnail size-thumbnail wp-post-image\" alt=\"\" style=\"\" srcset=\"https:\/\/vcp.de\/pfadfinden\/wp-content\/uploads\/2017\/05\/DSC01503-150x150.jpg 150w, https:\/\/vcp.de\/pfadfinden\/wp-content\/uploads\/2017\/05\/DSC01503-45x45.jpg 45w\" sizes=\"auto, (max-width: 150px) 100vw, 150px\" \/><\/a><\/div><a class=\"wp-block-latest-posts__post-title\" href=\"https:\/\/vcp.de\/pfadfinden\/aus-dem-verband\/die-kampagne-auf-die-plaetze-gegen-hetze-ist-gestartet\/\">Die Kampagne \u201eAuf die Pl\u00e4tze gegen Hetze\u201c ist gestartet<\/a><time datetime=\"2017-05-25T18:45:05+02:00\" class=\"wp-block-latest-posts__post-date\">25. Mai 2017<\/time><div class=\"wp-block-latest-posts__post-excerpt\">Pfadfinder*innen setzen sich f\u00fcr Demokratie, Gerechtigkeit und Solidarit\u00e4t ein. Das zeigen aktuell die vielen Helfer*innen auf dem 36. Deutschen Evangelischen Kirchentag \u2013 und die Kampagne \u201eAuf die Pl\u00e4tze gegen Hetze\u201c,\u2026\u00a0<a class=\"wp-block-latest-posts__read-more\" href=\"https:\/\/vcp.de\/pfadfinden\/aus-dem-verband\/die-kampagne-auf-die-plaetze-gegen-hetze-ist-gestartet\/\" rel=\"noopener noreferrer\"><span class=\"screen-reader-text\">Die Kampagne \u201eAuf die Pl\u00e4tze gegen Hetze\u201c ist gestartet <\/span>weiterlesen<\/a><\/div><\/li>\n<li><div class=\"wp-block-latest-posts__featured-image alignleft\"><a href=\"https:\/\/vcp.de\/pfadfinden\/allgemein\/die-projektgruppe-auf-gute-nachbarschaft-braucht-eure-unterstuetzung\/\" aria-label=\"Die Projektgruppe &#8222;Auf gute Nachbarschaft&#8220; braucht eure Unterst\u00fctzung\"><img loading=\"lazy\" decoding=\"async\" width=\"150\" height=\"150\" src=\"https:\/\/vcp.de\/pfadfinden\/wp-content\/uploads\/2017\/03\/AUF-DIE-PL\u00c4TZE-GEGEN-HETZE-150x150.jpg\" class=\"attachment-thumbnail size-thumbnail wp-post-image\" alt=\"\" style=\"\" srcset=\"https:\/\/vcp.de\/pfadfinden\/wp-content\/uploads\/2017\/03\/AUF-DIE-PL\u00c4TZE-GEGEN-HETZE-150x150.jpg 150w, https:\/\/vcp.de\/pfadfinden\/wp-content\/uploads\/2017\/03\/AUF-DIE-PL\u00c4TZE-GEGEN-HETZE-45x45.jpg 45w\" sizes=\"auto, (max-width: 150px) 100vw, 150px\" \/><\/a><\/div><a class=\"wp-block-latest-posts__post-title\" href=\"https:\/\/vcp.de\/pfadfinden\/allgemein\/die-projektgruppe-auf-gute-nachbarschaft-braucht-eure-unterstuetzung\/\">Die Projektgruppe &#8222;Auf gute Nachbarschaft&#8220; braucht eure Unterst\u00fctzung<\/a><time datetime=\"2017-02-07T12:14:24+01:00\" class=\"wp-block-latest-posts__post-date\">7. Februar 2017<\/time><div class=\"wp-block-latest-posts__post-excerpt\">Auf dem Bundeslager werden viele Mitarbeitende ben\u00f6tigt. Auch die Projektgruppe \u201eAuf gute Nachbarschaft\u201c ist auf der Suche nach motivierten Helferinnen und Helfern. Im Programmzentrum \u201eAuf die Pl\u00e4tze gegen Hetze\u201c sollen\u2026\u00a0<a class=\"wp-block-latest-posts__read-more\" href=\"https:\/\/vcp.de\/pfadfinden\/allgemein\/die-projektgruppe-auf-gute-nachbarschaft-braucht-eure-unterstuetzung\/\" rel=\"noopener noreferrer\"><span class=\"screen-reader-text\">Die Projektgruppe &#8222;Auf gute Nachbarschaft&#8220; braucht eure Unterst\u00fctzung <\/span>weiterlesen<\/a><\/div><\/li>\n<li><div class=\"wp-block-latest-posts__featured-image alignleft\"><a href=\"https:\/\/vcp.de\/pfadfinden\/aus-dem-verband\/neue-projektgruppe-arbeitet-zum-bundesversammlungsbeschluss-auf-gute-nachbarschaft\/\" aria-label=\"Neue Projektgruppe arbeitet zum Bundesversammlungsbeschluss &#8222;Auf gute Nachbarschaft&#8220;\"><img loading=\"lazy\" decoding=\"async\" width=\"150\" height=\"150\" src=\"https:\/\/vcp.de\/pfadfinden\/wp-content\/uploads\/2016\/12\/DSC01192-150x150.jpg\" class=\"attachment-thumbnail size-thumbnail wp-post-image\" alt=\"\" style=\"\" srcset=\"https:\/\/vcp.de\/pfadfinden\/wp-content\/uploads\/2016\/12\/DSC01192-150x150.jpg 150w, https:\/\/vcp.de\/pfadfinden\/wp-content\/uploads\/2016\/12\/DSC01192-45x45.jpg 45w\" sizes=\"auto, (max-width: 150px) 100vw, 150px\" \/><\/a><\/div><a class=\"wp-block-latest-posts__post-title\" href=\"https:\/\/vcp.de\/pfadfinden\/aus-dem-verband\/neue-projektgruppe-arbeitet-zum-bundesversammlungsbeschluss-auf-gute-nachbarschaft\/\">Neue Projektgruppe arbeitet zum Bundesversammlungsbeschluss &#8222;Auf gute Nachbarschaft&#8220;<\/a><time datetime=\"2016-12-06T11:14:50+01:00\" class=\"wp-block-latest-posts__post-date\">6. Dezember 2016<\/time><div class=\"wp-block-latest-posts__post-excerpt\">von Rebecca Haugwitz Im September setzten sich auf Grundlage des Beschlusses \u201eAuf gute Nachbarschaft \u2013 der VCP: weltoffen, tolerant und gegen Diskriminierung!\u201c der diesj\u00e4hrigen Bundesversammlung interessierte Pfadis zum \u201eRunden Tisch\u201c\u2026\u00a0<a class=\"wp-block-latest-posts__read-more\" href=\"https:\/\/vcp.de\/pfadfinden\/aus-dem-verband\/neue-projektgruppe-arbeitet-zum-bundesversammlungsbeschluss-auf-gute-nachbarschaft\/\" rel=\"noopener noreferrer\"><span class=\"screen-reader-text\">Neue Projektgruppe arbeitet zum Bundesversammlungsbeschluss &#8222;Auf gute Nachbarschaft&#8220; <\/span>weiterlesen<\/a><\/div><\/li>\n<\/ul>","protected":false},"excerpt":{"rendered":"","protected":false},"author":3,"featured_media":0,"parent":6684,"menu_order":0,"comment_status":"closed","ping_status":"closed","template":"","meta":{"_acf_changed":false,"inline_featured_image":false,"footnotes":""},"class_list":["post-6719","page","type-page","status-publish","hentry"],"acf":[],"_links":{"self":[{"href":"https:\/\/vcp.de\/pfadfinden\/wp-json\/wp\/v2\/pages\/6719","targetHints":{"allow":["GET"]}}],"collection":[{"href":"https:\/\/vcp.de\/pfadfinden\/wp-json\/wp\/v2\/pages"}],"about":[{"href":"https:\/\/vcp.de\/pfadfinden\/wp-json\/wp\/v2\/types\/page"}],"author":[{"embeddable":true,"href":"https:\/\/vcp.de\/pfadfinden\/wp-json\/wp\/v2\/users\/3"}],"replies":[{"embeddable":true,"href":"https:\/\/vcp.de\/pfadfinden\/wp-json\/wp\/v2\/comments?post=6719"}],"version-history":[{"count":1,"href":"https:\/\/vcp.de\/pfadfinden\/wp-json\/wp\/v2\/pages\/6719\/revisions"}],"predecessor-version":[{"id":36233,"href":"https:\/\/vcp.de\/pfadfinden\/wp-json\/wp\/v2\/pages\/6719\/revisions\/36233"}],"up":[{"embeddable":true,"href":"https:\/\/vcp.de\/pfadfinden\/wp-json\/wp\/v2\/pages\/6684"}],"wp:attachment":[{"href":"https:\/\/vcp.de\/pfadfinden\/wp-json\/wp\/v2\/media?parent=6719"}],"curies":[{"name":"wp","href":"https:\/\/api.w.org\/{rel}","templated":true}]}}