{"id":4739,"date":"2016-06-04T11:55:20","date_gmt":"2016-06-04T09:55:20","guid":{"rendered":"http:\/\/www.vcp.de\/pfadfinden\/?page_id=4739"},"modified":"2024-09-14T16:44:59","modified_gmt":"2024-09-14T14:44:59","slug":"unterwegs","status":"publish","type":"page","link":"https:\/\/vcp.de\/pfadfinden\/miles\/unterwegs\/","title":{"rendered":"Unterwegs"},"content":{"rendered":"<p>[osm_map_v3 map_center=&#8220;48.857,2.352&#8243; zoom=&#8220;2&#8243; width=&#8220;100%&#8220; height=&#8220;450&#8243; file_list=&#8220;https:\/\/www.vcp.de\/pfadfinden\/wp-content\/uploads\/kml\/Miles.kml&#8220;]<\/p>\n\n\n\n<div class=\"wp-block-query is-layout-flow wp-block-query-is-layout-flow\"><ul class=\"wp-block-post-template is-layout-flow wp-block-post-template-is-layout-flow\"><li class=\"wp-block-post post-10385 post type-post status-publish format-standard has-post-thumbnail hentry category-internationales category-miles\">\n\n<div class=\"wp-block-columns is-layout-flex wp-container-core-columns-is-layout-9d6595d7 wp-block-columns-is-layout-flex\">\n<div class=\"wp-block-column is-layout-flow wp-block-column-is-layout-flow\" style=\"flex-basis:33.33%\"><figure style=\"aspect-ratio:1;width:200px;\" class=\"aligncenter wp-block-post-featured-image\"><a href=\"https:\/\/vcp.de\/pfadfinden\/internationales\/miles-begleitet-ginsheimer-pfadfinerinnen-nach-estland\/\" target=\"_self\"  ><img loading=\"lazy\" decoding=\"async\" width=\"1600\" height=\"1200\" src=\"https:\/\/vcp.de\/pfadfinden\/wp-content\/uploads\/2018\/07\/IMG-20180704-WA0057.jpg\" class=\"attachment-post-thumbnail size-post-thumbnail wp-post-image\" alt=\"Miles begleitet Ginsheimer Pfadfinder*innen nach Estland\" style=\"width:100%;height:100%;object-fit:cover;\" srcset=\"https:\/\/vcp.de\/pfadfinden\/wp-content\/uploads\/2018\/07\/IMG-20180704-WA0057.jpg 1600w, https:\/\/vcp.de\/pfadfinden\/wp-content\/uploads\/2018\/07\/IMG-20180704-WA0057-300x225.jpg 300w, https:\/\/vcp.de\/pfadfinden\/wp-content\/uploads\/2018\/07\/IMG-20180704-WA0057-768x576.jpg 768w, https:\/\/vcp.de\/pfadfinden\/wp-content\/uploads\/2018\/07\/IMG-20180704-WA0057-1024x768.jpg 1024w\" sizes=\"auto, (max-width: 1600px) 100vw, 1600px\" \/><\/a><\/figure><\/div>\n\n\n\n<div class=\"wp-block-column is-layout-flow wp-block-column-is-layout-flow\" style=\"flex-basis:66.66%\"><h5 class=\"wp-block-post-title\"><a href=\"https:\/\/vcp.de\/pfadfinden\/internationales\/miles-begleitet-ginsheimer-pfadfinerinnen-nach-estland\/\" target=\"_self\" >Miles begleitet Ginsheimer Pfadfinder*innen nach Estland<\/a><\/h5>\n\n<div class=\"wp-block-post-excerpt\"><p class=\"wp-block-post-excerpt__excerpt\">von Michael Kl\u00f6ppinger Zu unserem 70-j\u00e4hrigen Stammesjubil\u00e4um sollte mal wieder was Besonderes veranstaltet werden. Nach einigen \u00dcberlegungen einigten wir uns&hellip;<\/p><p class=\"wp-block-post-excerpt__more-text\"><a class=\"wp-block-post-excerpt__more-link\" href=\"https:\/\/vcp.de\/pfadfinden\/internationales\/miles-begleitet-ginsheimer-pfadfinerinnen-nach-estland\/\">Weiterlesen<\/a><\/p><\/div><\/div>\n<\/div>\n\n\n\n<hr class=\"wp-block-separator has-alpha-channel-opacity\"\/>\n\n<\/li><li class=\"wp-block-post post-9988 post type-post status-publish format-standard has-post-thumbnail hentry category-internationales category-miles tag-anp1802 tag-internationales\">\n\n<div class=\"wp-block-columns is-layout-flex wp-container-core-columns-is-layout-9d6595d7 wp-block-columns-is-layout-flex\">\n<div class=\"wp-block-column is-layout-flow wp-block-column-is-layout-flow\" style=\"flex-basis:33.33%\"><figure style=\"aspect-ratio:1;width:200px;\" class=\"aligncenter wp-block-post-featured-image\"><a href=\"https:\/\/vcp.de\/pfadfinden\/internationales\/mit-miles-in-australien-unterwegs\/\" target=\"_self\"  ><img loading=\"lazy\" decoding=\"async\" width=\"4608\" height=\"3072\" src=\"https:\/\/vcp.de\/pfadfinden\/wp-content\/uploads\/2018\/05\/DSC_1004.jpg\" class=\"attachment-post-thumbnail size-post-thumbnail wp-post-image\" alt=\"Mit Miles in Australien unterwegs\" style=\"width:100%;height:100%;object-fit:cover;\" srcset=\"https:\/\/vcp.de\/pfadfinden\/wp-content\/uploads\/2018\/05\/DSC_1004.jpg 4608w, https:\/\/vcp.de\/pfadfinden\/wp-content\/uploads\/2018\/05\/DSC_1004-300x200.jpg 300w, https:\/\/vcp.de\/pfadfinden\/wp-content\/uploads\/2018\/05\/DSC_1004-768x512.jpg 768w, https:\/\/vcp.de\/pfadfinden\/wp-content\/uploads\/2018\/05\/DSC_1004-1024x683.jpg 1024w\" sizes=\"auto, (max-width: 4608px) 100vw, 4608px\" \/><\/a><\/figure><\/div>\n\n\n\n<div class=\"wp-block-column is-layout-flow wp-block-column-is-layout-flow\" style=\"flex-basis:66.66%\"><h5 class=\"wp-block-post-title\"><a href=\"https:\/\/vcp.de\/pfadfinden\/internationales\/mit-miles-in-australien-unterwegs\/\" target=\"_self\" >Mit Miles in Australien unterwegs<\/a><\/h5>\n\n<div class=\"wp-block-post-excerpt\"><p class=\"wp-block-post-excerpt__excerpt\">Pfadfinden international Was tut man nicht alles f\u00fcr ein neugieriges Nagetier! von Anna S\u00e4misch \u201eRaff dich auf!\u201c, sagt das Nagetier&hellip;<\/p><p class=\"wp-block-post-excerpt__more-text\"><a class=\"wp-block-post-excerpt__more-link\" href=\"https:\/\/vcp.de\/pfadfinden\/internationales\/mit-miles-in-australien-unterwegs\/\">Weiterlesen<\/a><\/p><\/div><\/div>\n<\/div>\n\n\n\n<hr class=\"wp-block-separator has-alpha-channel-opacity\"\/>\n\n<\/li><li class=\"wp-block-post post-9338 post type-post status-publish format-standard has-post-thumbnail hentry category-internationales category-miles tag-ankommen tag-anp1801 tag-internationales tag-miles tag-polen\">\n\n<div class=\"wp-block-columns is-layout-flex wp-container-core-columns-is-layout-9d6595d7 wp-block-columns-is-layout-flex\">\n<div class=\"wp-block-column is-layout-flow wp-block-column-is-layout-flow\" style=\"flex-basis:33.33%\"><figure style=\"aspect-ratio:1;width:200px;\" class=\"aligncenter wp-block-post-featured-image\"><a href=\"https:\/\/vcp.de\/pfadfinden\/internationales\/unterwegs-in-polen-feierwerki-und-eurojam\/\" target=\"_self\"  ><img loading=\"lazy\" decoding=\"async\" width=\"3264\" height=\"2448\" src=\"https:\/\/vcp.de\/pfadfinden\/wp-content\/uploads\/2018\/04\/feierwerki_tatra.jpg\" class=\"attachment-post-thumbnail size-post-thumbnail wp-post-image\" alt=\"Unterwegs in Polen &#8211; \u201eFeierwerki\u201c und Eurojam\" style=\"width:100%;height:100%;object-fit:cover;\" srcset=\"https:\/\/vcp.de\/pfadfinden\/wp-content\/uploads\/2018\/04\/feierwerki_tatra.jpg 3264w, https:\/\/vcp.de\/pfadfinden\/wp-content\/uploads\/2018\/04\/feierwerki_tatra-300x225.jpg 300w, https:\/\/vcp.de\/pfadfinden\/wp-content\/uploads\/2018\/04\/feierwerki_tatra-768x576.jpg 768w, https:\/\/vcp.de\/pfadfinden\/wp-content\/uploads\/2018\/04\/feierwerki_tatra-1024x768.jpg 1024w\" sizes=\"auto, (max-width: 3264px) 100vw, 3264px\" \/><\/a><\/figure><\/div>\n\n\n\n<div class=\"wp-block-column is-layout-flow wp-block-column-is-layout-flow\" style=\"flex-basis:66.66%\"><h5 class=\"wp-block-post-title\"><a href=\"https:\/\/vcp.de\/pfadfinden\/internationales\/unterwegs-in-polen-feierwerki-und-eurojam\/\" target=\"_self\" >Unterwegs in Polen &#8211; \u201eFeierwerki\u201c und Eurojam<\/a><\/h5>\n\n<div class=\"wp-block-post-excerpt\"><p class=\"wp-block-post-excerpt__excerpt\">Pfadfinden ist international! Die Pfadfinder*innenbewegung ist die gr\u00f6\u00dfte Jugendorganisation der Welt und hat ca. 25 Millionen Mitglieder in \u00fcber 160&hellip;<\/p><p class=\"wp-block-post-excerpt__more-text\"><a class=\"wp-block-post-excerpt__more-link\" href=\"https:\/\/vcp.de\/pfadfinden\/internationales\/unterwegs-in-polen-feierwerki-und-eurojam\/\">Weiterlesen<\/a><\/p><\/div><\/div>\n<\/div>\n\n\n\n<hr class=\"wp-block-separator has-alpha-channel-opacity\"\/>\n\n<\/li><li class=\"wp-block-post post-9128 post type-post status-publish format-standard has-post-thumbnail hentry category-allgemein category-miles tag-europa tag-internationales tag-miles tag-wagggs\">\n\n<div class=\"wp-block-columns is-layout-flex wp-container-core-columns-is-layout-9d6595d7 wp-block-columns-is-layout-flex\">\n<div class=\"wp-block-column is-layout-flow wp-block-column-is-layout-flow\" style=\"flex-basis:33.33%\"><figure style=\"aspect-ratio:1;width:200px;\" class=\"aligncenter wp-block-post-featured-image\"><a href=\"https:\/\/vcp.de\/pfadfinden\/allgemein\/international-team-in-bruessel\/\" target=\"_self\"  ><img loading=\"lazy\" decoding=\"async\" width=\"712\" height=\"960\" src=\"https:\/\/vcp.de\/pfadfinden\/wp-content\/uploads\/2018\/04\/ITBr\u00fcssel.jpg\" class=\"attachment-post-thumbnail size-post-thumbnail wp-post-image\" alt=\"International Team in Br\u00fcssel &#8211; Europa erleben\" style=\"width:100%;height:100%;object-fit:cover;\" srcset=\"https:\/\/vcp.de\/pfadfinden\/wp-content\/uploads\/2018\/04\/ITBr\u00fcssel.jpg 712w, https:\/\/vcp.de\/pfadfinden\/wp-content\/uploads\/2018\/04\/ITBr\u00fcssel-223x300.jpg 223w\" sizes=\"auto, (max-width: 712px) 100vw, 712px\" \/><\/a><\/figure><\/div>\n\n\n\n<div class=\"wp-block-column is-layout-flow wp-block-column-is-layout-flow\" style=\"flex-basis:66.66%\"><h5 class=\"wp-block-post-title\"><a href=\"https:\/\/vcp.de\/pfadfinden\/allgemein\/international-team-in-bruessel\/\" target=\"_self\" >International Team in Br\u00fcssel &#8211; Europa erleben<\/a><\/h5>\n\n<div class=\"wp-block-post-excerpt\"><p class=\"wp-block-post-excerpt__excerpt\">von Verena Kuhnberger Vom 24.11. \u2013 26.11.2017 traf sich das International Team dieses Mal in Br\u00fcssel. Viele neue Gesichter aus&hellip;<\/p><p class=\"wp-block-post-excerpt__more-text\"><a class=\"wp-block-post-excerpt__more-link\" href=\"https:\/\/vcp.de\/pfadfinden\/allgemein\/international-team-in-bruessel\/\">Weiterlesen<\/a><\/p><\/div><\/div>\n<\/div>\n\n\n\n<hr class=\"wp-block-separator has-alpha-channel-opacity\"\/>\n\n<\/li><li class=\"wp-block-post post-8610 post type-post status-publish format-standard has-post-thumbnail hentry category-internationales category-miles tag-internationales\">\n\n<div class=\"wp-block-columns is-layout-flex wp-container-core-columns-is-layout-9d6595d7 wp-block-columns-is-layout-flex\">\n<div class=\"wp-block-column is-layout-flow wp-block-column-is-layout-flow\" style=\"flex-basis:33.33%\"><figure style=\"aspect-ratio:1;width:200px;\" class=\"aligncenter wp-block-post-featured-image\"><a href=\"https:\/\/vcp.de\/pfadfinden\/internationales\/the-academy-2017-in-ungarn\/\" target=\"_self\"  ><img loading=\"lazy\" decoding=\"async\" width=\"4032\" height=\"3024\" src=\"https:\/\/vcp.de\/pfadfinden\/wp-content\/uploads\/2018\/01\/IMG_2747.jpg\" class=\"attachment-post-thumbnail size-post-thumbnail wp-post-image\" alt=\"The Academy 2017 in Ungarn\" style=\"width:100%;height:100%;object-fit:cover;\" srcset=\"https:\/\/vcp.de\/pfadfinden\/wp-content\/uploads\/2018\/01\/IMG_2747.jpg 4032w, https:\/\/vcp.de\/pfadfinden\/wp-content\/uploads\/2018\/01\/IMG_2747-300x225.jpg 300w, https:\/\/vcp.de\/pfadfinden\/wp-content\/uploads\/2018\/01\/IMG_2747-768x576.jpg 768w, https:\/\/vcp.de\/pfadfinden\/wp-content\/uploads\/2018\/01\/IMG_2747-1024x768.jpg 1024w\" sizes=\"auto, (max-width: 4032px) 100vw, 4032px\" \/><\/a><\/figure><\/div>\n\n\n\n<div class=\"wp-block-column is-layout-flow wp-block-column-is-layout-flow\" style=\"flex-basis:66.66%\"><h5 class=\"wp-block-post-title\"><a href=\"https:\/\/vcp.de\/pfadfinden\/internationales\/the-academy-2017-in-ungarn\/\" target=\"_self\" >The Academy 2017 in Ungarn<\/a><\/h5>\n\n<div class=\"wp-block-post-excerpt\"><p class=\"wp-block-post-excerpt__excerpt\">von Rebecca Haugwitz Dieser Artikel bezieht sich zwar auf eine Veranstaltung vom Oktober 2017, passt aber thematisch ganz wunderbar zum&hellip;<\/p><p class=\"wp-block-post-excerpt__more-text\"><a class=\"wp-block-post-excerpt__more-link\" href=\"https:\/\/vcp.de\/pfadfinden\/internationales\/the-academy-2017-in-ungarn\/\">Weiterlesen<\/a><\/p><\/div><\/div>\n<\/div>\n\n\n\n<hr class=\"wp-block-separator has-alpha-channel-opacity\"\/>\n\n<\/li><li class=\"wp-block-post post-8036 post type-post status-publish format-standard has-post-thumbnail hentry category-miles tag-internationales tag-lgbti\">\n\n<div class=\"wp-block-columns is-layout-flex wp-container-core-columns-is-layout-9d6595d7 wp-block-columns-is-layout-flex\">\n<div class=\"wp-block-column is-layout-flow wp-block-column-is-layout-flow\" style=\"flex-basis:33.33%\"><figure style=\"aspect-ratio:1;width:200px;\" class=\"aligncenter wp-block-post-featured-image\"><a href=\"https:\/\/vcp.de\/pfadfinden\/miles\/pfadfinden-unter-dem-regenbogen\/\" target=\"_self\"  ><img loading=\"lazy\" decoding=\"async\" width=\"877\" height=\"1169\" src=\"https:\/\/vcp.de\/pfadfinden\/wp-content\/uploads\/2017\/11\/Miles-1.jpg\" class=\"attachment-post-thumbnail size-post-thumbnail wp-post-image\" alt=\"Pfadfinden unter dem Regenbogen\" style=\"width:100%;height:100%;object-fit:cover;\" srcset=\"https:\/\/vcp.de\/pfadfinden\/wp-content\/uploads\/2017\/11\/Miles-1.jpg 877w, https:\/\/vcp.de\/pfadfinden\/wp-content\/uploads\/2017\/11\/Miles-1-225x300.jpg 225w, https:\/\/vcp.de\/pfadfinden\/wp-content\/uploads\/2017\/11\/Miles-1-768x1024.jpg 768w\" sizes=\"auto, (max-width: 877px) 100vw, 877px\" \/><\/a><\/figure><\/div>\n\n\n\n<div class=\"wp-block-column is-layout-flow wp-block-column-is-layout-flow\" style=\"flex-basis:66.66%\"><h5 class=\"wp-block-post-title\"><a href=\"https:\/\/vcp.de\/pfadfinden\/miles\/pfadfinden-unter-dem-regenbogen\/\" target=\"_self\" >Pfadfinden unter dem Regenbogen<\/a><\/h5>\n\n<div class=\"wp-block-post-excerpt\"><p class=\"wp-block-post-excerpt__excerpt\">von Gesa Witt Vom 29.09.-01.10.2017 fand das Overture Diversity Network in Kopenhagen statt. Bei diesem informellen Netzwerk tauschen sich Pfadfinder*innen&hellip;<\/p><p class=\"wp-block-post-excerpt__more-text\"><a class=\"wp-block-post-excerpt__more-link\" href=\"https:\/\/vcp.de\/pfadfinden\/miles\/pfadfinden-unter-dem-regenbogen\/\">Weiterlesen<\/a><\/p><\/div><\/div>\n<\/div>\n\n\n\n<hr class=\"wp-block-separator has-alpha-channel-opacity\"\/>\n\n<\/li><li class=\"wp-block-post post-6492 post type-post status-publish format-standard has-post-thumbnail hentry category-aus-dem-verband category-miles\">\n\n<div class=\"wp-block-columns is-layout-flex wp-container-core-columns-is-layout-9d6595d7 wp-block-columns-is-layout-flex\">\n<div class=\"wp-block-column is-layout-flow wp-block-column-is-layout-flow\" style=\"flex-basis:33.33%\"><figure style=\"aspect-ratio:1;width:200px;\" class=\"aligncenter wp-block-post-featured-image\"><a href=\"https:\/\/vcp.de\/pfadfinden\/aus-dem-verband\/wir-haben-pfadfinden-nicht-geerbt\/\" target=\"_self\"  ><img loading=\"lazy\" decoding=\"async\" width=\"768\" height=\"1024\" src=\"https:\/\/vcp.de\/pfadfinden\/wp-content\/uploads\/2017\/05\/Photo-Blog.jpg\" class=\"attachment-post-thumbnail size-post-thumbnail wp-post-image\" alt=\"Wir haben Pfadfinden nicht geerbt\u2026\" style=\"width:100%;height:100%;object-fit:cover;\" srcset=\"https:\/\/vcp.de\/pfadfinden\/wp-content\/uploads\/2017\/05\/Photo-Blog.jpg 768w, https:\/\/vcp.de\/pfadfinden\/wp-content\/uploads\/2017\/05\/Photo-Blog-225x300.jpg 225w\" sizes=\"auto, (max-width: 768px) 100vw, 768px\" \/><\/a><\/figure><\/div>\n\n\n\n<div class=\"wp-block-column is-layout-flow wp-block-column-is-layout-flow\" style=\"flex-basis:66.66%\"><h5 class=\"wp-block-post-title\"><a href=\"https:\/\/vcp.de\/pfadfinden\/aus-dem-verband\/wir-haben-pfadfinden-nicht-geerbt\/\" target=\"_self\" >Wir haben Pfadfinden nicht geerbt\u2026<\/a><\/h5>\n\n<div class=\"wp-block-post-excerpt\"><p class=\"wp-block-post-excerpt__excerpt\">\u2026 wir geben es nur an eine n\u00e4chste Generation weiter \u00b9 2023 \u2013 f\u00fcr manche unter uns wird diese Jahreszahl&hellip;<\/p><p class=\"wp-block-post-excerpt__more-text\"><a class=\"wp-block-post-excerpt__more-link\" href=\"https:\/\/vcp.de\/pfadfinden\/aus-dem-verband\/wir-haben-pfadfinden-nicht-geerbt\/\">Weiterlesen<\/a><\/p><\/div><\/div>\n<\/div>\n\n\n\n<hr class=\"wp-block-separator has-alpha-channel-opacity\"\/>\n\n<\/li><li class=\"wp-block-post post-5973 post type-post status-publish format-standard has-post-thumbnail hentry category-miles tag-conference tag-cpgs tag-friedensarbeit tag-internationale-konferenz\">\n\n<div class=\"wp-block-columns is-layout-flex wp-container-core-columns-is-layout-9d6595d7 wp-block-columns-is-layout-flex\">\n<div class=\"wp-block-column is-layout-flow wp-block-column-is-layout-flow\" style=\"flex-basis:33.33%\"><figure style=\"aspect-ratio:1;width:200px;\" class=\"aligncenter wp-block-post-featured-image\"><a href=\"https:\/\/vcp.de\/pfadfinden\/miles\/wie-aktuell-ist-die-verpflichtung-zu-gott-fuer-pfadfinderinnen-und-pfadfinderinnen-heute\/\" target=\"_self\"  ><img loading=\"lazy\" decoding=\"async\" width=\"1160\" height=\"652\" src=\"https:\/\/vcp.de\/pfadfinden\/wp-content\/uploads\/2017\/02\/ester_annette_NY.jpg\" class=\"attachment-post-thumbnail size-post-thumbnail wp-post-image\" alt=\"Wie aktuell ist die Verpflichtung gegen\u00fcber Gott f\u00fcr Pfadfinderinnen und Pfadfinderinnen heute?\" style=\"width:100%;height:100%;object-fit:cover;\" srcset=\"https:\/\/vcp.de\/pfadfinden\/wp-content\/uploads\/2017\/02\/ester_annette_NY.jpg 1160w, https:\/\/vcp.de\/pfadfinden\/wp-content\/uploads\/2017\/02\/ester_annette_NY-300x169.jpg 300w, https:\/\/vcp.de\/pfadfinden\/wp-content\/uploads\/2017\/02\/ester_annette_NY-768x432.jpg 768w, https:\/\/vcp.de\/pfadfinden\/wp-content\/uploads\/2017\/02\/ester_annette_NY-1024x576.jpg 1024w\" sizes=\"auto, (max-width: 1160px) 100vw, 1160px\" \/><\/a><\/figure><\/div>\n\n\n\n<div class=\"wp-block-column is-layout-flow wp-block-column-is-layout-flow\" style=\"flex-basis:66.66%\"><h5 class=\"wp-block-post-title\"><a href=\"https:\/\/vcp.de\/pfadfinden\/miles\/wie-aktuell-ist-die-verpflichtung-zu-gott-fuer-pfadfinderinnen-und-pfadfinderinnen-heute\/\" target=\"_self\" >Wie aktuell ist die Verpflichtung gegen\u00fcber Gott f\u00fcr Pfadfinderinnen und Pfadfinderinnen heute?<\/a><\/h5>\n\n<div class=\"wp-block-post-excerpt\"><p class=\"wp-block-post-excerpt__excerpt\">Ein Bericht vom 5. World Scout Interreligious Symposium in New York von Esther Koch Unter dem Titel \u201eDuty to God&hellip;<\/p><p class=\"wp-block-post-excerpt__more-text\"><a class=\"wp-block-post-excerpt__more-link\" href=\"https:\/\/vcp.de\/pfadfinden\/miles\/wie-aktuell-ist-die-verpflichtung-zu-gott-fuer-pfadfinderinnen-und-pfadfinderinnen-heute\/\">Weiterlesen<\/a><\/p><\/div><\/div>\n<\/div>\n\n\n\n<hr class=\"wp-block-separator has-alpha-channel-opacity\"\/>\n\n<\/li><li class=\"wp-block-post post-5841 post type-post status-publish format-standard has-post-thumbnail hentry category-internationales category-miles tag-nikosia tag-the-academy-2016\">\n\n<div class=\"wp-block-columns is-layout-flex wp-container-core-columns-is-layout-9d6595d7 wp-block-columns-is-layout-flex\">\n<div class=\"wp-block-column is-layout-flow wp-block-column-is-layout-flow\" style=\"flex-basis:33.33%\"><figure style=\"aspect-ratio:1;width:200px;\" class=\"aligncenter wp-block-post-featured-image\"><a href=\"https:\/\/vcp.de\/pfadfinden\/internationales\/unter-palmen-lernen-der-vcp-bei-der-academy-2016-auf-zypern\/\" target=\"_self\"  ><img loading=\"lazy\" decoding=\"async\" width=\"1200\" height=\"800\" src=\"https:\/\/vcp.de\/pfadfinden\/wp-content\/uploads\/2016\/12\/2-Miles-am-Strand_Auch-Miles-unser-internationales-Maskottchen-war-nat\u00fcrlich-mit-dabei-3-e1481806339701.jpg\" class=\"attachment-post-thumbnail size-post-thumbnail wp-post-image\" alt=\"Unter Palmen lernen &#8211; der VCP bei der Academy 2016 auf Zypern\" style=\"width:100%;height:100%;object-fit:cover;\" \/><\/a><\/figure><\/div>\n\n\n\n<div class=\"wp-block-column is-layout-flow wp-block-column-is-layout-flow\" style=\"flex-basis:66.66%\"><h5 class=\"wp-block-post-title\"><a href=\"https:\/\/vcp.de\/pfadfinden\/internationales\/unter-palmen-lernen-der-vcp-bei-der-academy-2016-auf-zypern\/\" target=\"_self\" >Unter Palmen lernen &#8211; der VCP bei der Academy 2016 auf Zypern<\/a><\/h5>\n\n<div class=\"wp-block-post-excerpt\"><p class=\"wp-block-post-excerpt__excerpt\">Von Fabian Loske Steffen Immink, Peter Krinke und Fabian Loske haben die gemeinsam von WOSM und WAGGGS in Europa organisierte&hellip;<\/p><p class=\"wp-block-post-excerpt__more-text\"><a class=\"wp-block-post-excerpt__more-link\" href=\"https:\/\/vcp.de\/pfadfinden\/internationales\/unter-palmen-lernen-der-vcp-bei-der-academy-2016-auf-zypern\/\">Weiterlesen<\/a><\/p><\/div><\/div>\n<\/div>\n\n\n\n<hr class=\"wp-block-separator has-alpha-channel-opacity\"\/>\n\n<\/li><li class=\"wp-block-post post-5848 post type-post status-publish format-standard has-post-thumbnail hentry category-internationales category-miles tag-nikosia tag-the-academy-2016\">\n\n<div class=\"wp-block-columns is-layout-flex wp-container-core-columns-is-layout-9d6595d7 wp-block-columns-is-layout-flex\">\n<div class=\"wp-block-column is-layout-flow wp-block-column-is-layout-flow\" style=\"flex-basis:33.33%\"><figure style=\"aspect-ratio:1;width:200px;\" class=\"aligncenter wp-block-post-featured-image\"><a href=\"https:\/\/vcp.de\/pfadfinden\/internationales\/nachtflug-nach-larnaka\/\" target=\"_self\"  ><img loading=\"lazy\" decoding=\"async\" width=\"1200\" height=\"800\" src=\"https:\/\/vcp.de\/pfadfinden\/wp-content\/uploads\/2016\/12\/zypern_-T\u00fcrkische-Flaggen-in-Nikosia-3.jpg\" class=\"attachment-post-thumbnail size-post-thumbnail wp-post-image\" alt=\"Nachtflug nach Larnaka\" style=\"width:100%;height:100%;object-fit:cover;\" srcset=\"https:\/\/vcp.de\/pfadfinden\/wp-content\/uploads\/2016\/12\/zypern_-T\u00fcrkische-Flaggen-in-Nikosia-3.jpg 1200w, https:\/\/vcp.de\/pfadfinden\/wp-content\/uploads\/2016\/12\/zypern_-T\u00fcrkische-Flaggen-in-Nikosia-3-300x200.jpg 300w, https:\/\/vcp.de\/pfadfinden\/wp-content\/uploads\/2016\/12\/zypern_-T\u00fcrkische-Flaggen-in-Nikosia-3-768x512.jpg 768w, https:\/\/vcp.de\/pfadfinden\/wp-content\/uploads\/2016\/12\/zypern_-T\u00fcrkische-Flaggen-in-Nikosia-3-1024x683.jpg 1024w\" sizes=\"auto, (max-width: 1200px) 100vw, 1200px\" \/><\/a><\/figure><\/div>\n\n\n\n<div class=\"wp-block-column is-layout-flow wp-block-column-is-layout-flow\" style=\"flex-basis:66.66%\"><h5 class=\"wp-block-post-title\"><a href=\"https:\/\/vcp.de\/pfadfinden\/internationales\/nachtflug-nach-larnaka\/\" target=\"_self\" >Nachtflug nach Larnaka<\/a><\/h5>\n\n<div class=\"wp-block-post-excerpt\"><p class=\"wp-block-post-excerpt__excerpt\">Von Steffen Immink Meine Reise begann in D\u00fcsseldorf. Hier stieg ich mit einem leicht mulmigen Gef\u00fchl, immerhin erst mein zweiter&hellip;<\/p><p class=\"wp-block-post-excerpt__more-text\"><a class=\"wp-block-post-excerpt__more-link\" href=\"https:\/\/vcp.de\/pfadfinden\/internationales\/nachtflug-nach-larnaka\/\">Weiterlesen<\/a><\/p><\/div><\/div>\n<\/div>\n\n\n\n<hr class=\"wp-block-separator has-alpha-channel-opacity\"\/>\n\n<\/li><li class=\"wp-block-post post-5846 post type-post status-publish format-standard has-post-thumbnail hentry category-internationales category-miles tag-nikosia tag-the-academy-2016\">\n\n<div class=\"wp-block-columns is-layout-flex wp-container-core-columns-is-layout-9d6595d7 wp-block-columns-is-layout-flex\">\n<div class=\"wp-block-column is-layout-flow wp-block-column-is-layout-flow\" style=\"flex-basis:33.33%\"><figure style=\"aspect-ratio:1;width:200px;\" class=\"aligncenter wp-block-post-featured-image\"><a href=\"https:\/\/vcp.de\/pfadfinden\/internationales\/ueberall-katzen-und-pfadis-ein-bericht-ueber-die-academy\/\" target=\"_self\"  ><img loading=\"lazy\" decoding=\"async\" width=\"1200\" height=\"800\" src=\"https:\/\/vcp.de\/pfadfinden\/wp-content\/uploads\/2016\/12\/Nikosia_academy_umgebung_DSC_3408-3-1.jpg\" class=\"attachment-post-thumbnail size-post-thumbnail wp-post-image\" alt=\"\u00dcberall Katzen und Pfadis \u2013 ein Bericht \u00fcber die Academy\" style=\"width:100%;height:100%;object-fit:cover;\" srcset=\"https:\/\/vcp.de\/pfadfinden\/wp-content\/uploads\/2016\/12\/Nikosia_academy_umgebung_DSC_3408-3-1.jpg 1200w, https:\/\/vcp.de\/pfadfinden\/wp-content\/uploads\/2016\/12\/Nikosia_academy_umgebung_DSC_3408-3-1-300x200.jpg 300w, https:\/\/vcp.de\/pfadfinden\/wp-content\/uploads\/2016\/12\/Nikosia_academy_umgebung_DSC_3408-3-1-768x512.jpg 768w, https:\/\/vcp.de\/pfadfinden\/wp-content\/uploads\/2016\/12\/Nikosia_academy_umgebung_DSC_3408-3-1-1024x683.jpg 1024w\" sizes=\"auto, (max-width: 1200px) 100vw, 1200px\" \/><\/a><\/figure><\/div>\n\n\n\n<div class=\"wp-block-column is-layout-flow wp-block-column-is-layout-flow\" style=\"flex-basis:66.66%\"><h5 class=\"wp-block-post-title\"><a href=\"https:\/\/vcp.de\/pfadfinden\/internationales\/ueberall-katzen-und-pfadis-ein-bericht-ueber-die-academy\/\" target=\"_self\" >\u00dcberall Katzen und Pfadis \u2013 ein Bericht \u00fcber die Academy<\/a><\/h5>\n\n<div class=\"wp-block-post-excerpt\"><p class=\"wp-block-post-excerpt__excerpt\">Von Peter Krinke Von Basel nach M\u00fcnchen, von M\u00fcnchen nach Wien, von Wien nach Larnaca. So lautet mein wenig ansprechender&hellip;<\/p><p class=\"wp-block-post-excerpt__more-text\"><a class=\"wp-block-post-excerpt__more-link\" href=\"https:\/\/vcp.de\/pfadfinden\/internationales\/ueberall-katzen-und-pfadis-ein-bericht-ueber-die-academy\/\">Weiterlesen<\/a><\/p><\/div><\/div>\n<\/div>\n\n\n\n<hr class=\"wp-block-separator has-alpha-channel-opacity\"\/>\n\n<\/li><li class=\"wp-block-post post-5653 post type-post status-publish format-standard has-post-thumbnail hentry category-internationales category-miles\">\n\n<div class=\"wp-block-columns is-layout-flex wp-container-core-columns-is-layout-9d6595d7 wp-block-columns-is-layout-flex\">\n<div class=\"wp-block-column is-layout-flow wp-block-column-is-layout-flow\" style=\"flex-basis:33.33%\"><figure style=\"aspect-ratio:1;width:200px;\" class=\"aligncenter wp-block-post-featured-image\"><a href=\"https:\/\/vcp.de\/pfadfinden\/internationales\/zu-gast-in-luebeck-das-baltic-sea-meeting-2016\/\" target=\"_self\"  ><img loading=\"lazy\" decoding=\"async\" width=\"960\" height=\"640\" src=\"https:\/\/vcp.de\/pfadfinden\/wp-content\/uploads\/2016\/10\/1_Gruppe.jpg\" class=\"attachment-post-thumbnail size-post-thumbnail wp-post-image\" alt=\"Zu Gast in L\u00fcbeck: Das Baltic Sea Meeting 2016\" style=\"width:100%;height:100%;object-fit:cover;\" srcset=\"https:\/\/vcp.de\/pfadfinden\/wp-content\/uploads\/2016\/10\/1_Gruppe.jpg 960w, https:\/\/vcp.de\/pfadfinden\/wp-content\/uploads\/2016\/10\/1_Gruppe-300x200.jpg 300w, https:\/\/vcp.de\/pfadfinden\/wp-content\/uploads\/2016\/10\/1_Gruppe-768x512.jpg 768w\" sizes=\"auto, (max-width: 960px) 100vw, 960px\" \/><\/a><\/figure><\/div>\n\n\n\n<div class=\"wp-block-column is-layout-flow wp-block-column-is-layout-flow\" style=\"flex-basis:66.66%\"><h5 class=\"wp-block-post-title\"><a href=\"https:\/\/vcp.de\/pfadfinden\/internationales\/zu-gast-in-luebeck-das-baltic-sea-meeting-2016\/\" target=\"_self\" >Zu Gast in L\u00fcbeck: Das Baltic Sea Meeting 2016<\/a><\/h5>\n\n<div class=\"wp-block-post-excerpt\"><p class=\"wp-block-post-excerpt__excerpt\">von Fabian Loske Am ersten Oktober Wochenende fand das allj\u00e4hrliche Baltic Sea Meeting in L\u00fcbeck, der Welthauptstadt des Marzipans, statt.&hellip;<\/p><p class=\"wp-block-post-excerpt__more-text\"><a class=\"wp-block-post-excerpt__more-link\" href=\"https:\/\/vcp.de\/pfadfinden\/internationales\/zu-gast-in-luebeck-das-baltic-sea-meeting-2016\/\">Weiterlesen<\/a><\/p><\/div><\/div>\n<\/div>\n\n\n\n<hr class=\"wp-block-separator has-alpha-channel-opacity\"\/>\n\n<\/li><\/ul>\n\n\n\n<\/div>\n\n\n\n<h2 class=\"wp-block-heading\">Wollt ihr Miles mitnehmen?<\/h2>\n\n\n\n<p>Egal ob mit eurer Sippe oder gleich eurem ganzen Stamm: Miles ist f\u00fcr jeden Spa\u00df zu haben.<br>Hauptsache, es geht ins Ausland!<\/p>\n\n\n\n<div class=\"wp-block-buttons is-layout-flex wp-block-buttons-is-layout-flex\">\n<div class=\"wp-block-button is-style-vcp-red\"><a class=\"wp-block-button__link wp-element-button\" href=\"https:\/\/www.vcp.de\/pfadfinden\/miles\/miles-mitnehmen\/\">Miles mitnehmen!<\/a><\/div>\n<\/div>\n\n\n\n<p class=\"has-text-align-center\"><br><br> <div class=\"brlbs-cmpnt-container brlbs-cmpnt-content-blocker brlbs-cmpnt-with-individual-styles\" data-borlabs-cookie-content-blocker-id=\"facebook-content-blocker\" data-borlabs-cookie-content=\"PGlmcmFtZSBzdHlsZT0iYm9yZGVyOiBub25lOyBvdmVyZmxvdzogaGlkZGVuOyIgc3JjPSJodHRwczovL3d3dy5mYWNlYm9vay5jb20vcGx1Z2lucy9wb3N0LnBocD9ocmVmPWh0dHBzJTNBJTJGJTJGd3d3LmZhY2Vib29rLmNvbSUyRnZjcC5idW5kZXNsZWl0dW5nJTJGcG9zdHMlMkYxMTU1MDcxODQ0NjE4MTg3JTNBMCZhbXA7d2lkdGg9NTAwIiB3aWR0aD0iNTAwIiBoZWlnaHQ9IjY3MCIgZnJhbWVib3JkZXI9IjAiIHNjcm9sbGluZz0ibm8iPjwvaWZyYW1lPg==\"><div class=\"brlbs-cmpnt-cb-preset-b brlbs-cmpnt-cb-facebook\"> <div class=\"brlbs-cmpnt-cb-thumbnail\" style=\"background-image: url('https:\/\/vcp.de\/pfadfinden\/wp-content\/uploads\/borlabs-cookie\/1\/cb-facebook-main.png')\"><\/div> <div class=\"brlbs-cmpnt-cb-main\"> <div class=\"brlbs-cmpnt-cb-content\"> <p class=\"brlbs-cmpnt-cb-description\">Sie sehen gerade einen Platzhalterinhalt von <strong>Facebook<\/strong>. Um auf den eigentlichen Inhalt zuzugreifen, klicken Sie auf die Schaltfl\u00e4che unten. Bitte beachten Sie, dass dabei Daten an Drittanbieter weitergegeben werden.<\/p> <a class=\"brlbs-cmpnt-cb-provider-toggle\" href=\"#\" data-borlabs-cookie-show-provider-information role=\"button\">Mehr Informationen<\/a> <\/div> <div class=\"brlbs-cmpnt-cb-buttons\"> <a class=\"brlbs-cmpnt-cb-btn\" href=\"#\" data-borlabs-cookie-unblock role=\"button\">Inhalt entsperren<\/a> <a class=\"brlbs-cmpnt-cb-btn\" href=\"#\" data-borlabs-cookie-accept-service role=\"button\" style=\"display: inherit\">Erforderlichen Service akzeptieren und Inhalte entsperren<\/a> <\/div> <\/div> <\/div><\/div><br><br><\/p>\n\n\n\n<p> <div class=\"brlbs-cmpnt-container brlbs-cmpnt-content-blocker brlbs-cmpnt-with-individual-styles\" data-borlabs-cookie-content-blocker-id=\"facebook-content-blocker\" data-borlabs-cookie-content=\"PGlmcmFtZSBzdHlsZT0iYm9yZGVyOiBub25lOyBvdmVyZmxvdzogaGlkZGVuOyIgc3JjPSJodHRwczovL3d3dy5mYWNlYm9vay5jb20vcGx1Z2lucy9wb3N0LnBocD9ocmVmPWh0dHBzJTNBJTJGJTJGd3d3LmZhY2Vib29rLmNvbSUyRnZjcC5idW5kZXNsZWl0dW5nJTJGcGhvdG9zJTJGYS4yMDgwMDU4NzU5OTE0NjAuNDUxMzYuMjA0NTA4OTQ5Njc0NDg2JTJGOTg0MjcxNTc1MDMxNTQ5JTJGJTNGdHlwZSUzRDMmYW1wO3dpZHRoPTUwMCIgd2lkdGg9IjUwMCIgaGVpZ2h0PSIzODAiIGZyYW1lYm9yZGVyPSIwIiBzY3JvbGxpbmc9Im5vIj48L2lmcmFtZT4=\"><div class=\"brlbs-cmpnt-cb-preset-b brlbs-cmpnt-cb-facebook\"> <div class=\"brlbs-cmpnt-cb-thumbnail\" style=\"background-image: url('https:\/\/vcp.de\/pfadfinden\/wp-content\/uploads\/borlabs-cookie\/1\/cb-facebook-main.png')\"><\/div> <div class=\"brlbs-cmpnt-cb-main\"> <div class=\"brlbs-cmpnt-cb-content\"> <p class=\"brlbs-cmpnt-cb-description\">Sie sehen gerade einen Platzhalterinhalt von <strong>Facebook<\/strong>. Um auf den eigentlichen Inhalt zuzugreifen, klicken Sie auf die Schaltfl\u00e4che unten. Bitte beachten Sie, dass dabei Daten an Drittanbieter weitergegeben werden.<\/p> <a class=\"brlbs-cmpnt-cb-provider-toggle\" href=\"#\" data-borlabs-cookie-show-provider-information role=\"button\">Mehr Informationen<\/a> <\/div> <div class=\"brlbs-cmpnt-cb-buttons\"> <a class=\"brlbs-cmpnt-cb-btn\" href=\"#\" data-borlabs-cookie-unblock role=\"button\">Inhalt entsperren<\/a> <a class=\"brlbs-cmpnt-cb-btn\" href=\"#\" data-borlabs-cookie-accept-service role=\"button\" style=\"display: inherit\">Erforderlichen Service akzeptieren und Inhalte entsperren<\/a> <\/div> <\/div> <\/div><\/div><\/p>\n\n\n\n<p><!-- FB2 --><br> <div class=\"brlbs-cmpnt-container brlbs-cmpnt-content-blocker brlbs-cmpnt-with-individual-styles\" data-borlabs-cookie-content-blocker-id=\"facebook-content-blocker\" data-borlabs-cookie-content=\"PGlmcmFtZSBzdHlsZT0iYm9yZGVyOiBub25lOyBvdmVyZmxvdzogaGlkZGVuOyIgc3JjPSJodHRwczovL3d3dy5mYWNlYm9vay5jb20vcGx1Z2lucy9wb3N0LnBocD9ocmVmPWh0dHBzJTNBJTJGJTJGd3d3LmZhY2Vib29rLmNvbSUyRnZjcC5idW5kZXNsZWl0dW5nJTJGcGhvdG9zJTJGYS4yMDgwMDU4NzU5OTE0NjAuNDUxMzYuMjA0NTA4OTQ5Njc0NDg2JTJGOTg0MjcxNTk4MzY0ODgwJTJGJTNGdHlwZSUzRDMmYW1wO3dpZHRoPTUwMCIgd2lkdGg9IjUwMCIgaGVpZ2h0PSI1MDIiIGZyYW1lYm9yZGVyPSIwIiBzY3JvbGxpbmc9Im5vIj48L2lmcmFtZT4=\"><div class=\"brlbs-cmpnt-cb-preset-b brlbs-cmpnt-cb-facebook\"> <div class=\"brlbs-cmpnt-cb-thumbnail\" style=\"background-image: url('https:\/\/vcp.de\/pfadfinden\/wp-content\/uploads\/borlabs-cookie\/1\/cb-facebook-main.png')\"><\/div> <div class=\"brlbs-cmpnt-cb-main\"> <div class=\"brlbs-cmpnt-cb-content\"> <p class=\"brlbs-cmpnt-cb-description\">Sie sehen gerade einen Platzhalterinhalt von <strong>Facebook<\/strong>. Um auf den eigentlichen Inhalt zuzugreifen, klicken Sie auf die Schaltfl\u00e4che unten. Bitte beachten Sie, dass dabei Daten an Drittanbieter weitergegeben werden.<\/p> <a class=\"brlbs-cmpnt-cb-provider-toggle\" href=\"#\" data-borlabs-cookie-show-provider-information role=\"button\">Mehr Informationen<\/a> <\/div> <div class=\"brlbs-cmpnt-cb-buttons\"> <a class=\"brlbs-cmpnt-cb-btn\" href=\"#\" data-borlabs-cookie-unblock role=\"button\">Inhalt entsperren<\/a> <a class=\"brlbs-cmpnt-cb-btn\" href=\"#\" data-borlabs-cookie-accept-service role=\"button\" style=\"display: inherit\">Erforderlichen Service akzeptieren und Inhalte entsperren<\/a> <\/div> <\/div> <\/div><\/div><br><!-- Norway --><\/p>\n\n\n\n<blockquote class=\"wp-block-quote is-layout-flow wp-block-quote-is-layout-flow\">\n<p>Mitten drin, statt nur dabei!<br>Miles mit euren Jugenddelegierten unterwegs.<a href=\"https:\/\/twitter.com\/hashtag\/15egsc?src=hash\">#15egsc<\/a> <a href=\"https:\/\/twitter.com\/hashtag\/vcpinternational?src=hash\">#vcpinternational<\/a> <a href=\"https:\/\/twitter.com\/hashtag\/miles?src=hash\">#miles<\/a> <a href=\"https:\/\/t.co\/vxLj5kuy9o\">pic.twitter.com\/vxLj5kuy9o<\/a><\/p>\n\n\n\n<p>\u2014 VCP.de (@VCP_de) <a href=\"https:\/\/twitter.com\/VCP_de\/status\/743814161545691136\">17. Juni 2016<\/a><\/p>\n<\/blockquote>\n","protected":false},"excerpt":{"rendered":"<p>Wollt ihr Miles mitnehmen? Egal ob mit eurer Sippe oder gleich eurem ganzen Stamm: Miles ist f\u00fcr jeden Spa\u00df zu haben.Hauptsache, es geht ins Ausland! Sie sehen gerade einen Platzhalterinhalt von Facebook. Um auf den eigentlichen Inhalt zuzugreifen, klicken Sie auf die Schaltfl\u00e4che unten. Bitte beachten Sie, dass dabei Daten an Drittanbieter weitergegeben werden. Mehr [&hellip;]<\/p>\n","protected":false},"author":3,"featured_media":0,"parent":4737,"menu_order":0,"comment_status":"closed","ping_status":"closed","template":"","meta":{"_acf_changed":false,"inline_featured_image":false,"footnotes":""},"class_list":["post-4739","page","type-page","status-publish","hentry"],"acf":[],"_links":{"self":[{"href":"https:\/\/vcp.de\/pfadfinden\/wp-json\/wp\/v2\/pages\/4739","targetHints":{"allow":["GET"]}}],"collection":[{"href":"https:\/\/vcp.de\/pfadfinden\/wp-json\/wp\/v2\/pages"}],"about":[{"href":"https:\/\/vcp.de\/pfadfinden\/wp-json\/wp\/v2\/types\/page"}],"author":[{"embeddable":true,"href":"https:\/\/vcp.de\/pfadfinden\/wp-json\/wp\/v2\/users\/3"}],"replies":[{"embeddable":true,"href":"https:\/\/vcp.de\/pfadfinden\/wp-json\/wp\/v2\/comments?post=4739"}],"version-history":[{"count":14,"href":"https:\/\/vcp.de\/pfadfinden\/wp-json\/wp\/v2\/pages\/4739\/revisions"}],"predecessor-version":[{"id":36931,"href":"https:\/\/vcp.de\/pfadfinden\/wp-json\/wp\/v2\/pages\/4739\/revisions\/36931"}],"up":[{"embeddable":true,"href":"https:\/\/vcp.de\/pfadfinden\/wp-json\/wp\/v2\/pages\/4737"}],"wp:attachment":[{"href":"https:\/\/vcp.de\/pfadfinden\/wp-json\/wp\/v2\/media?parent=4739"}],"curies":[{"name":"wp","href":"https:\/\/api.w.org\/{rel}","templated":true}]}}