{"id":15780,"date":"2020-03-16T09:38:10","date_gmt":"2020-03-16T08:38:10","guid":{"rendered":"https:\/\/www.vcp.de\/pfadfinden\/?page_id=15780"},"modified":"2024-09-14T17:22:35","modified_gmt":"2024-09-14T15:22:35","slug":"gegen-das-virus","status":"publish","type":"page","link":"https:\/\/vcp.de\/pfadfinden\/gegen-das-virus\/","title":{"rendered":"Gemeinsam durch die Corona-Pandemie"},"content":{"rendered":"<!-- TEST -->\n<figure class=\"wp-block-image alignleft\"><a href=\"https:\/\/www.vcp.de\/pfadfinden\/wp-content\/uploads\/2015\/09\/VCP-Waldl\u00e4uferzeichen-Tafeln_Seite_13.png\"><img loading=\"lazy\" decoding=\"async\" width=\"150\" height=\"150\" src=\"https:\/\/www.vcp.de\/pfadfinden\/wp-content\/uploads\/2015\/09\/VCP-Waldl\u00e4uferzeichen-Tafeln_Seite_13-150x150.png\" alt=\"neu - VCP-Waldl\u00e4uferzeichen wlz\" class=\"wp-image-3035\" srcset=\"https:\/\/vcp.de\/pfadfinden\/wp-content\/uploads\/2015\/09\/VCP-Waldl\u00e4uferzeichen-Tafeln_Seite_13-150x150.png 150w, https:\/\/vcp.de\/pfadfinden\/wp-content\/uploads\/2015\/09\/VCP-Waldl\u00e4uferzeichen-Tafeln_Seite_13-300x300.png 300w, https:\/\/vcp.de\/pfadfinden\/wp-content\/uploads\/2015\/09\/VCP-Waldl\u00e4uferzeichen-Tafeln_Seite_13-1024x1024.png 1024w, https:\/\/vcp.de\/pfadfinden\/wp-content\/uploads\/2015\/09\/VCP-Waldl\u00e4uferzeichen-Tafeln_Seite_13-45x45.png 45w\" sizes=\"auto, (max-width: 150px) 100vw, 150px\" \/><\/a><\/figure>\n\n\n\n<p>Pfadfinden lebt von Gemeinschaft. Absagen von Gruppenstunden und Veranstaltungen hindern uns nicht daran, diese Gemeinschaft zu leben! Wir sammeln hier Ideen, wie Pfadfinder*innen untereinander, aber auch andere Menschen nah und fern, in dieser herausfordernden Zeit diese Gemeinschaft und den Zusammenhalt sp\u00fcren k\u00f6nnen.<\/p>\n\n\n\n<div class=\"wp-block-query is-layout-flow wp-block-query-is-layout-flow\"><ul class=\"wp-block-post-template is-layout-flow wp-block-post-template-is-layout-flow\"><li class=\"wp-block-post post-16045 post type-post status-publish format-standard has-post-thumbnail hentry category-achtsamundaktiv category-allgemein category-gegen-das-virus category-sachinformationen\">\n\n<div class=\"wp-block-columns is-layout-flex wp-container-core-columns-is-layout-9d6595d7 wp-block-columns-is-layout-flex\">\n<div class=\"wp-block-column is-layout-flow wp-block-column-is-layout-flow\" style=\"flex-basis:33.33%\"><figure style=\"aspect-ratio:1;width:200px;\" class=\"aligncenter wp-block-post-featured-image\"><a href=\"https:\/\/vcp.de\/pfadfinden\/allgemein\/kindesschutz\/\" target=\"_self\"  ><img loading=\"lazy\" decoding=\"async\" width=\"3334\" height=\"3334\" src=\"https:\/\/vcp.de\/pfadfinden\/wp-content\/uploads\/2015\/09\/VCP-Waldl\u00e4uferzeichen-Tafeln_Seite_36.png\" class=\"attachment-post-thumbnail size-post-thumbnail wp-post-image\" alt=\"Kindesschutz\" style=\"width:100%;height:100%;object-fit:cover;\" srcset=\"https:\/\/vcp.de\/pfadfinden\/wp-content\/uploads\/2015\/09\/VCP-Waldl\u00e4uferzeichen-Tafeln_Seite_36.png 3334w, https:\/\/vcp.de\/pfadfinden\/wp-content\/uploads\/2015\/09\/VCP-Waldl\u00e4uferzeichen-Tafeln_Seite_36-150x150.png 150w, https:\/\/vcp.de\/pfadfinden\/wp-content\/uploads\/2015\/09\/VCP-Waldl\u00e4uferzeichen-Tafeln_Seite_36-300x300.png 300w, https:\/\/vcp.de\/pfadfinden\/wp-content\/uploads\/2015\/09\/VCP-Waldl\u00e4uferzeichen-Tafeln_Seite_36-1024x1024.png 1024w, https:\/\/vcp.de\/pfadfinden\/wp-content\/uploads\/2015\/09\/VCP-Waldl\u00e4uferzeichen-Tafeln_Seite_36-45x45.png 45w\" sizes=\"auto, (max-width: 3334px) 100vw, 3334px\" \/><\/a><\/figure><\/div>\n\n\n\n<div class=\"wp-block-column is-layout-flow wp-block-column-is-layout-flow\" style=\"flex-basis:66.66%\"><h5 class=\"wp-block-post-title\"><a href=\"https:\/\/vcp.de\/pfadfinden\/allgemein\/kindesschutz\/\" target=\"_self\" >Kindesschutz<\/a><\/h5>\n\n<div class=\"wp-block-post-excerpt\"><p class=\"wp-block-post-excerpt__excerpt\">Kinder sollen sicher und gesund aufwachsen und vor Gefahren und Gewalt gesch\u00fctzt werden, so steht es in der UN-Kinderrechtskonvention. Dennoch&hellip;<\/p><p class=\"wp-block-post-excerpt__more-text\"><a class=\"wp-block-post-excerpt__more-link\" href=\"https:\/\/vcp.de\/pfadfinden\/allgemein\/kindesschutz\/\">Weiterlesen<\/a><\/p><\/div><\/div>\n<\/div>\n\n\n\n<hr class=\"wp-block-separator has-alpha-channel-opacity\"\/>\n\n<\/li><li class=\"wp-block-post post-24169 post type-post status-publish format-standard has-post-thumbnail hentry category-gegen-das-virus category-jugendpolitik tag-vcpolitisch tag-gegen-das-virus\">\n\n<div class=\"wp-block-columns is-layout-flex wp-container-core-columns-is-layout-9d6595d7 wp-block-columns-is-layout-flex\">\n<div class=\"wp-block-column is-layout-flow wp-block-column-is-layout-flow\" style=\"flex-basis:33.33%\"><figure style=\"aspect-ratio:1;width:200px;\" class=\"aligncenter wp-block-post-featured-image\"><a href=\"https:\/\/vcp.de\/pfadfinden\/jugendpolitik\/gesellschaftliche-teilhabe-von-kindern-und-jugendlichen-auch-in-krisenzeiten-ermoeglichen\/\" target=\"_self\"  ><img loading=\"lazy\" decoding=\"async\" width=\"1772\" height=\"997\" src=\"https:\/\/vcp.de\/pfadfinden\/wp-content\/uploads\/2020\/05\/Maske_Andreas-Kl\u00e4ger_1.jpg\" class=\"attachment-post-thumbnail size-post-thumbnail wp-post-image\" alt=\"Gesellschaftliche Teilhabe von Kindern und Jugendlichen auch in Krisenzeiten erm\u00f6glichen!\" style=\"width:100%;height:100%;object-fit:cover;\" srcset=\"https:\/\/vcp.de\/pfadfinden\/wp-content\/uploads\/2020\/05\/Maske_Andreas-Kl\u00e4ger_1.jpg 1772w, https:\/\/vcp.de\/pfadfinden\/wp-content\/uploads\/2020\/05\/Maske_Andreas-Kl\u00e4ger_1-300x169.jpg 300w, https:\/\/vcp.de\/pfadfinden\/wp-content\/uploads\/2020\/05\/Maske_Andreas-Kl\u00e4ger_1-1024x576.jpg 1024w, https:\/\/vcp.de\/pfadfinden\/wp-content\/uploads\/2020\/05\/Maske_Andreas-Kl\u00e4ger_1-768x432.jpg 768w, https:\/\/vcp.de\/pfadfinden\/wp-content\/uploads\/2020\/05\/Maske_Andreas-Kl\u00e4ger_1-1536x864.jpg 1536w\" sizes=\"auto, (max-width: 1772px) 100vw, 1772px\" \/><\/a><\/figure><\/div>\n\n\n\n<div class=\"wp-block-column is-layout-flow wp-block-column-is-layout-flow\" style=\"flex-basis:66.66%\"><h5 class=\"wp-block-post-title\"><a href=\"https:\/\/vcp.de\/pfadfinden\/jugendpolitik\/gesellschaftliche-teilhabe-von-kindern-und-jugendlichen-auch-in-krisenzeiten-ermoeglichen\/\" target=\"_self\" >Gesellschaftliche Teilhabe von Kindern und Jugendlichen auch in Krisenzeiten erm\u00f6glichen!<\/a><\/h5>\n\n<div class=\"wp-block-post-excerpt\"><p class=\"wp-block-post-excerpt__excerpt\">Von Beginn an haben Kinder und Jugendliche in Solidarit\u00e4t ihren Anteil zur Eind\u00e4mmung der Pandemie beigetragen. Dies muss endlich gesellschaftlich&hellip;<\/p><p class=\"wp-block-post-excerpt__more-text\"><a class=\"wp-block-post-excerpt__more-link\" href=\"https:\/\/vcp.de\/pfadfinden\/jugendpolitik\/gesellschaftliche-teilhabe-von-kindern-und-jugendlichen-auch-in-krisenzeiten-ermoeglichen\/\">Weiterlesen<\/a><\/p><\/div><\/div>\n<\/div>\n\n\n\n<hr class=\"wp-block-separator has-alpha-channel-opacity\"\/>\n\n<\/li><li class=\"wp-block-post post-22830 post type-post status-publish format-standard has-post-thumbnail hentry category-allgemein category-gegen-das-virus tag-corona tag-impfen tag-virus\">\n\n<div class=\"wp-block-columns is-layout-flex wp-container-core-columns-is-layout-9d6595d7 wp-block-columns-is-layout-flex\">\n<div class=\"wp-block-column is-layout-flow wp-block-column-is-layout-flow\" style=\"flex-basis:33.33%\"><figure style=\"aspect-ratio:1;width:200px;\" class=\"aligncenter wp-block-post-featured-image\"><a href=\"https:\/\/vcp.de\/pfadfinden\/allgemein\/schuetze-dich-und-andere-lass-dich-impfen\/\" target=\"_self\"  ><img loading=\"lazy\" decoding=\"async\" width=\"1707\" height=\"2560\" src=\"https:\/\/vcp.de\/pfadfinden\/wp-content\/uploads\/2021\/08\/tim-hufner-CXztrcP-a6c-unsplash-scaled.jpg\" class=\"attachment-post-thumbnail size-post-thumbnail wp-post-image\" alt=\"Sch\u00fctze dich und andere: Lass dich impfen!\" style=\"width:100%;height:100%;object-fit:cover;\" srcset=\"https:\/\/vcp.de\/pfadfinden\/wp-content\/uploads\/2021\/08\/tim-hufner-CXztrcP-a6c-unsplash-scaled.jpg 1707w, https:\/\/vcp.de\/pfadfinden\/wp-content\/uploads\/2021\/08\/tim-hufner-CXztrcP-a6c-unsplash-200x300.jpg 200w, https:\/\/vcp.de\/pfadfinden\/wp-content\/uploads\/2021\/08\/tim-hufner-CXztrcP-a6c-unsplash-683x1024.jpg 683w, https:\/\/vcp.de\/pfadfinden\/wp-content\/uploads\/2021\/08\/tim-hufner-CXztrcP-a6c-unsplash-768x1152.jpg 768w, https:\/\/vcp.de\/pfadfinden\/wp-content\/uploads\/2021\/08\/tim-hufner-CXztrcP-a6c-unsplash-1024x1536.jpg 1024w, https:\/\/vcp.de\/pfadfinden\/wp-content\/uploads\/2021\/08\/tim-hufner-CXztrcP-a6c-unsplash-1365x2048.jpg 1365w\" sizes=\"auto, (max-width: 1707px) 100vw, 1707px\" \/><\/a><\/figure><\/div>\n\n\n\n<div class=\"wp-block-column is-layout-flow wp-block-column-is-layout-flow\" style=\"flex-basis:66.66%\"><h5 class=\"wp-block-post-title\"><a href=\"https:\/\/vcp.de\/pfadfinden\/allgemein\/schuetze-dich-und-andere-lass-dich-impfen\/\" target=\"_self\" >Sch\u00fctze dich und andere: Lass dich impfen!<\/a><\/h5>\n\n<div class=\"wp-block-post-excerpt\"><p class=\"wp-block-post-excerpt__excerpt\">Als Pfadfinder*innen wollen wir Verantwortung f\u00fcr andere \u00fcbernehmen \u2013 ganz klar. In Zeiten von Corona sieht das manchmal anders aus,&hellip;<\/p><p class=\"wp-block-post-excerpt__more-text\"><a class=\"wp-block-post-excerpt__more-link\" href=\"https:\/\/vcp.de\/pfadfinden\/allgemein\/schuetze-dich-und-andere-lass-dich-impfen\/\">Weiterlesen<\/a><\/p><\/div><\/div>\n<\/div>\n\n\n\n<hr class=\"wp-block-separator has-alpha-channel-opacity\"\/>\n\n<\/li><li class=\"wp-block-post post-21903 post type-post status-publish format-standard has-post-thumbnail hentry category-gegen-das-virus\">\n\n<div class=\"wp-block-columns is-layout-flex wp-container-core-columns-is-layout-9d6595d7 wp-block-columns-is-layout-flex\">\n<div class=\"wp-block-column is-layout-flow wp-block-column-is-layout-flow\" style=\"flex-basis:33.33%\"><figure style=\"aspect-ratio:1;width:200px;\" class=\"aligncenter wp-block-post-featured-image\"><a href=\"https:\/\/vcp.de\/pfadfinden\/gegen-das-virus\/empfehlungen-zur-corona-pandemie-fuer-stammes-landes-und-bundesebene-4\/\" target=\"_self\"  ><img loading=\"lazy\" decoding=\"async\" width=\"826\" height=\"1102\" src=\"https:\/\/vcp.de\/pfadfinden\/wp-content\/uploads\/2020\/06\/landeslager_vorfreude_2021.jpg\" class=\"attachment-post-thumbnail size-post-thumbnail wp-post-image\" alt=\"Empfehlungen zur Corona-Pandemie f\u00fcr Stammes-, Landes- und Bundesebene\" style=\"width:100%;height:100%;object-fit:cover;\" srcset=\"https:\/\/vcp.de\/pfadfinden\/wp-content\/uploads\/2020\/06\/landeslager_vorfreude_2021.jpg 826w, https:\/\/vcp.de\/pfadfinden\/wp-content\/uploads\/2020\/06\/landeslager_vorfreude_2021-225x300.jpg 225w, https:\/\/vcp.de\/pfadfinden\/wp-content\/uploads\/2020\/06\/landeslager_vorfreude_2021-768x1025.jpg 768w\" sizes=\"auto, (max-width: 826px) 100vw, 826px\" \/><\/a><\/figure><\/div>\n\n\n\n<div class=\"wp-block-column is-layout-flow wp-block-column-is-layout-flow\" style=\"flex-basis:66.66%\"><h5 class=\"wp-block-post-title\"><a href=\"https:\/\/vcp.de\/pfadfinden\/gegen-das-virus\/empfehlungen-zur-corona-pandemie-fuer-stammes-landes-und-bundesebene-4\/\" target=\"_self\" >Empfehlungen zur Corona-Pandemie f\u00fcr Stammes-, Landes- und Bundesebene<\/a><\/h5>\n\n<div class=\"wp-block-post-excerpt\"><p class=\"wp-block-post-excerpt__excerpt\">Ihr sollt in Freuden ausziehen und in Frieden geleitet werden. (Jesaja 55,12) &nbsp; Liebe Pfadfinder*innen, die Zeit der harten Beschr\u00e4nkungen&hellip;<\/p><p class=\"wp-block-post-excerpt__more-text\"><a class=\"wp-block-post-excerpt__more-link\" href=\"https:\/\/vcp.de\/pfadfinden\/gegen-das-virus\/empfehlungen-zur-corona-pandemie-fuer-stammes-landes-und-bundesebene-4\/\">Weiterlesen<\/a><\/p><\/div><\/div>\n<\/div>\n\n\n\n<hr class=\"wp-block-separator has-alpha-channel-opacity\"\/>\n\n<\/li><li class=\"wp-block-post post-21743 post type-post status-publish format-standard has-post-thumbnail hentry category-gegen-das-virus category-sachinformationen tag-gegen-das-virus tag-jugendpolitik\">\n\n<div class=\"wp-block-columns is-layout-flex wp-container-core-columns-is-layout-9d6595d7 wp-block-columns-is-layout-flex\">\n<div class=\"wp-block-column is-layout-flow wp-block-column-is-layout-flow\" style=\"flex-basis:33.33%\"><figure style=\"aspect-ratio:1;width:200px;\" class=\"aligncenter wp-block-post-featured-image\"><a href=\"https:\/\/vcp.de\/pfadfinden\/gegen-das-virus\/position-des-dbjr-bei-der-umsetzung-des-corona-aufholpakets-muessen-jugendverbaende-einbezogen-werden\/\" target=\"_self\"  ><img loading=\"lazy\" decoding=\"async\" width=\"800\" height=\"419\" src=\"https:\/\/vcp.de\/pfadfinden\/wp-content\/uploads\/2021\/03\/Beitragsbild_kinderrechte.jpg\" class=\"attachment-post-thumbnail size-post-thumbnail wp-post-image\" alt=\"Position des DBJR: Bei der Umsetzung des Corona-Aufholpakets m\u00fcssen Jugendverb\u00e4nde einbezogen werden\" style=\"width:100%;height:100%;object-fit:cover;\" srcset=\"https:\/\/vcp.de\/pfadfinden\/wp-content\/uploads\/2021\/03\/Beitragsbild_kinderrechte.jpg 800w, https:\/\/vcp.de\/pfadfinden\/wp-content\/uploads\/2021\/03\/Beitragsbild_kinderrechte-300x157.jpg 300w, https:\/\/vcp.de\/pfadfinden\/wp-content\/uploads\/2021\/03\/Beitragsbild_kinderrechte-768x402.jpg 768w\" sizes=\"auto, (max-width: 800px) 100vw, 800px\" \/><\/a><\/figure><\/div>\n\n\n\n<div class=\"wp-block-column is-layout-flow wp-block-column-is-layout-flow\" style=\"flex-basis:66.66%\"><h5 class=\"wp-block-post-title\"><a href=\"https:\/\/vcp.de\/pfadfinden\/gegen-das-virus\/position-des-dbjr-bei-der-umsetzung-des-corona-aufholpakets-muessen-jugendverbaende-einbezogen-werden\/\" target=\"_self\" >Position des DBJR: Bei der Umsetzung des Corona-Aufholpakets m\u00fcssen Jugendverb\u00e4nde einbezogen werden<\/a><\/h5>\n\n<div class=\"wp-block-post-excerpt\"><p class=\"wp-block-post-excerpt__excerpt\">Das Bundeskabinett hat am 05.05.2021 das \u201eCorona-Aufholpaket\u201c auf den Weg gebracht. Die Zielsetzung ist im Sinne junger Menschen grunds\u00e4tzlich zu&hellip;<\/p><p class=\"wp-block-post-excerpt__more-text\"><a class=\"wp-block-post-excerpt__more-link\" href=\"https:\/\/vcp.de\/pfadfinden\/gegen-das-virus\/position-des-dbjr-bei-der-umsetzung-des-corona-aufholpakets-muessen-jugendverbaende-einbezogen-werden\/\">Weiterlesen<\/a><\/p><\/div><\/div>\n<\/div>\n\n\n\n<hr class=\"wp-block-separator has-alpha-channel-opacity\"\/>\n\n<\/li><li class=\"wp-block-post post-21563 post type-post status-publish format-standard has-post-thumbnail hentry category-gegen-das-virus category-sachinformationen tag-gegen-das-virus tag-jugendpolitik\">\n\n<div class=\"wp-block-columns is-layout-flex wp-container-core-columns-is-layout-9d6595d7 wp-block-columns-is-layout-flex\">\n<div class=\"wp-block-column is-layout-flow wp-block-column-is-layout-flow\" style=\"flex-basis:33.33%\"><figure style=\"aspect-ratio:1;width:200px;\" class=\"aligncenter wp-block-post-featured-image\"><a href=\"https:\/\/vcp.de\/pfadfinden\/gegen-das-virus\/corona-pandemie-impfung-und-ehrenamt\/\" target=\"_self\"  ><img loading=\"lazy\" decoding=\"async\" width=\"3334\" height=\"3334\" src=\"https:\/\/vcp.de\/pfadfinden\/wp-content\/uploads\/2015\/09\/VCP-Waldl\u00e4uferzeichen-Tafeln_Seite_09.png\" class=\"attachment-post-thumbnail size-post-thumbnail wp-post-image\" alt=\"Corona-Pandemie: Impfung und Ehrenamt\" style=\"width:100%;height:100%;object-fit:cover;\" srcset=\"https:\/\/vcp.de\/pfadfinden\/wp-content\/uploads\/2015\/09\/VCP-Waldl\u00e4uferzeichen-Tafeln_Seite_09.png 3334w, https:\/\/vcp.de\/pfadfinden\/wp-content\/uploads\/2015\/09\/VCP-Waldl\u00e4uferzeichen-Tafeln_Seite_09-150x150.png 150w, https:\/\/vcp.de\/pfadfinden\/wp-content\/uploads\/2015\/09\/VCP-Waldl\u00e4uferzeichen-Tafeln_Seite_09-300x300.png 300w, https:\/\/vcp.de\/pfadfinden\/wp-content\/uploads\/2015\/09\/VCP-Waldl\u00e4uferzeichen-Tafeln_Seite_09-1024x1024.png 1024w, https:\/\/vcp.de\/pfadfinden\/wp-content\/uploads\/2015\/09\/VCP-Waldl\u00e4uferzeichen-Tafeln_Seite_09-45x45.png 45w\" sizes=\"auto, (max-width: 3334px) 100vw, 3334px\" \/><\/a><\/figure><\/div>\n\n\n\n<div class=\"wp-block-column is-layout-flow wp-block-column-is-layout-flow\" style=\"flex-basis:66.66%\"><h5 class=\"wp-block-post-title\"><a href=\"https:\/\/vcp.de\/pfadfinden\/gegen-das-virus\/corona-pandemie-impfung-und-ehrenamt\/\" target=\"_self\" >Corona-Pandemie: Impfung und Ehrenamt<\/a><\/h5>\n\n<div class=\"wp-block-post-excerpt\"><p class=\"wp-block-post-excerpt__excerpt\">Die Angebote in der Jugendverbandsarbeit sind unersetzlich f\u00fcr die Entwicklung, Bildung und demokratische Teilhabe junger Menschen. Hierf\u00fcr ist das Engagement&hellip;<\/p><p class=\"wp-block-post-excerpt__more-text\"><a class=\"wp-block-post-excerpt__more-link\" href=\"https:\/\/vcp.de\/pfadfinden\/gegen-das-virus\/corona-pandemie-impfung-und-ehrenamt\/\">Weiterlesen<\/a><\/p><\/div><\/div>\n<\/div>\n\n\n\n<hr class=\"wp-block-separator has-alpha-channel-opacity\"\/>\n\n<\/li><li class=\"wp-block-post post-21515 post type-post status-publish format-standard has-post-thumbnail hentry category-gegen-das-virus tag-gegen-das-virus tag-jugendpolitik\">\n\n<div class=\"wp-block-columns is-layout-flex wp-container-core-columns-is-layout-9d6595d7 wp-block-columns-is-layout-flex\">\n<div class=\"wp-block-column is-layout-flow wp-block-column-is-layout-flow\" style=\"flex-basis:33.33%\"><figure style=\"aspect-ratio:1;width:200px;\" class=\"aligncenter wp-block-post-featured-image\"><a href=\"https:\/\/vcp.de\/pfadfinden\/gegen-das-virus\/dbjr-beschluss-impfung-und-ehrenamt\/\" target=\"_self\"  ><img loading=\"lazy\" decoding=\"async\" width=\"1007\" height=\"475\" src=\"https:\/\/vcp.de\/pfadfinden\/wp-content\/uploads\/2016\/04\/DBJR-LOGO-4c.jpg\" class=\"attachment-post-thumbnail size-post-thumbnail wp-post-image\" alt=\"DBJR Beschluss: Impfung und Ehrenamt\" style=\"width:100%;height:100%;object-fit:cover;\" srcset=\"https:\/\/vcp.de\/pfadfinden\/wp-content\/uploads\/2016\/04\/DBJR-LOGO-4c.jpg 1007w, https:\/\/vcp.de\/pfadfinden\/wp-content\/uploads\/2016\/04\/DBJR-LOGO-4c-300x142.jpg 300w, https:\/\/vcp.de\/pfadfinden\/wp-content\/uploads\/2016\/04\/DBJR-LOGO-4c-768x362.jpg 768w\" sizes=\"auto, (max-width: 1007px) 100vw, 1007px\" \/><\/a><\/figure><\/div>\n\n\n\n<div class=\"wp-block-column is-layout-flow wp-block-column-is-layout-flow\" style=\"flex-basis:66.66%\"><h5 class=\"wp-block-post-title\"><a href=\"https:\/\/vcp.de\/pfadfinden\/gegen-das-virus\/dbjr-beschluss-impfung-und-ehrenamt\/\" target=\"_self\" >DBJR Beschluss: Impfung und Ehrenamt<\/a><\/h5>\n\n<div class=\"wp-block-post-excerpt\"><p class=\"wp-block-post-excerpt__excerpt\">Der Hauptausschuss des DBJR hat am 21.04.2021 eine Position zu &#8222;Impfung und Ehrenamt&#8220; beschlossen. In dieser stellen Jugendverb\u00e4nde und Landesjugendringe&hellip;<\/p><p class=\"wp-block-post-excerpt__more-text\"><a class=\"wp-block-post-excerpt__more-link\" href=\"https:\/\/vcp.de\/pfadfinden\/gegen-das-virus\/dbjr-beschluss-impfung-und-ehrenamt\/\">Weiterlesen<\/a><\/p><\/div><\/div>\n<\/div>\n\n\n\n<hr class=\"wp-block-separator has-alpha-channel-opacity\"\/>\n\n<\/li><li class=\"wp-block-post post-21292 post type-post status-publish format-standard has-post-thumbnail hentry category-gegen-das-virus category-sachinformationen\">\n\n<div class=\"wp-block-columns is-layout-flex wp-container-core-columns-is-layout-9d6595d7 wp-block-columns-is-layout-flex\">\n<div class=\"wp-block-column is-layout-flow wp-block-column-is-layout-flow\" style=\"flex-basis:33.33%\"><figure style=\"aspect-ratio:1;width:200px;\" class=\"aligncenter wp-block-post-featured-image\"><a href=\"https:\/\/vcp.de\/pfadfinden\/gegen-das-virus\/empfehlungen-zur-corona-pandemie-fuer-stammes-landes-und-bundesebene-3\/\" target=\"_self\"  ><img loading=\"lazy\" decoding=\"async\" width=\"1772\" height=\"997\" src=\"https:\/\/vcp.de\/pfadfinden\/wp-content\/uploads\/2020\/05\/Maske_Andreas-Kl\u00e4ger_1.jpg\" class=\"attachment-post-thumbnail size-post-thumbnail wp-post-image\" alt=\"Empfehlungen zur Corona-Pandemie f\u00fcr Stammes-, Landes-, und Bundesebene\" style=\"width:100%;height:100%;object-fit:cover;\" srcset=\"https:\/\/vcp.de\/pfadfinden\/wp-content\/uploads\/2020\/05\/Maske_Andreas-Kl\u00e4ger_1.jpg 1772w, https:\/\/vcp.de\/pfadfinden\/wp-content\/uploads\/2020\/05\/Maske_Andreas-Kl\u00e4ger_1-300x169.jpg 300w, https:\/\/vcp.de\/pfadfinden\/wp-content\/uploads\/2020\/05\/Maske_Andreas-Kl\u00e4ger_1-1024x576.jpg 1024w, https:\/\/vcp.de\/pfadfinden\/wp-content\/uploads\/2020\/05\/Maske_Andreas-Kl\u00e4ger_1-768x432.jpg 768w, https:\/\/vcp.de\/pfadfinden\/wp-content\/uploads\/2020\/05\/Maske_Andreas-Kl\u00e4ger_1-1536x864.jpg 1536w\" sizes=\"auto, (max-width: 1772px) 100vw, 1772px\" \/><\/a><\/figure><\/div>\n\n\n\n<div class=\"wp-block-column is-layout-flow wp-block-column-is-layout-flow\" style=\"flex-basis:66.66%\"><h5 class=\"wp-block-post-title\"><a href=\"https:\/\/vcp.de\/pfadfinden\/gegen-das-virus\/empfehlungen-zur-corona-pandemie-fuer-stammes-landes-und-bundesebene-3\/\" target=\"_self\" >Empfehlungen zur Corona-Pandemie f\u00fcr Stammes-, Landes-, und Bundesebene<\/a><\/h5>\n\n<div class=\"wp-block-post-excerpt\"><p class=\"wp-block-post-excerpt__excerpt\">Wenn wir aber auf das hoffen, was wir nicht sehen, so warten wir darauf in Geduld. (R\u00f6mer 8:25) Liebe Pfadfinder*innen,&hellip;<\/p><p class=\"wp-block-post-excerpt__more-text\"><a class=\"wp-block-post-excerpt__more-link\" href=\"https:\/\/vcp.de\/pfadfinden\/gegen-das-virus\/empfehlungen-zur-corona-pandemie-fuer-stammes-landes-und-bundesebene-3\/\">Weiterlesen<\/a><\/p><\/div><\/div>\n<\/div>\n\n\n\n<hr class=\"wp-block-separator has-alpha-channel-opacity\"\/>\n\n<\/li><li class=\"wp-block-post post-21745 post type-post status-publish format-standard has-post-thumbnail hentry category-gegen-das-virus category-sachinformationen tag-gegen-das-virus tag-jugendpolitik\">\n\n<div class=\"wp-block-columns is-layout-flex wp-container-core-columns-is-layout-9d6595d7 wp-block-columns-is-layout-flex\">\n<div class=\"wp-block-column is-layout-flow wp-block-column-is-layout-flow\" style=\"flex-basis:33.33%\"><figure style=\"aspect-ratio:1;width:200px;\" class=\"aligncenter wp-block-post-featured-image\"><a href=\"https:\/\/vcp.de\/pfadfinden\/gegen-das-virus\/jugendpolitik-im-ausnahmezustand\/\" target=\"_self\"  ><img loading=\"lazy\" decoding=\"async\" width=\"1007\" height=\"475\" src=\"https:\/\/vcp.de\/pfadfinden\/wp-content\/uploads\/2016\/04\/DBJR-LOGO-4c.jpg\" class=\"attachment-post-thumbnail size-post-thumbnail wp-post-image\" alt=\"Position: Jugendpolitik im Ausnahmezustand\" style=\"width:100%;height:100%;object-fit:cover;\" srcset=\"https:\/\/vcp.de\/pfadfinden\/wp-content\/uploads\/2016\/04\/DBJR-LOGO-4c.jpg 1007w, https:\/\/vcp.de\/pfadfinden\/wp-content\/uploads\/2016\/04\/DBJR-LOGO-4c-300x142.jpg 300w, https:\/\/vcp.de\/pfadfinden\/wp-content\/uploads\/2016\/04\/DBJR-LOGO-4c-768x362.jpg 768w\" sizes=\"auto, (max-width: 1007px) 100vw, 1007px\" \/><\/a><\/figure><\/div>\n\n\n\n<div class=\"wp-block-column is-layout-flow wp-block-column-is-layout-flow\" style=\"flex-basis:66.66%\"><h5 class=\"wp-block-post-title\"><a href=\"https:\/\/vcp.de\/pfadfinden\/gegen-das-virus\/jugendpolitik-im-ausnahmezustand\/\" target=\"_self\" >Position: Jugendpolitik im Ausnahmezustand<\/a><\/h5>\n\n<div class=\"wp-block-post-excerpt\"><p class=\"wp-block-post-excerpt__excerpt\">Der Vorstand des Deutschen Bundesjugendrings (DBJR) hat eine Dringlichkeitspositionierung ver\u00f6ffentlicht, denn der gegenw\u00e4rtige Zustand einer Gesellschaft im Ausnahmezustand trifft junge&hellip;<\/p><p class=\"wp-block-post-excerpt__more-text\"><a class=\"wp-block-post-excerpt__more-link\" href=\"https:\/\/vcp.de\/pfadfinden\/gegen-das-virus\/jugendpolitik-im-ausnahmezustand\/\">Weiterlesen<\/a><\/p><\/div><\/div>\n<\/div>\n\n\n\n<hr class=\"wp-block-separator has-alpha-channel-opacity\"\/>\n\n<\/li><li class=\"wp-block-post post-20612 post type-post status-publish format-standard has-post-thumbnail hentry category-gegen-das-virus category-kreative-ideen\">\n\n<div class=\"wp-block-columns is-layout-flex wp-container-core-columns-is-layout-9d6595d7 wp-block-columns-is-layout-flex\">\n<div class=\"wp-block-column is-layout-flow wp-block-column-is-layout-flow\" style=\"flex-basis:33.33%\"><figure style=\"aspect-ratio:1;width:200px;\" class=\"aligncenter wp-block-post-featured-image\"><a href=\"https:\/\/vcp.de\/pfadfinden\/gegen-das-virus\/digitale-gruppenstundenideen-vom-vcp-wuerttemberg\/\" target=\"_self\"  ><img loading=\"lazy\" decoding=\"async\" width=\"334\" height=\"331\" src=\"https:\/\/vcp.de\/pfadfinden\/wp-content\/uploads\/2021\/03\/vcp-w\u00fcrttemberg.png\" class=\"attachment-post-thumbnail size-post-thumbnail wp-post-image\" alt=\"Digitale Gruppenstundenideen vom VCP W\u00fcrttemberg\" style=\"width:100%;height:100%;object-fit:cover;\" srcset=\"https:\/\/vcp.de\/pfadfinden\/wp-content\/uploads\/2021\/03\/vcp-w\u00fcrttemberg.png 334w, https:\/\/vcp.de\/pfadfinden\/wp-content\/uploads\/2021\/03\/vcp-w\u00fcrttemberg-300x297.png 300w, https:\/\/vcp.de\/pfadfinden\/wp-content\/uploads\/2021\/03\/vcp-w\u00fcrttemberg-150x150.png 150w, https:\/\/vcp.de\/pfadfinden\/wp-content\/uploads\/2021\/03\/vcp-w\u00fcrttemberg-45x45.png 45w\" sizes=\"auto, (max-width: 334px) 100vw, 334px\" \/><\/a><\/figure><\/div>\n\n\n\n<div class=\"wp-block-column is-layout-flow wp-block-column-is-layout-flow\" style=\"flex-basis:66.66%\"><h5 class=\"wp-block-post-title\"><a href=\"https:\/\/vcp.de\/pfadfinden\/gegen-das-virus\/digitale-gruppenstundenideen-vom-vcp-wuerttemberg\/\" target=\"_self\" >Digitale Gruppenstundenideen vom VCP W\u00fcrttemberg<\/a><\/h5>\n\n<div class=\"wp-block-post-excerpt\"><p class=\"wp-block-post-excerpt__excerpt\">Du suchst f\u00fcr deine n\u00e4chste digitale Gruppenstunde noch nach einer Idee? Aber dir will einfach nichts einfallen? Dann kannst du&hellip;<\/p><p class=\"wp-block-post-excerpt__more-text\"><a class=\"wp-block-post-excerpt__more-link\" href=\"https:\/\/vcp.de\/pfadfinden\/gegen-das-virus\/digitale-gruppenstundenideen-vom-vcp-wuerttemberg\/\">Weiterlesen<\/a><\/p><\/div><\/div>\n<\/div>\n\n\n\n<hr class=\"wp-block-separator has-alpha-channel-opacity\"\/>\n\n<\/li><li class=\"wp-block-post post-20500 post type-post status-publish format-standard has-post-thumbnail hentry category-allgemein category-digitale-treffen category-gegen-das-virus\">\n\n<div class=\"wp-block-columns is-layout-flex wp-container-core-columns-is-layout-9d6595d7 wp-block-columns-is-layout-flex\">\n<div class=\"wp-block-column is-layout-flow wp-block-column-is-layout-flow\" style=\"flex-basis:33.33%\"><figure style=\"aspect-ratio:1;width:200px;\" class=\"aligncenter wp-block-post-featured-image\"><a href=\"https:\/\/vcp.de\/pfadfinden\/allgemein\/kode-l-ein-rueckblick\/\" target=\"_self\"  ><img loading=\"lazy\" decoding=\"async\" width=\"2992\" height=\"1610\" src=\"https:\/\/vcp.de\/pfadfinden\/wp-content\/uploads\/2021\/02\/Gruppenfoto_Er\u00f6ffnung_KodeLZAK.png\" class=\"attachment-post-thumbnail size-post-thumbnail wp-post-image\" alt=\"Kode L &#8211; ein R\u00fcckblick\" style=\"width:100%;height:100%;object-fit:cover;\" srcset=\"https:\/\/vcp.de\/pfadfinden\/wp-content\/uploads\/2021\/02\/Gruppenfoto_Er\u00f6ffnung_KodeLZAK.png 2992w, https:\/\/vcp.de\/pfadfinden\/wp-content\/uploads\/2021\/02\/Gruppenfoto_Er\u00f6ffnung_KodeLZAK-300x161.png 300w, https:\/\/vcp.de\/pfadfinden\/wp-content\/uploads\/2021\/02\/Gruppenfoto_Er\u00f6ffnung_KodeLZAK-1024x551.png 1024w, https:\/\/vcp.de\/pfadfinden\/wp-content\/uploads\/2021\/02\/Gruppenfoto_Er\u00f6ffnung_KodeLZAK-768x413.png 768w, https:\/\/vcp.de\/pfadfinden\/wp-content\/uploads\/2021\/02\/Gruppenfoto_Er\u00f6ffnung_KodeLZAK-1536x827.png 1536w, https:\/\/vcp.de\/pfadfinden\/wp-content\/uploads\/2021\/02\/Gruppenfoto_Er\u00f6ffnung_KodeLZAK-2048x1102.png 2048w\" sizes=\"auto, (max-width: 2992px) 100vw, 2992px\" \/><\/a><\/figure><\/div>\n\n\n\n<div class=\"wp-block-column is-layout-flow wp-block-column-is-layout-flow\" style=\"flex-basis:66.66%\"><h5 class=\"wp-block-post-title\"><a href=\"https:\/\/vcp.de\/pfadfinden\/allgemein\/kode-l-ein-rueckblick\/\" target=\"_self\" >Kode L &#8211; ein R\u00fcckblick<\/a><\/h5>\n\n<div class=\"wp-block-post-excerpt\"><p class=\"wp-block-post-excerpt__excerpt\">Kode L &#8211; die Veranstaltung mit dem mysteri\u00f6sen Namen. Am Anfang war vielleicht noch nicht ganz klar wof\u00fcr es steht,&hellip;<\/p><p class=\"wp-block-post-excerpt__more-text\"><a class=\"wp-block-post-excerpt__more-link\" href=\"https:\/\/vcp.de\/pfadfinden\/allgemein\/kode-l-ein-rueckblick\/\">Weiterlesen<\/a><\/p><\/div><\/div>\n<\/div>\n\n\n\n<hr class=\"wp-block-separator has-alpha-channel-opacity\"\/>\n\n<\/li><li class=\"wp-block-post post-20382 post type-post status-publish format-standard has-post-thumbnail hentry category-gegen-das-virus category-sachinformationen tag-dbjr tag-gegen-das-virus\">\n\n<div class=\"wp-block-columns is-layout-flex wp-container-core-columns-is-layout-9d6595d7 wp-block-columns-is-layout-flex\">\n<div class=\"wp-block-column is-layout-flow wp-block-column-is-layout-flow\" style=\"flex-basis:33.33%\"><figure style=\"aspect-ratio:1;width:200px;\" class=\"aligncenter wp-block-post-featured-image\"><a href=\"https:\/\/vcp.de\/pfadfinden\/gegen-das-virus\/dbjr-position-kinder-und-jugendarbeit-auch-in-krisenzeiten-ermoeglichen\/\" target=\"_self\"  ><img loading=\"lazy\" decoding=\"async\" width=\"310\" height=\"163\" src=\"https:\/\/vcp.de\/pfadfinden\/wp-content\/uploads\/2021\/02\/DBJR_Logo.png\" class=\"attachment-post-thumbnail size-post-thumbnail wp-post-image\" alt=\"DBJR-Position: Kinder- und Jugendarbeit auch in Krisenzeiten erm\u00f6glichen\" style=\"width:100%;height:100%;object-fit:cover;\" srcset=\"https:\/\/vcp.de\/pfadfinden\/wp-content\/uploads\/2021\/02\/DBJR_Logo.png 310w, https:\/\/vcp.de\/pfadfinden\/wp-content\/uploads\/2021\/02\/DBJR_Logo-300x158.png 300w\" sizes=\"auto, (max-width: 310px) 100vw, 310px\" \/><\/a><\/figure><\/div>\n\n\n\n<div class=\"wp-block-column is-layout-flow wp-block-column-is-layout-flow\" style=\"flex-basis:66.66%\"><h5 class=\"wp-block-post-title\"><a href=\"https:\/\/vcp.de\/pfadfinden\/gegen-das-virus\/dbjr-position-kinder-und-jugendarbeit-auch-in-krisenzeiten-ermoeglichen\/\" target=\"_self\" >DBJR-Position: Kinder- und Jugendarbeit auch in Krisenzeiten erm\u00f6glichen<\/a><\/h5>\n\n<div class=\"wp-block-post-excerpt\"><p class=\"wp-block-post-excerpt__excerpt\">Junge Menschen haben den Bedarf nach unverzweckter Freizeit, gemeinsamen Aktivit\u00e4ten und Erholung. Daf\u00fcr braucht es sichere Rahmenbedingungen. Der DBJR-Hauptausschuss hat&hellip;<\/p><p class=\"wp-block-post-excerpt__more-text\"><a class=\"wp-block-post-excerpt__more-link\" href=\"https:\/\/vcp.de\/pfadfinden\/gegen-das-virus\/dbjr-position-kinder-und-jugendarbeit-auch-in-krisenzeiten-ermoeglichen\/\">Weiterlesen<\/a><\/p><\/div><\/div>\n<\/div>\n\n\n\n<hr class=\"wp-block-separator has-alpha-channel-opacity\"\/>\n\n<\/li><li class=\"wp-block-post post-20378 post type-post status-publish format-standard has-post-thumbnail hentry category-gegen-das-virus category-sachinformationen tag-dbjr tag-gegen-das-virus\">\n\n<div class=\"wp-block-columns is-layout-flex wp-container-core-columns-is-layout-9d6595d7 wp-block-columns-is-layout-flex\">\n<div class=\"wp-block-column is-layout-flow wp-block-column-is-layout-flow\" style=\"flex-basis:33.33%\"><figure style=\"aspect-ratio:1;width:200px;\" class=\"aligncenter wp-block-post-featured-image\"><a href=\"https:\/\/vcp.de\/pfadfinden\/gegen-das-virus\/dbjr-position-kinder-und-jugendliche-muessen-oberste-prioritaet-haben\/\" target=\"_self\"  ><img loading=\"lazy\" decoding=\"async\" width=\"310\" height=\"163\" src=\"https:\/\/vcp.de\/pfadfinden\/wp-content\/uploads\/2021\/02\/DBJR_Logo.png\" class=\"attachment-post-thumbnail size-post-thumbnail wp-post-image\" alt=\"DBJR Position: Kinder und Jugendliche m\u00fcssen oberste Priorit\u00e4t haben\" style=\"width:100%;height:100%;object-fit:cover;\" srcset=\"https:\/\/vcp.de\/pfadfinden\/wp-content\/uploads\/2021\/02\/DBJR_Logo.png 310w, https:\/\/vcp.de\/pfadfinden\/wp-content\/uploads\/2021\/02\/DBJR_Logo-300x158.png 300w\" sizes=\"auto, (max-width: 310px) 100vw, 310px\" \/><\/a><\/figure><\/div>\n\n\n\n<div class=\"wp-block-column is-layout-flow wp-block-column-is-layout-flow\" style=\"flex-basis:66.66%\"><h5 class=\"wp-block-post-title\"><a href=\"https:\/\/vcp.de\/pfadfinden\/gegen-das-virus\/dbjr-position-kinder-und-jugendliche-muessen-oberste-prioritaet-haben\/\" target=\"_self\" >DBJR Position: Kinder und Jugendliche m\u00fcssen oberste Priorit\u00e4t haben<\/a><\/h5>\n\n<div class=\"wp-block-post-excerpt\"><p class=\"wp-block-post-excerpt__excerpt\">Die Bundes- und Landesregierungen werden aufgefordert, bei weiteren Entscheidungen \u00fcber Coronama\u00dfnahmen jungen Menschen und ihren Bedarfen die oberste Priorit\u00e4t einzur\u00e4umen.&hellip;<\/p><p class=\"wp-block-post-excerpt__more-text\"><a class=\"wp-block-post-excerpt__more-link\" href=\"https:\/\/vcp.de\/pfadfinden\/gegen-das-virus\/dbjr-position-kinder-und-jugendliche-muessen-oberste-prioritaet-haben\/\">Weiterlesen<\/a><\/p><\/div><\/div>\n<\/div>\n\n\n\n<hr class=\"wp-block-separator has-alpha-channel-opacity\"\/>\n\n<\/li><li class=\"wp-block-post post-20356 post type-post status-publish format-standard has-post-thumbnail hentry category-digitale-treffen category-gegen-das-virus tag-vcpolitisch tag-gegen-das-virus tag-jugenddialog\">\n\n<div class=\"wp-block-columns is-layout-flex wp-container-core-columns-is-layout-9d6595d7 wp-block-columns-is-layout-flex\">\n<div class=\"wp-block-column is-layout-flow wp-block-column-is-layout-flow\" style=\"flex-basis:33.33%\"><figure style=\"aspect-ratio:1;width:200px;\" class=\"aligncenter wp-block-post-featured-image\"><a href=\"https:\/\/vcp.de\/pfadfinden\/gegen-das-virus\/online-spiel-youth-action-eu-und-du\/\" target=\"_self\"  ><img loading=\"lazy\" decoding=\"async\" width=\"768\" height=\"492\" src=\"https:\/\/vcp.de\/pfadfinden\/wp-content\/uploads\/2021\/02\/Titelbild_EU_und_DU_DBJR.jpg\" class=\"attachment-post-thumbnail size-post-thumbnail wp-post-image\" alt=\"Online-Spiel Youth Action: EU und DU\" style=\"width:100%;height:100%;object-fit:cover;\" srcset=\"https:\/\/vcp.de\/pfadfinden\/wp-content\/uploads\/2021\/02\/Titelbild_EU_und_DU_DBJR.jpg 768w, https:\/\/vcp.de\/pfadfinden\/wp-content\/uploads\/2021\/02\/Titelbild_EU_und_DU_DBJR-300x192.jpg 300w\" sizes=\"auto, (max-width: 768px) 100vw, 768px\" \/><\/a><\/figure><\/div>\n\n\n\n<div class=\"wp-block-column is-layout-flow wp-block-column-is-layout-flow\" style=\"flex-basis:66.66%\"><h5 class=\"wp-block-post-title\"><a href=\"https:\/\/vcp.de\/pfadfinden\/gegen-das-virus\/online-spiel-youth-action-eu-und-du\/\" target=\"_self\" >Online-Spiel Youth Action: EU und DU<\/a><\/h5>\n\n<div class=\"wp-block-post-excerpt\"><p class=\"wp-block-post-excerpt__excerpt\">Ihr sucht nach Ideen f\u00fcr eure n\u00e4chste Gruppenstunde? Ihr interessiert euch f\u00fcr die EU und ihre Institutionen? Ihr habt Lust&hellip;<\/p><p class=\"wp-block-post-excerpt__more-text\"><a class=\"wp-block-post-excerpt__more-link\" href=\"https:\/\/vcp.de\/pfadfinden\/gegen-das-virus\/online-spiel-youth-action-eu-und-du\/\">Weiterlesen<\/a><\/p><\/div><\/div>\n<\/div>\n\n\n\n<hr class=\"wp-block-separator has-alpha-channel-opacity\"\/>\n\n<\/li><li class=\"wp-block-post post-20149 post type-post status-publish format-standard has-post-thumbnail hentry category-digitale-treffen category-gegen-das-virus\">\n\n<div class=\"wp-block-columns is-layout-flex wp-container-core-columns-is-layout-9d6595d7 wp-block-columns-is-layout-flex\">\n<div class=\"wp-block-column is-layout-flow wp-block-column-is-layout-flow\" style=\"flex-basis:33.33%\"><figure style=\"aspect-ratio:1;width:200px;\" class=\"aligncenter wp-block-post-featured-image\"><a href=\"https:\/\/vcp.de\/pfadfinden\/gegen-das-virus\/kode-l-die-digitale-pfadi-konferenz-am-19-und-20-februar\/\" target=\"_self\"  ><img loading=\"lazy\" decoding=\"async\" width=\"2100\" height=\"1500\" src=\"https:\/\/vcp.de\/pfadfinden\/wp-content\/uploads\/2021\/01\/IMG_0481-Kode-l.jpg\" class=\"attachment-post-thumbnail size-post-thumbnail wp-post-image\" alt=\"Kode L &#8211; die digitale Pfadi-Konferenz am 19. und 20. Februar\" style=\"width:100%;height:100%;object-fit:cover;\" srcset=\"https:\/\/vcp.de\/pfadfinden\/wp-content\/uploads\/2021\/01\/IMG_0481-Kode-l.jpg 2100w, https:\/\/vcp.de\/pfadfinden\/wp-content\/uploads\/2021\/01\/IMG_0481-Kode-l-300x214.jpg 300w, https:\/\/vcp.de\/pfadfinden\/wp-content\/uploads\/2021\/01\/IMG_0481-Kode-l-1024x731.jpg 1024w, https:\/\/vcp.de\/pfadfinden\/wp-content\/uploads\/2021\/01\/IMG_0481-Kode-l-768x549.jpg 768w, https:\/\/vcp.de\/pfadfinden\/wp-content\/uploads\/2021\/01\/IMG_0481-Kode-l-1536x1097.jpg 1536w, https:\/\/vcp.de\/pfadfinden\/wp-content\/uploads\/2021\/01\/IMG_0481-Kode-l-2048x1463.jpg 2048w\" sizes=\"auto, (max-width: 2100px) 100vw, 2100px\" \/><\/a><\/figure><\/div>\n\n\n\n<div class=\"wp-block-column is-layout-flow wp-block-column-is-layout-flow\" style=\"flex-basis:66.66%\"><h5 class=\"wp-block-post-title\"><a href=\"https:\/\/vcp.de\/pfadfinden\/gegen-das-virus\/kode-l-die-digitale-pfadi-konferenz-am-19-und-20-februar\/\" target=\"_self\" >Kode L &#8211; die digitale Pfadi-Konferenz am 19. und 20. Februar<\/a><\/h5>\n\n<div class=\"wp-block-post-excerpt\"><p class=\"wp-block-post-excerpt__excerpt\">Zusammenarbeit, Austausch, gegenseitige Inspiration \u2013 das geht auch digital! Wir wollen gemeinsam \u00fcber die aktuellen Themen und die Zukunft unseres&hellip;<\/p><p class=\"wp-block-post-excerpt__more-text\"><a class=\"wp-block-post-excerpt__more-link\" href=\"https:\/\/vcp.de\/pfadfinden\/gegen-das-virus\/kode-l-die-digitale-pfadi-konferenz-am-19-und-20-februar\/\">Weiterlesen<\/a><\/p><\/div><\/div>\n<\/div>\n\n\n\n<hr class=\"wp-block-separator has-alpha-channel-opacity\"\/>\n\n<\/li><\/ul>\n\n<nav class=\"wp-block-query-pagination is-layout-flex wp-block-query-pagination-is-layout-flex\" aria-label=\"Seitennummerierung\">\n\n\n<div class=\"wp-block-query-pagination-numbers\"><span aria-current=\"page\" class=\"page-numbers current\">1<\/span>\n<a class=\"page-numbers\" href=\"?query-0-page=2\">2<\/a>\n<a class=\"page-numbers\" href=\"?query-0-page=3\">3<\/a>\n<span class=\"page-numbers dots\">&hellip;<\/span>\n<a class=\"page-numbers\" href=\"?query-0-page=6\">6<\/a><\/div>\n\n<a href=\"\/pfadfinden\/wp-json\/wp\/v2\/pages\/15780?query-0-page=2\" class=\"wp-block-query-pagination-next\">N\u00e4chste Seite<\/a>\n<\/nav>\n\n<\/div>\n","protected":false},"excerpt":{"rendered":"<p>Pfadfinden lebt von Gemeinschaft. Absagen von Gruppenstunden und Veranstaltungen hindern uns nicht daran, diese Gemeinschaft zu leben! Wir sammeln hier Ideen, wie Pfadfinder*innen untereinander, aber auch andere Menschen nah und fern, in dieser herausfordernden Zeit diese Gemeinschaft und den Zusammenhalt sp\u00fcren k\u00f6nnen.<\/p>\n","protected":false},"author":3,"featured_media":3035,"parent":0,"menu_order":0,"comment_status":"closed","ping_status":"closed","template":"","meta":{"_acf_changed":false,"inline_featured_image":false,"footnotes":""},"class_list":["post-15780","page","type-page","status-publish","has-post-thumbnail","hentry"],"acf":[],"_links":{"self":[{"href":"https:\/\/vcp.de\/pfadfinden\/wp-json\/wp\/v2\/pages\/15780","targetHints":{"allow":["GET"]}}],"collection":[{"href":"https:\/\/vcp.de\/pfadfinden\/wp-json\/wp\/v2\/pages"}],"about":[{"href":"https:\/\/vcp.de\/pfadfinden\/wp-json\/wp\/v2\/types\/page"}],"author":[{"embeddable":true,"href":"https:\/\/vcp.de\/pfadfinden\/wp-json\/wp\/v2\/users\/3"}],"replies":[{"embeddable":true,"href":"https:\/\/vcp.de\/pfadfinden\/wp-json\/wp\/v2\/comments?post=15780"}],"version-history":[{"count":1,"href":"https:\/\/vcp.de\/pfadfinden\/wp-json\/wp\/v2\/pages\/15780\/revisions"}],"predecessor-version":[{"id":36946,"href":"https:\/\/vcp.de\/pfadfinden\/wp-json\/wp\/v2\/pages\/15780\/revisions\/36946"}],"wp:featuredmedia":[{"embeddable":true,"href":"https:\/\/vcp.de\/pfadfinden\/wp-json\/wp\/v2\/media\/3035"}],"wp:attachment":[{"href":"https:\/\/vcp.de\/pfadfinden\/wp-json\/wp\/v2\/media?parent=15780"}],"curies":[{"name":"wp","href":"https:\/\/api.w.org\/{rel}","templated":true}]}}